{"id":2907,"date":"2024-02-08T15:45:43","date_gmt":"2024-02-08T15:45:43","guid":{"rendered":"https:\/\/forum-mechaniczne.pl\/portal\/index.php\/home-1\/"},"modified":"2026-04-27T22:05:13","modified_gmt":"2026-04-27T20:05:13","slug":"strona-glowna","status":"publish","type":"page","link":"https:\/\/forum-mechaniczne.pl\/portal\/","title":{"rendered":"Strona G\u0142\u00f3wna"},"content":{"rendered":"<div class=\"wpb-content-wrapper\"><p>[vc_row full_width=&#8221;stretch_row_content&#8221; vc_row_background=&#8221;&#8221; css=&#8221;.vc_custom_1498702456954{margin-top: -30px !important;}&#8221;][vc_column css=&#8221;.vc_custom_1498710988941{border-top-width: 1px !important;border-bottom-width: 1px !important;padding-top: 20px !important;background-color: #111111 !important;border-top-color: #383838 !important;border-top-style: solid !important;border-bottom-color: #383838 !important;border-bottom-style: solid !important;}&#8221;]<div  class=\"jeg_postblock_carousel jeg_postblock_carousel_3 jeg_postblock jeg_col_8 jnews_module__0_69f401bda3421 shownav   \">\n                    <div class=\"jeg_carousel_post\" data-nav='true' data-autoplay='' data-delay='3000' data-items='4' data-margin='20' data-lazyload='1'>\n                        <div class=\"jeg_post_wrapper\">\n\t\t\t\t<article class=\"jeg_post format-standard\">\n                    \n                    <div class=\"jeg_thumb\">                        \n                        <a href=\"https:\/\/forum-mechaniczne.pl\/portal\/gadzety-reklamowe-dla-warsztatow-samochodowych\/\" ><div class=\"thumbnail-container animate-lazy  size-1000 \"><img loading=\"lazy\" decoding=\"async\" width=\"75\" height=\"75\" src=\"https:\/\/forum-mechaniczne.pl\/portal\/wp-content\/themes\/jnews\/assets\/img\/jeg-empty.png\" class=\"attachment-jnews-75x75 size-jnews-75x75 lazyload wp-post-image\" alt=\"Gad\u017cety reklamowe dla warsztat\u00f3w samochodowych\" sizes=\"auto, (max-width: 75px) 100vw, 75px\" data-src=\"https:\/\/forum-mechaniczne.pl\/portal\/wp-content\/uploads\/2026\/04\/Gadzety-reklamowe-dla-warsztatow-samochodowych-sprawdzone-sposoby-na-przyciagniecie-i-utrzymanie-klientow-75x75.webp\" data-srcset=\"https:\/\/forum-mechaniczne.pl\/portal\/wp-content\/uploads\/2026\/04\/Gadzety-reklamowe-dla-warsztatow-samochodowych-sprawdzone-sposoby-na-przyciagniecie-i-utrzymanie-klientow-75x75.webp 75w, https:\/\/forum-mechaniczne.pl\/portal\/wp-content\/uploads\/2026\/04\/Gadzety-reklamowe-dla-warsztatow-samochodowych-sprawdzone-sposoby-na-przyciagniecie-i-utrzymanie-klientow-150x150.webp 150w, https:\/\/forum-mechaniczne.pl\/portal\/wp-content\/uploads\/2026\/04\/Gadzety-reklamowe-dla-warsztatow-samochodowych-sprawdzone-sposoby-na-przyciagniecie-i-utrzymanie-klientow-350x350.webp 350w\" data-sizes=\"auto\" data-expand=\"700\" \/><\/div><\/a>\n                    <\/div>\n                    <div class=\"overlay_content\">\n                        <div class=\"jeg_postblock_content\">\n                            <h3 class=\"jeg_post_title\"><a href=\"https:\/\/forum-mechaniczne.pl\/portal\/gadzety-reklamowe-dla-warsztatow-samochodowych\/\">Gad\u017cety reklamowe dla warsztat\u00f3w samochodowych \u2013 sprawdzone sposoby na przyci\u0105gni\u0119cie i utrzymanie klient\u00f3w<\/a><\/h3>\n                            <div class=\"jeg_post_meta\"><div class=\"jeg_meta_date\"><a href=\"https:\/\/forum-mechaniczne.pl\/portal\/gadzety-reklamowe-dla-warsztatow-samochodowych\/\" ><i class=\"fa fa-clock-o\"><\/i> 2026-04-16<\/a><\/div><\/div>\n                        <\/div>\n                    <\/div>\n\t\t\t\t<\/article>\n\t\t\t\t<\/div><div class=\"jeg_post_wrapper\">\n\t\t\t\t<article class=\"jeg_post format-standard\">\n                    \n                    <div class=\"jeg_thumb\">                        \n                        <a href=\"https:\/\/forum-mechaniczne.pl\/portal\/dekoder-vin\/\" ><div class=\"thumbnail-container animate-lazy  size-1000 \"><img loading=\"lazy\" decoding=\"async\" width=\"75\" height=\"75\" src=\"https:\/\/forum-mechaniczne.pl\/portal\/wp-content\/themes\/jnews\/assets\/img\/jeg-empty.png\" class=\"attachment-jnews-75x75 size-jnews-75x75 lazyload wp-post-image\" alt=\"Darmowy dekoder VIN\" sizes=\"auto, (max-width: 75px) 100vw, 75px\" data-src=\"https:\/\/forum-mechaniczne.pl\/portal\/wp-content\/uploads\/2026\/04\/darmowy-dekoder-vin-75x75.jpg\" data-srcset=\"https:\/\/forum-mechaniczne.pl\/portal\/wp-content\/uploads\/2026\/04\/darmowy-dekoder-vin-75x75.jpg 75w, https:\/\/forum-mechaniczne.pl\/portal\/wp-content\/uploads\/2026\/04\/darmowy-dekoder-vin-150x150.jpg 150w, https:\/\/forum-mechaniczne.pl\/portal\/wp-content\/uploads\/2026\/04\/darmowy-dekoder-vin-350x350.jpg 350w\" data-sizes=\"auto\" data-expand=\"700\" \/><\/div><\/a>\n                    <\/div>\n                    <div class=\"overlay_content\">\n                        <div class=\"jeg_postblock_content\">\n                            <h3 class=\"jeg_post_title\"><a href=\"https:\/\/forum-mechaniczne.pl\/portal\/dekoder-vin\/\">Darmowy dekoder VIN<\/a><\/h3>\n                            <div class=\"jeg_post_meta\"><div class=\"jeg_meta_date\"><a href=\"https:\/\/forum-mechaniczne.pl\/portal\/dekoder-vin\/\" ><i class=\"fa fa-clock-o\"><\/i> 2026-04-16<\/a><\/div><\/div>\n                        <\/div>\n                    <\/div>\n\t\t\t\t<\/article>\n\t\t\t\t<\/div><div class=\"jeg_post_wrapper\">\n\t\t\t\t<article class=\"jeg_post format-standard\">\n                    \n                    <div class=\"jeg_thumb\">                        \n                        <a href=\"https:\/\/forum-mechaniczne.pl\/portal\/ile-kosztuje-fotowoltaika-w-2026-roku-realne-ceny-i-co-na-nie-wplywa\/\" ><div class=\"thumbnail-container animate-lazy  size-1000 \"><img loading=\"lazy\" decoding=\"async\" width=\"75\" height=\"75\" src=\"https:\/\/forum-mechaniczne.pl\/portal\/wp-content\/themes\/jnews\/assets\/img\/jeg-empty.png\" class=\"attachment-jnews-75x75 size-jnews-75x75 lazyload wp-post-image\" alt=\"Fotowoltaika na gara\u017cu - czy to ma sens?\" sizes=\"auto, (max-width: 75px) 100vw, 75px\" data-src=\"https:\/\/forum-mechaniczne.pl\/portal\/wp-content\/uploads\/2026\/03\/fotowoltaika-garaz-75x75.jpg\" data-srcset=\"https:\/\/forum-mechaniczne.pl\/portal\/wp-content\/uploads\/2026\/03\/fotowoltaika-garaz-75x75.jpg 75w, https:\/\/forum-mechaniczne.pl\/portal\/wp-content\/uploads\/2026\/03\/fotowoltaika-garaz-150x150.jpg 150w, https:\/\/forum-mechaniczne.pl\/portal\/wp-content\/uploads\/2026\/03\/fotowoltaika-garaz-350x350.jpg 350w\" data-sizes=\"auto\" data-expand=\"700\" \/><\/div><\/a>\n                    <\/div>\n                    <div class=\"overlay_content\">\n                        <div class=\"jeg_postblock_content\">\n                            <h3 class=\"jeg_post_title\"><a href=\"https:\/\/forum-mechaniczne.pl\/portal\/ile-kosztuje-fotowoltaika-w-2026-roku-realne-ceny-i-co-na-nie-wplywa\/\">Ile kosztuje fotowoltaika w 2026 roku &#8211; realne ceny i co na nie wp\u0142ywa<\/a><\/h3>\n                            <div class=\"jeg_post_meta\"><div class=\"jeg_meta_date\"><a href=\"https:\/\/forum-mechaniczne.pl\/portal\/ile-kosztuje-fotowoltaika-w-2026-roku-realne-ceny-i-co-na-nie-wplywa\/\" ><i class=\"fa fa-clock-o\"><\/i> 2026-03-27<\/a><\/div><\/div>\n                        <\/div>\n                    <\/div>\n\t\t\t\t<\/article>\n\t\t\t\t<\/div><div class=\"jeg_post_wrapper\">\n\t\t\t\t<article class=\"jeg_post format-standard\">\n                    \n                    <div class=\"jeg_thumb\">                        \n                        <a href=\"https:\/\/forum-mechaniczne.pl\/portal\/wypozyczalnia-samochodow-sportowych-2\/\" ><div class=\"thumbnail-container animate-lazy  size-1000 \"><img loading=\"lazy\" decoding=\"async\" width=\"75\" height=\"75\" src=\"https:\/\/forum-mechaniczne.pl\/portal\/wp-content\/themes\/jnews\/assets\/img\/jeg-empty.png\" class=\"attachment-jnews-75x75 size-jnews-75x75 lazyload wp-post-image\" alt=\"Samoch\u00f3d sportowy\" sizes=\"auto, (max-width: 75px) 100vw, 75px\" data-src=\"https:\/\/forum-mechaniczne.pl\/portal\/wp-content\/uploads\/2026\/03\/samochod-sportowy-75x75.webp\" data-srcset=\"https:\/\/forum-mechaniczne.pl\/portal\/wp-content\/uploads\/2026\/03\/samochod-sportowy-75x75.webp 75w, https:\/\/forum-mechaniczne.pl\/portal\/wp-content\/uploads\/2026\/03\/samochod-sportowy-150x150.webp 150w, https:\/\/forum-mechaniczne.pl\/portal\/wp-content\/uploads\/2026\/03\/samochod-sportowy-350x350.webp 350w\" data-sizes=\"auto\" data-expand=\"700\" \/><\/div><\/a>\n                    <\/div>\n                    <div class=\"overlay_content\">\n                        <div class=\"jeg_postblock_content\">\n                            <h3 class=\"jeg_post_title\"><a href=\"https:\/\/forum-mechaniczne.pl\/portal\/wypozyczalnia-samochodow-sportowych-2\/\">Wypo\u017cyczalnia samochod\u00f3w sportowych &#8211; poradnik dla ka\u017cdego kierowcy<\/a><\/h3>\n                            <div class=\"jeg_post_meta\"><div class=\"jeg_meta_date\"><a href=\"https:\/\/forum-mechaniczne.pl\/portal\/wypozyczalnia-samochodow-sportowych-2\/\" ><i class=\"fa fa-clock-o\"><\/i> 2026-03-25<\/a><\/div><\/div>\n                        <\/div>\n                    <\/div>\n\t\t\t\t<\/article>\n\t\t\t\t<\/div><div class=\"jeg_post_wrapper\">\n\t\t\t\t<article class=\"jeg_post format-standard\">\n                    \n                    <div class=\"jeg_thumb\">                        \n                        <a href=\"https:\/\/forum-mechaniczne.pl\/portal\/ocena-ryzyka-zawodowego-w-warsztacie-samochodowym\/\" ><div class=\"thumbnail-container animate-lazy  size-1000 \"><img loading=\"lazy\" decoding=\"async\" width=\"75\" height=\"75\" src=\"https:\/\/forum-mechaniczne.pl\/portal\/wp-content\/themes\/jnews\/assets\/img\/jeg-empty.png\" class=\"attachment-jnews-75x75 size-jnews-75x75 lazyload wp-post-image\" alt=\"Ocena ryzyka zawodowego w warsztacie samochodowym - o czym musisz pami\u0119ta\u0107?\" sizes=\"auto, (max-width: 75px) 100vw, 75px\" data-src=\"https:\/\/forum-mechaniczne.pl\/portal\/wp-content\/uploads\/2026\/03\/Ocena-ryzyka-zawodowego-w-warsztacie-samochodowym-o-czym-musisz-pamietac-75x75.webp\" data-srcset=\"https:\/\/forum-mechaniczne.pl\/portal\/wp-content\/uploads\/2026\/03\/Ocena-ryzyka-zawodowego-w-warsztacie-samochodowym-o-czym-musisz-pamietac-75x75.webp 75w, https:\/\/forum-mechaniczne.pl\/portal\/wp-content\/uploads\/2026\/03\/Ocena-ryzyka-zawodowego-w-warsztacie-samochodowym-o-czym-musisz-pamietac-150x150.webp 150w, https:\/\/forum-mechaniczne.pl\/portal\/wp-content\/uploads\/2026\/03\/Ocena-ryzyka-zawodowego-w-warsztacie-samochodowym-o-czym-musisz-pamietac-350x350.webp 350w\" data-sizes=\"auto\" data-expand=\"700\" \/><\/div><\/a>\n                    <\/div>\n                    <div class=\"overlay_content\">\n                        <div class=\"jeg_postblock_content\">\n                            <h3 class=\"jeg_post_title\"><a href=\"https:\/\/forum-mechaniczne.pl\/portal\/ocena-ryzyka-zawodowego-w-warsztacie-samochodowym\/\">Ocena ryzyka zawodowego w warsztacie samochodowym &#8211; o czym musisz pami\u0119ta\u0107?<\/a><\/h3>\n                            <div class=\"jeg_post_meta\"><div class=\"jeg_meta_date\"><a href=\"https:\/\/forum-mechaniczne.pl\/portal\/ocena-ryzyka-zawodowego-w-warsztacie-samochodowym\/\" ><i class=\"fa fa-clock-o\"><\/i> 2026-03-08<\/a><\/div><\/div>\n                        <\/div>\n                    <\/div>\n\t\t\t\t<\/article>\n\t\t\t\t<\/div>\n                    <\/div>\n                <\/div>[\/vc_column][\/vc_row][vc_row vc_row_background=&#8221;&#8221; css=&#8221;.vc_custom_1498292610467{margin-top: 30px !important;}&#8221;][vc_column]<div  class=\"jeg_heroblock jeg_heroblock_1 jeg_col_2o3 jeg_hero_style_4 jnews_module__1_69f401bda71b2  \" data-margin=\"15\" >\n                <div class=\"jeg_hero_wrapper\"><div class=\"jeg_heroblock_wrapper\" style='margin: 0px 0px -15px -15px;'>\n\t                <article class=\"jeg_post jeg_hero_item_1 format-standard\" style=\"padding: 0 0 15px 15px;\">\n                        <div class=\"jeg_block_container\">\n                            \n                            <span class=\"jeg_postformat_icon\"><\/span>\n                            <div class=\"jeg_thumb\">\n                                <a href=\"https:\/\/forum-mechaniczne.pl\/portal\/alkomaty-bezustnikowe-jak-dzialaja-i-czym-roznia-sie-od-modeli-z-ustnikiem\/\" ><div class=\"thumbnail-container thumbnail-background\" data-src=\"https:\/\/forum-mechaniczne.pl\/portal\/wp-content\/uploads\/2026\/03\/Alkomaty-bezustnikowe-Polskie-Centrum-Wzorcowania-750x391.webp\" >\n                        <div class=\"lazyloaded\" data-src=\"https:\/\/forum-mechaniczne.pl\/portal\/wp-content\/uploads\/2026\/03\/Alkomaty-bezustnikowe-Polskie-Centrum-Wzorcowania-750x391.webp\" style=\"background-image: url(https:\/\/forum-mechaniczne.pl\/portal\/wp-content\/uploads\/2026\/03\/Alkomaty-bezustnikowe-Polskie-Centrum-Wzorcowania-750x391.webp)\"><\/div>\n                    <\/div><\/a>\n                            <\/div>\n                            <div class=\"jeg_postblock_content\">\n                                <div class=\"jeg_post_category\"><a href=\"https:\/\/forum-mechaniczne.pl\/portal\/poradniki\/\" class=\"category-poradniki\">Poradniki<\/a><\/div>\n                                <div class=\"jeg_post_info\">\n                                    <h2 class=\"jeg_post_title\">\n                                        <a href=\"https:\/\/forum-mechaniczne.pl\/portal\/alkomaty-bezustnikowe-jak-dzialaja-i-czym-roznia-sie-od-modeli-z-ustnikiem\/\" >Alkomaty bezustnikowe &#8211; jak dzia\u0142aj\u0105 i czym r\u00f3\u017cni\u0105 si\u0119 od modeli z ustnikiem?<\/a>\n                                    <\/h2>\n                                    <div class=\"jeg_post_meta\"><div class=\"jeg_meta_author\"><span class=\"by\">by<\/span> <a href=\"https:\/\/forum-mechaniczne.pl\/portal\/author\/michal\/\">Micha\u0142 Koz\u0142owski<\/a><\/div><div class=\"jeg_meta_date\"><a href=\"https:\/\/forum-mechaniczne.pl\/portal\/alkomaty-bezustnikowe-jak-dzialaja-i-czym-roznia-sie-od-modeli-z-ustnikiem\/\"><i class=\"fa fa-clock-o\"><\/i> 2026-03-04<\/a><\/div><\/div>\n                                <\/div>\n                            <\/div>\n                        <\/div>\n                    <\/article>\n                <div class=\"jeg_heroblock_scroller\">\n                    <article class=\"jeg_post jeg_hero_item_2 format-standard\" style=\"padding: 0 0 15px 15px;\">\n                        <div class=\"jeg_block_container\">\n                            \n                            <span class=\"jeg_postformat_icon\"><\/span>\n                            <div class=\"jeg_thumb\">\n                                <a href=\"https:\/\/forum-mechaniczne.pl\/portal\/jak-wybrac-parking-przy-lotnisku-chopina\/\" ><div class=\"thumbnail-container thumbnail-background\" data-src=\"https:\/\/forum-mechaniczne.pl\/portal\/wp-content\/uploads\/2026\/02\/parking-przy-lotnisku-chopina-750x500.webp\" >\n                        <div class=\"lazyloaded\" data-src=\"https:\/\/forum-mechaniczne.pl\/portal\/wp-content\/uploads\/2026\/02\/parking-przy-lotnisku-chopina-750x500.webp\" style=\"background-image: url(https:\/\/forum-mechaniczne.pl\/portal\/wp-content\/uploads\/2026\/02\/parking-przy-lotnisku-chopina-750x500.webp)\"><\/div>\n                    <\/div><\/a>\n                            <\/div>\n                            <div class=\"jeg_postblock_content\">\n                                <div class=\"jeg_post_category\"><a href=\"https:\/\/forum-mechaniczne.pl\/portal\/informacje\/\" class=\"category-informacje\">Informacje<\/a><\/div>\n                                <div class=\"jeg_post_info\">\n                                    <h2 class=\"jeg_post_title\">\n                                        <a href=\"https:\/\/forum-mechaniczne.pl\/portal\/jak-wybrac-parking-przy-lotnisku-chopina\/\" >Parking przy lotnisku Chopina: 5 wskaz\u00f3wek, jak znale\u017a\u0107 najlepszy parking<\/a>\n                                    <\/h2>\n                                    <div class=\"jeg_post_meta\"><div class=\"jeg_meta_date\"><a href=\"https:\/\/forum-mechaniczne.pl\/portal\/jak-wybrac-parking-przy-lotnisku-chopina\/\" ><i class=\"fa fa-clock-o\"><\/i> 2026-02-20<\/a><\/div><\/div>\n                                <\/div>\n                            <\/div>\n                        <\/div>\n                    <\/article><article class=\"jeg_post jeg_hero_item_3 format-standard\" style=\"padding: 0 0 15px 15px;\">\n                        <div class=\"jeg_block_container\">\n                            \n                            <span class=\"jeg_postformat_icon\"><\/span>\n                            <div class=\"jeg_thumb\">\n                                <a href=\"https:\/\/forum-mechaniczne.pl\/portal\/kupno-auta\/\" ><div class=\"thumbnail-container thumbnail-background\" data-src=\"https:\/\/forum-mechaniczne.pl\/portal\/wp-content\/uploads\/2026\/02\/granatowe-bmw-350x250.webp\" >\n                        <div class=\"lazyloaded\" data-src=\"https:\/\/forum-mechaniczne.pl\/portal\/wp-content\/uploads\/2026\/02\/granatowe-bmw-350x250.webp\" style=\"background-image: url(https:\/\/forum-mechaniczne.pl\/portal\/wp-content\/uploads\/2026\/02\/granatowe-bmw-350x250.webp)\"><\/div>\n                    <\/div><\/a>\n                            <\/div>\n                            <div class=\"jeg_postblock_content\">\n                                <div class=\"jeg_post_category\"><a href=\"https:\/\/forum-mechaniczne.pl\/portal\/poradniki\/\" class=\"category-poradniki\">Poradniki<\/a><\/div>\n                                <div class=\"jeg_post_info\">\n                                    <h2 class=\"jeg_post_title\">\n                                        <a href=\"https:\/\/forum-mechaniczne.pl\/portal\/kupno-auta\/\" >Kupno auta &#8211; jak dobrze wybra\u0107 model dopasowany do stylu \u017cycia?<\/a>\n                                    <\/h2>\n                                    <div class=\"jeg_post_meta\"><div class=\"jeg_meta_date\"><a href=\"https:\/\/forum-mechaniczne.pl\/portal\/kupno-auta\/\" ><i class=\"fa fa-clock-o\"><\/i> 2026-02-17<\/a><\/div><\/div>\n                                <\/div>\n                            <\/div>\n                        <\/div>\n                    <\/article><article class=\"jeg_post jeg_hero_item_4 format-standard\" style=\"padding: 0 0 15px 15px;\">\n                        <div class=\"jeg_block_container\">\n                            \n                            <span class=\"jeg_postformat_icon\"><\/span>\n                            <div class=\"jeg_thumb\">\n                                <a href=\"https:\/\/forum-mechaniczne.pl\/portal\/carport-aluminiowy\/\" ><div class=\"thumbnail-container thumbnail-background\" data-src=\"https:\/\/forum-mechaniczne.pl\/portal\/wp-content\/uploads\/2026\/02\/Carport-aluminiowy-\u2013-nowoczesne-rozwiazanie-ochrony-pojazdu-na-lata-350x250.webp\" >\n                        <div class=\"lazyloaded\" data-src=\"https:\/\/forum-mechaniczne.pl\/portal\/wp-content\/uploads\/2026\/02\/Carport-aluminiowy-\u2013-nowoczesne-rozwiazanie-ochrony-pojazdu-na-lata-350x250.webp\" style=\"background-image: url(https:\/\/forum-mechaniczne.pl\/portal\/wp-content\/uploads\/2026\/02\/Carport-aluminiowy-\u2013-nowoczesne-rozwiazanie-ochrony-pojazdu-na-lata-350x250.webp)\"><\/div>\n                    <\/div><\/a>\n                            <\/div>\n                            <div class=\"jeg_postblock_content\">\n                                <div class=\"jeg_post_category\"><a href=\"https:\/\/forum-mechaniczne.pl\/portal\/informacje\/\" class=\"category-informacje\">Informacje<\/a><\/div>\n                                <div class=\"jeg_post_info\">\n                                    <h2 class=\"jeg_post_title\">\n                                        <a href=\"https:\/\/forum-mechaniczne.pl\/portal\/carport-aluminiowy\/\" >Carport aluminiowy \u2013 nowoczesne rozwi\u0105zanie ochrony pojazdu na lata<\/a>\n                                    <\/h2>\n                                    <div class=\"jeg_post_meta\"><div class=\"jeg_meta_date\"><a href=\"https:\/\/forum-mechaniczne.pl\/portal\/carport-aluminiowy\/\" ><i class=\"fa fa-clock-o\"><\/i> 2026-02-12<\/a><\/div><\/div>\n                                <\/div>\n                            <\/div>\n                        <\/div>\n                    <\/article>\n                <\/div>\n\t            <\/div><\/div>\n            <\/div>\n            [vc_raw_html]JTNDcCUyMHN0eWxlJTNEJTIydGV4dC1hbGlnbiUzQSUyMGNlbnRlciUzQiUyMiUzRSUwQSUyMCUyMCUyMCUyMCUzQ2ElMjBocmVmJTNEJTIyaHR0cHMlM0ElMkYlMkZtb3RvLWhvbWUucGwlMkZhdXRhLW5hLXphbW93aWVuaWUlMjIlMjB0YXJnZXQlM0QlMjJfYmxhbmslMjIlM0UlMEElMjAlMjAlMjAlMjAlMjAlMjAlMjAlMjAlM0NpbWclMjBhbHQlM0QlMjJBdXRvJTIwbmElMjB6YW0lQzMlQjN3aWVuaWUlMjBvZCUyME1PVE8tSE9NRS5wbCUyMiUyMCUwQSUyMCUyMCUyMCUyMCUyMCUyMCUyMCUyMCUyMCUyMCUyMCUyMCUyMHNyYyUzRCUyMiUyRnBvcnRhbCUyRndwLWNvbnRlbnQlMkZ1cGxvYWRzJTJGMjAyNSUyRjAyJTJGYXV0by1uYS16YW1vd2llbmllLW1vdG8taG9tLnBsLXNwcmF3ZHouanBnJTIyJTIwJTBBJTIwJTIwJTIwJTIwJTIwJTIwJTIwJTIwJTIwJTIwJTIwJTIwJTIwdGl0bGUlM0QlMjJBdXRvJTIwbmElMjB6YW0lQzMlQjN3aWVuaWUlMjAtJTIwbW90by1ob20ucGwlMjAtJTIwc3ByYXdkJUM1JUJBJTIxJTIyJTIwJTBBJTIwJTIwJTIwJTIwJTIwJTIwJTIwJTIwJTIwJTIwJTIwJTIwJTIwd2lkdGglM0QlMjIxNDAwJTIyJTIwJTBBJTIwJTIwJTIwJTIwJTIwJTIwJTIwJTIwJTIwJTIwJTIwJTIwJTIwaGVpZ2h0JTNEJTIyMjAwJTIyJTIwJTBBJTIwJTIwJTIwJTIwJTIwJTIwJTIwJTIwJTIwJTIwJTIwJTIwJTIwbG9hZGluZyUzRCUyMmxhenklMjIlM0UlMEElMjAlMjAlMjAlMjAlM0MlMkZhJTNFJTBBJTNDJTJGcCUzRSUwQQ==[\/vc_raw_html][\/vc_column][\/vc_row][vc_row][vc_column width=&#8221;2\/3&#8243;]<div  class=\"jeg_postblock_17 jeg_postblock jeg_module_hook jeg_pagination_nextprev jeg_col_2o3 jnews_module__2_69f401bda9c2e   \" data-unique=\"jnews_module__2_69f401bda9c2e\">\n\t\t\t\t\t<div class=\"jeg_block_heading jeg_block_heading_2 jeg_subcat_right\">\n                     <h3 class=\"jeg_block_title\"><span>Samochody<\/span><\/h3>\n                     \n                 <\/div>\n\t\t\t\t\t<div class=\"jeg_block_container\">\n                    \n                    <div class=\"jeg_posts_wrap\">\n                    <div class=\"jeg_posts jeg_load_more_flag\">\n                        \n                        <article class=\"jeg_post jeg_pl_md_1 format-standard\">\n                    <div class=\"jeg_thumb\">\n                        \n                        <a href=\"https:\/\/forum-mechaniczne.pl\/portal\/mercedes-brabus-g\/\"><div class=\"thumbnail-container animate-lazy  size-715 \"><img loading=\"lazy\" decoding=\"async\" width=\"750\" height=\"533\" src=\"https:\/\/forum-mechaniczne.pl\/portal\/wp-content\/themes\/jnews\/assets\/img\/jeg-empty.png\" class=\"attachment-jnews-750x536 size-jnews-750x536 lazyload wp-post-image\" alt=\"Mercedes Brabus G Klasa, fot. Alexandre Prevot, Wikimedia Commons\" sizes=\"auto, (max-width: 750px) 100vw, 750px\" data-src=\"https:\/\/forum-mechaniczne.pl\/portal\/wp-content\/uploads\/2025\/06\/brabus-g-klasa-750x533.webp\" data-srcset=\"https:\/\/forum-mechaniczne.pl\/portal\/wp-content\/uploads\/2025\/06\/brabus-g-klasa-750x533.webp 750w, https:\/\/forum-mechaniczne.pl\/portal\/wp-content\/uploads\/2025\/06\/brabus-g-klasa-120x86.webp 120w, https:\/\/forum-mechaniczne.pl\/portal\/wp-content\/uploads\/2025\/06\/brabus-g-klasa-350x250.webp 350w\" data-sizes=\"auto\" data-expand=\"700\" \/><\/div><\/a>\n                        <div class=\"jeg_post_category\">\n                            <span><a href=\"https:\/\/forum-mechaniczne.pl\/portal\/samochody\/\" class=\"category-samochody\">Samochody<\/a><\/span>\n                        <\/div>\n                    <\/div>\n                    <div class=\"jeg_postblock_content\">\n                        <h3 class=\"jeg_post_title\">\n                            <a href=\"https:\/\/forum-mechaniczne.pl\/portal\/mercedes-brabus-g\/\">Mercedes Brabus G Klasa &#8211; Cena, wn\u0119trze i jak\u0105 ma moc?<\/a>\n                        <\/h3>\n                        <div class=\"jeg_post_meta\"><div class=\"jeg_meta_author\"><span class=\"by\">by<\/span> <a href=\"https:\/\/forum-mechaniczne.pl\/portal\/author\/aleksandra-zolpa\/\">Aleksandra \u017bo\u0142opa<\/a><\/div><div class=\"jeg_meta_date\"><a href=\"https:\/\/forum-mechaniczne.pl\/portal\/mercedes-brabus-g\/\"><i class=\"fa fa-clock-o\"><\/i> 2025-10-27<\/a><\/div><div class=\"jeg_meta_comment\"><a href=\"https:\/\/forum-mechaniczne.pl\/portal\/mercedes-brabus-g\/#comments\" ><i class=\"fa fa-comment-o\"><\/i> 0 <\/a><\/div><\/div>\n                        <div class=\"jeg_post_excerpt\">\n                            <p>Mercedes G Klasa Brabus to luksusowa i mocno zmodyfikowana wersja legendarnego SUV-a Mercedes Benz G Klasy. Dowiedz si\u0119, jaka jest...<\/p>\n                        <\/div>\n                    <\/div>\n                <\/article><article class=\"jeg_post jeg_pl_md_1 format-standard\">\n                    <div class=\"jeg_thumb\">\n                        \n                        <a href=\"https:\/\/forum-mechaniczne.pl\/portal\/citroen\/\"><div class=\"thumbnail-container animate-lazy  size-715 \"><img loading=\"lazy\" decoding=\"async\" width=\"750\" height=\"500\" src=\"https:\/\/forum-mechaniczne.pl\/portal\/wp-content\/themes\/jnews\/assets\/img\/jeg-empty.png\" class=\"attachment-jnews-750x536 size-jnews-750x536 lazyload wp-post-image\" alt=\"Citroen\" sizes=\"auto, (max-width: 750px) 100vw, 750px\" data-src=\"https:\/\/forum-mechaniczne.pl\/portal\/wp-content\/uploads\/2023\/10\/Citroen-historia-marki-modele-osiagi.jpg\" data-srcset=\"https:\/\/forum-mechaniczne.pl\/portal\/wp-content\/uploads\/2023\/10\/Citroen-historia-marki-modele-osiagi.jpg 800w, https:\/\/forum-mechaniczne.pl\/portal\/wp-content\/uploads\/2023\/10\/Citroen-historia-marki-modele-osiagi-300x200.jpg 300w, https:\/\/forum-mechaniczne.pl\/portal\/wp-content\/uploads\/2023\/10\/Citroen-historia-marki-modele-osiagi-768x512.jpg 768w\" data-sizes=\"auto\" data-expand=\"700\" \/><\/div><\/a>\n                        <div class=\"jeg_post_category\">\n                            <span><a href=\"https:\/\/forum-mechaniczne.pl\/portal\/samochody\/\" class=\"category-samochody\">Samochody<\/a><\/span>\n                        <\/div>\n                    <\/div>\n                    <div class=\"jeg_postblock_content\">\n                        <h3 class=\"jeg_post_title\">\n                            <a href=\"https:\/\/forum-mechaniczne.pl\/portal\/citroen\/\">Citroen: historia marki, modele, osi\u0105gi<\/a>\n                        <\/h3>\n                        <div class=\"jeg_post_meta\"><div class=\"jeg_meta_author\"><span class=\"by\">by<\/span> <a href=\"https:\/\/forum-mechaniczne.pl\/portal\/author\/redaktor\/\">Redaktor<\/a><\/div><div class=\"jeg_meta_date\"><a href=\"https:\/\/forum-mechaniczne.pl\/portal\/citroen\/\"><i class=\"fa fa-clock-o\"><\/i> 2025-07-02<\/a><\/div><div class=\"jeg_meta_comment\"><a href=\"https:\/\/forum-mechaniczne.pl\/portal\/citroen\/#comments\" ><i class=\"fa fa-comment-o\"><\/i> 1 <\/a><\/div><\/div>\n                        <div class=\"jeg_post_excerpt\">\n                            <p>Odkryj fascynuj\u0105cy \u015bwiat Citroena, marki, kt\u00f3ra od ponad stulecia kszta\u0142tuje histori\u0119 motoryzacji, wprowadzaj\u0105c na rynek modele, kt\u00f3re sta\u0142y si\u0119 ikonami...<\/p>\n                        <\/div>\n                    <\/div>\n                <\/article><article class=\"jeg_post jeg_pl_sm format-standard\">\n                    <div class=\"jeg_thumb\">\n                        \n                        <a href=\"https:\/\/forum-mechaniczne.pl\/portal\/vw-caddy-zabudowa-ktora-dopasuje-sie-do-twojego-stylu-pracy\/\"><div class=\"thumbnail-container animate-lazy  size-715 \"><img loading=\"lazy\" decoding=\"async\" width=\"120\" height=\"86\" src=\"https:\/\/forum-mechaniczne.pl\/portal\/wp-content\/themes\/jnews\/assets\/img\/jeg-empty.png\" class=\"attachment-jnews-120x86 size-jnews-120x86 lazyload wp-post-image\" alt=\"VW Caddy - zabudowa, kt\u00f3ra dopasuje si\u0119 do Twojego stylu pracy (i \u017cycia!).\" sizes=\"auto, (max-width: 120px) 100vw, 120px\" data-src=\"https:\/\/forum-mechaniczne.pl\/portal\/wp-content\/uploads\/2025\/06\/VW-Caddy-zabudowa-ktora-dopasuje-sie-do-Twojego-stylu-pracy-i-zycia-120x86.webp\" data-srcset=\"https:\/\/forum-mechaniczne.pl\/portal\/wp-content\/uploads\/2025\/06\/VW-Caddy-zabudowa-ktora-dopasuje-sie-do-Twojego-stylu-pracy-i-zycia-120x86.webp 120w, https:\/\/forum-mechaniczne.pl\/portal\/wp-content\/uploads\/2025\/06\/VW-Caddy-zabudowa-ktora-dopasuje-sie-do-Twojego-stylu-pracy-i-zycia-350x250.webp 350w\" data-sizes=\"auto\" data-expand=\"700\" \/><\/div><\/a>\n                        \n                    <\/div>\n                    <div class=\"jeg_postblock_content\">\n                        <h3 class=\"jeg_post_title\">\n                            <a href=\"https:\/\/forum-mechaniczne.pl\/portal\/vw-caddy-zabudowa-ktora-dopasuje-sie-do-twojego-stylu-pracy\/\">VW Caddy &#8211; zabudowa, kt\u00f3ra dopasuje si\u0119 do Twojego stylu pracy (i \u017cycia!).<\/a>\n                        <\/h3>\n                        <div class=\"jeg_post_meta\"><div class=\"jeg_meta_date\"><a href=\"https:\/\/forum-mechaniczne.pl\/portal\/vw-caddy-zabudowa-ktora-dopasuje-sie-do-twojego-stylu-pracy\/\" ><i class=\"fa fa-clock-o\"><\/i> 2025-06-10<\/a><\/div><\/div>\n                    <\/div>\n                <\/article><article class=\"jeg_post jeg_pl_sm format-standard\">\n                    <div class=\"jeg_thumb\">\n                        \n                        <a href=\"https:\/\/forum-mechaniczne.pl\/portal\/osiagi-i-dane-techniczne-modelu-bmw-m3\/\"><div class=\"thumbnail-container animate-lazy  size-715 \"><img loading=\"lazy\" decoding=\"async\" width=\"120\" height=\"86\" src=\"https:\/\/forum-mechaniczne.pl\/portal\/wp-content\/themes\/jnews\/assets\/img\/jeg-empty.png\" class=\"attachment-jnews-120x86 size-jnews-120x86 lazyload wp-post-image\" alt=\"Osi\u0105gi i dane techniczne modelu BMW M3\" sizes=\"auto, (max-width: 120px) 100vw, 120px\" data-src=\"https:\/\/forum-mechaniczne.pl\/portal\/wp-content\/uploads\/2024\/05\/Osiagi-i-dane-techniczne-modelu-BMW-M3-120x86.webp\" data-srcset=\"https:\/\/forum-mechaniczne.pl\/portal\/wp-content\/uploads\/2024\/05\/Osiagi-i-dane-techniczne-modelu-BMW-M3-120x86.webp 120w, https:\/\/forum-mechaniczne.pl\/portal\/wp-content\/uploads\/2024\/05\/Osiagi-i-dane-techniczne-modelu-BMW-M3-350x250.webp 350w\" data-sizes=\"auto\" data-expand=\"700\" \/><\/div><\/a>\n                        \n                    <\/div>\n                    <div class=\"jeg_postblock_content\">\n                        <h3 class=\"jeg_post_title\">\n                            <a href=\"https:\/\/forum-mechaniczne.pl\/portal\/osiagi-i-dane-techniczne-modelu-bmw-m3\/\">Osi\u0105gi i dane techniczne modelu BMW M3<\/a>\n                        <\/h3>\n                        <div class=\"jeg_post_meta\"><div class=\"jeg_meta_date\"><a href=\"https:\/\/forum-mechaniczne.pl\/portal\/osiagi-i-dane-techniczne-modelu-bmw-m3\/\" ><i class=\"fa fa-clock-o\"><\/i> 2025-06-02<\/a><\/div><\/div>\n                    <\/div>\n                <\/article><article class=\"jeg_post jeg_pl_sm format-standard\">\n                    <div class=\"jeg_thumb\">\n                        \n                        <a href=\"https:\/\/forum-mechaniczne.pl\/portal\/toyota-yaris-cross-co-warto-wiedziec-wady-zalety-i-wymiary\/\"><div class=\"thumbnail-container animate-lazy  size-715 \"><img loading=\"lazy\" decoding=\"async\" width=\"120\" height=\"86\" src=\"https:\/\/forum-mechaniczne.pl\/portal\/wp-content\/themes\/jnews\/assets\/img\/jeg-empty.png\" class=\"attachment-jnews-120x86 size-jnews-120x86 lazyload wp-post-image\" alt=\"Toyota Yaris Cross, fot. Alexander Migl, commons.wikimedia.org\" sizes=\"auto, (max-width: 120px) 100vw, 120px\" data-src=\"https:\/\/forum-mechaniczne.pl\/portal\/wp-content\/uploads\/2025\/03\/toyota-yaris-cross-120x86.webp\" data-srcset=\"https:\/\/forum-mechaniczne.pl\/portal\/wp-content\/uploads\/2025\/03\/toyota-yaris-cross-120x86.webp 120w, https:\/\/forum-mechaniczne.pl\/portal\/wp-content\/uploads\/2025\/03\/toyota-yaris-cross-350x250.webp 350w\" data-sizes=\"auto\" data-expand=\"700\" \/><\/div><\/a>\n                        \n                    <\/div>\n                    <div class=\"jeg_postblock_content\">\n                        <h3 class=\"jeg_post_title\">\n                            <a href=\"https:\/\/forum-mechaniczne.pl\/portal\/toyota-yaris-cross-co-warto-wiedziec-wady-zalety-i-wymiary\/\">Toyota Yaris Cross &#8211; Co warto wiedzie\u0107? Wady, zalety i wymiary<\/a>\n                        <\/h3>\n                        <div class=\"jeg_post_meta\"><div class=\"jeg_meta_date\"><a href=\"https:\/\/forum-mechaniczne.pl\/portal\/toyota-yaris-cross-co-warto-wiedziec-wady-zalety-i-wymiary\/\" ><i class=\"fa fa-clock-o\"><\/i> 2025-03-04<\/a><\/div><\/div>\n                    <\/div>\n                <\/article><article class=\"jeg_post jeg_pl_sm format-standard\">\n                    <div class=\"jeg_thumb\">\n                        \n                        <a href=\"https:\/\/forum-mechaniczne.pl\/portal\/jaguar-f-pace-wszystko-co-wiemy-do-tej-pory\/\"><div class=\"thumbnail-container animate-lazy  size-715 \"><img loading=\"lazy\" decoding=\"async\" width=\"120\" height=\"80\" src=\"https:\/\/forum-mechaniczne.pl\/portal\/wp-content\/themes\/jnews\/assets\/img\/jeg-empty.png\" class=\"attachment-jnews-120x86 size-jnews-120x86 lazyload wp-post-image\" alt=\"samoch\u00f3d Jaguar F\" sizes=\"auto, (max-width: 120px) 100vw, 120px\" data-src=\"https:\/\/forum-mechaniczne.pl\/portal\/wp-content\/uploads\/2022\/01\/2023-Jaguar-F-Pace.jpg\" data-srcset=\"https:\/\/forum-mechaniczne.pl\/portal\/wp-content\/uploads\/2022\/01\/2023-Jaguar-F-Pace.jpg 1200w, https:\/\/forum-mechaniczne.pl\/portal\/wp-content\/uploads\/2022\/01\/2023-Jaguar-F-Pace-300x200.jpg 300w, https:\/\/forum-mechaniczne.pl\/portal\/wp-content\/uploads\/2022\/01\/2023-Jaguar-F-Pace-1024x683.jpg 1024w, https:\/\/forum-mechaniczne.pl\/portal\/wp-content\/uploads\/2022\/01\/2023-Jaguar-F-Pace-768x512.jpg 768w\" data-sizes=\"auto\" data-expand=\"700\" \/><\/div><\/a>\n                        \n                    <\/div>\n                    <div class=\"jeg_postblock_content\">\n                        <h3 class=\"jeg_post_title\">\n                            <a href=\"https:\/\/forum-mechaniczne.pl\/portal\/jaguar-f-pace-wszystko-co-wiemy-do-tej-pory\/\">Jaguar F-Pace: wszystko, co wiemy do tej pory<\/a>\n                        <\/h3>\n                        <div class=\"jeg_post_meta\"><div class=\"jeg_meta_date\"><a href=\"https:\/\/forum-mechaniczne.pl\/portal\/jaguar-f-pace-wszystko-co-wiemy-do-tej-pory\/\" ><i class=\"fa fa-clock-o\"><\/i> 2025-01-03<\/a><\/div><\/div>\n                    <\/div>\n                <\/article><article class=\"jeg_post jeg_pl_sm format-standard\">\n                    <div class=\"jeg_thumb\">\n                        \n                        <a href=\"https:\/\/forum-mechaniczne.pl\/portal\/bentley-4%c2%bd-litre-legenda-wyscigow-le-mans\/\"><div class=\"thumbnail-container animate-lazy  size-715 \"><img loading=\"lazy\" decoding=\"async\" width=\"120\" height=\"86\" src=\"https:\/\/forum-mechaniczne.pl\/portal\/wp-content\/themes\/jnews\/assets\/img\/jeg-empty.png\" class=\"attachment-jnews-120x86 size-jnews-120x86 lazyload wp-post-image\" alt=\"Bentley 4\u00bd Litre: legenda wy\u015bcig\u00f3w Le Mans\" sizes=\"auto, (max-width: 120px) 100vw, 120px\" data-src=\"https:\/\/forum-mechaniczne.pl\/portal\/wp-content\/uploads\/2024\/07\/bentley-120x86.jpg\" data-srcset=\"https:\/\/forum-mechaniczne.pl\/portal\/wp-content\/uploads\/2024\/07\/bentley-120x86.jpg 120w, https:\/\/forum-mechaniczne.pl\/portal\/wp-content\/uploads\/2024\/07\/bentley-350x250.jpg 350w, https:\/\/forum-mechaniczne.pl\/portal\/wp-content\/uploads\/2024\/07\/bentley-750x536.jpg 750w\" data-sizes=\"auto\" data-expand=\"700\" \/><\/div><\/a>\n                        \n                    <\/div>\n                    <div class=\"jeg_postblock_content\">\n                        <h3 class=\"jeg_post_title\">\n                            <a href=\"https:\/\/forum-mechaniczne.pl\/portal\/bentley-4%c2%bd-litre-legenda-wyscigow-le-mans\/\">Bentley 4\u00bd Litre: legenda wy\u015bcig\u00f3w Le Mans<\/a>\n                        <\/h3>\n                        <div class=\"jeg_post_meta\"><div class=\"jeg_meta_date\"><a href=\"https:\/\/forum-mechaniczne.pl\/portal\/bentley-4%c2%bd-litre-legenda-wyscigow-le-mans\/\" ><i class=\"fa fa-clock-o\"><\/i> 2024-07-10<\/a><\/div><\/div>\n                    <\/div>\n                <\/article><article class=\"jeg_post jeg_pl_sm format-standard\">\n                    <div class=\"jeg_thumb\">\n                        \n                        <a href=\"https:\/\/forum-mechaniczne.pl\/portal\/ferrari-f40-ostatni-samochod-enzo-ferrariego\/\"><div class=\"thumbnail-container animate-lazy  size-715 \"><img loading=\"lazy\" decoding=\"async\" width=\"120\" height=\"86\" src=\"https:\/\/forum-mechaniczne.pl\/portal\/wp-content\/themes\/jnews\/assets\/img\/jeg-empty.png\" class=\"attachment-jnews-120x86 size-jnews-120x86 lazyload wp-post-image\" alt=\"f40 ferrari concept\" sizes=\"auto, (max-width: 120px) 100vw, 120px\" data-src=\"https:\/\/forum-mechaniczne.pl\/portal\/wp-content\/uploads\/2024\/07\/f40-ferrari-concept-120x86.jpg\" data-srcset=\"https:\/\/forum-mechaniczne.pl\/portal\/wp-content\/uploads\/2024\/07\/f40-ferrari-concept-120x86.jpg 120w, https:\/\/forum-mechaniczne.pl\/portal\/wp-content\/uploads\/2024\/07\/f40-ferrari-concept-350x250.jpg 350w\" data-sizes=\"auto\" data-expand=\"700\" \/><\/div><\/a>\n                        \n                    <\/div>\n                    <div class=\"jeg_postblock_content\">\n                        <h3 class=\"jeg_post_title\">\n                            <a href=\"https:\/\/forum-mechaniczne.pl\/portal\/ferrari-f40-ostatni-samochod-enzo-ferrariego\/\">Ferrari F40: ostatni samoch\u00f3d Enzo Ferrariego<\/a>\n                        <\/h3>\n                        <div class=\"jeg_post_meta\"><div class=\"jeg_meta_date\"><a href=\"https:\/\/forum-mechaniczne.pl\/portal\/ferrari-f40-ostatni-samochod-enzo-ferrariego\/\" ><i class=\"fa fa-clock-o\"><\/i> 2024-07-10<\/a><\/div><\/div>\n                    <\/div>\n                <\/article><article class=\"jeg_post jeg_pl_sm format-standard\">\n                    <div class=\"jeg_thumb\">\n                        \n                        <a href=\"https:\/\/forum-mechaniczne.pl\/portal\/wprowadzenie-do-swiata-wymarzonych-samochodow\/\"><div class=\"thumbnail-container animate-lazy  size-715 \"><img loading=\"lazy\" decoding=\"async\" width=\"120\" height=\"86\" src=\"https:\/\/forum-mechaniczne.pl\/portal\/wp-content\/themes\/jnews\/assets\/img\/jeg-empty.png\" class=\"attachment-jnews-120x86 size-jnews-120x86 lazyload wp-post-image\" alt=\"Wprowadzenie do \u015bwiata wymarzonych samochod\u00f3w - SUPERCARS w pigu\u0142ce!\" sizes=\"auto, (max-width: 120px) 100vw, 120px\" data-src=\"https:\/\/forum-mechaniczne.pl\/portal\/wp-content\/uploads\/2024\/07\/supercars-120x86.jpg\" data-srcset=\"https:\/\/forum-mechaniczne.pl\/portal\/wp-content\/uploads\/2024\/07\/supercars-120x86.jpg 120w, https:\/\/forum-mechaniczne.pl\/portal\/wp-content\/uploads\/2024\/07\/supercars-350x250.jpg 350w\" data-sizes=\"auto\" data-expand=\"700\" \/><\/div><\/a>\n                        \n                    <\/div>\n                    <div class=\"jeg_postblock_content\">\n                        <h3 class=\"jeg_post_title\">\n                            <a href=\"https:\/\/forum-mechaniczne.pl\/portal\/wprowadzenie-do-swiata-wymarzonych-samochodow\/\">Wprowadzenie do \u015bwiata wymarzonych samochod\u00f3w &#8211; SUPERCARS w pigu\u0142ce!<\/a>\n                        <\/h3>\n                        <div class=\"jeg_post_meta\"><div class=\"jeg_meta_date\"><a href=\"https:\/\/forum-mechaniczne.pl\/portal\/wprowadzenie-do-swiata-wymarzonych-samochodow\/\" ><i class=\"fa fa-clock-o\"><\/i> 2024-07-10<\/a><\/div><\/div>\n                    <\/div>\n                <\/article><article class=\"jeg_post jeg_pl_sm format-standard\">\n                    <div class=\"jeg_thumb\">\n                        \n                        <a href=\"https:\/\/forum-mechaniczne.pl\/portal\/baic-beijing-5\/\"><div class=\"thumbnail-container animate-lazy  size-715 \"><img loading=\"lazy\" decoding=\"async\" width=\"120\" height=\"86\" src=\"https:\/\/forum-mechaniczne.pl\/portal\/wp-content\/themes\/jnews\/assets\/img\/jeg-empty.png\" class=\"attachment-jnews-120x86 size-jnews-120x86 lazyload wp-post-image\" alt=\"Baic Beijing 5 - cena, wymiary i opinie!\" sizes=\"auto, (max-width: 120px) 100vw, 120px\" data-src=\"https:\/\/forum-mechaniczne.pl\/portal\/wp-content\/uploads\/2024\/06\/Baic-Beijing-5-cena-wymiary-i-opinie-120x86.webp\" data-srcset=\"https:\/\/forum-mechaniczne.pl\/portal\/wp-content\/uploads\/2024\/06\/Baic-Beijing-5-cena-wymiary-i-opinie-120x86.webp 120w, https:\/\/forum-mechaniczne.pl\/portal\/wp-content\/uploads\/2024\/06\/Baic-Beijing-5-cena-wymiary-i-opinie-350x250.webp 350w\" data-sizes=\"auto\" data-expand=\"700\" \/><\/div><\/a>\n                        \n                    <\/div>\n                    <div class=\"jeg_postblock_content\">\n                        <h3 class=\"jeg_post_title\">\n                            <a href=\"https:\/\/forum-mechaniczne.pl\/portal\/baic-beijing-5\/\">Baic Beijing 5 &#8211; cena, wymiary i opinie!<\/a>\n                        <\/h3>\n                        <div class=\"jeg_post_meta\"><div class=\"jeg_meta_date\"><a href=\"https:\/\/forum-mechaniczne.pl\/portal\/baic-beijing-5\/\" ><i class=\"fa fa-clock-o\"><\/i> 2024-06-11<\/a><\/div><\/div>\n                    <\/div>\n                <\/article><article class=\"jeg_post jeg_pl_sm format-standard\">\n                    <div class=\"jeg_thumb\">\n                        \n                        <a href=\"https:\/\/forum-mechaniczne.pl\/portal\/samochod-na-abonament-sprawdz-co-to-dokladnie-oznacza\/\"><div class=\"thumbnail-container animate-lazy  size-715 \"><img loading=\"lazy\" decoding=\"async\" width=\"120\" height=\"60\" src=\"https:\/\/forum-mechaniczne.pl\/portal\/wp-content\/themes\/jnews\/assets\/img\/jeg-empty.png\" class=\"attachment-jnews-120x86 size-jnews-120x86 lazyload wp-post-image\" alt=\"Samoch\u00f3d na abonament? Sprawd\u017a, co to dok\u0142adnie oznacza\" sizes=\"auto, (max-width: 120px) 100vw, 120px\" data-src=\"https:\/\/forum-mechaniczne.pl\/portal\/wp-content\/uploads\/2023\/02\/Samochod-na-abonament-Sprawdz-co-to-dokladnie-oznacza.jpg\" data-srcset=\"https:\/\/forum-mechaniczne.pl\/portal\/wp-content\/uploads\/2023\/02\/Samochod-na-abonament-Sprawdz-co-to-dokladnie-oznacza.jpg 800w, https:\/\/forum-mechaniczne.pl\/portal\/wp-content\/uploads\/2023\/02\/Samochod-na-abonament-Sprawdz-co-to-dokladnie-oznacza-300x150.jpg 300w, https:\/\/forum-mechaniczne.pl\/portal\/wp-content\/uploads\/2023\/02\/Samochod-na-abonament-Sprawdz-co-to-dokladnie-oznacza-768x384.jpg 768w\" data-sizes=\"auto\" data-expand=\"700\" \/><\/div><\/a>\n                        \n                    <\/div>\n                    <div class=\"jeg_postblock_content\">\n                        <h3 class=\"jeg_post_title\">\n                            <a href=\"https:\/\/forum-mechaniczne.pl\/portal\/samochod-na-abonament-sprawdz-co-to-dokladnie-oznacza\/\">Samoch\u00f3d na abonament? Sprawd\u017a, co to dok\u0142adnie oznacza<\/a>\n                        <\/h3>\n                        <div class=\"jeg_post_meta\"><div class=\"jeg_meta_date\"><a href=\"https:\/\/forum-mechaniczne.pl\/portal\/samochod-na-abonament-sprawdz-co-to-dokladnie-oznacza\/\" ><i class=\"fa fa-clock-o\"><\/i> 2024-03-04<\/a><\/div><\/div>\n                    <\/div>\n                <\/article><article class=\"jeg_post jeg_pl_sm format-standard\">\n                    <div class=\"jeg_thumb\">\n                        \n                        <a href=\"https:\/\/forum-mechaniczne.pl\/portal\/ideal-do-miasta-sprawdz-suzuki-ignis-hybrid-w-bardzo-korzystnej\/\"><div class=\"thumbnail-container animate-lazy  size-715 \"><img loading=\"lazy\" decoding=\"async\" width=\"120\" height=\"80\" src=\"https:\/\/forum-mechaniczne.pl\/portal\/wp-content\/themes\/jnews\/assets\/img\/jeg-empty.png\" class=\"attachment-jnews-120x86 size-jnews-120x86 lazyload wp-post-image\" alt=\"Idea\u0142 do miasta? Sprawd\u017a Suzuki Ignis Hybrid w bardzo korzystnej cenie\" sizes=\"auto, (max-width: 120px) 100vw, 120px\" data-src=\"https:\/\/forum-mechaniczne.pl\/portal\/wp-content\/uploads\/2022\/10\/Ideal-do-miasta-Sprawdz-Suzuki-Ignis-Hybrid-w-bardzo-korzystnej-cenie.jpg\" data-srcset=\"https:\/\/forum-mechaniczne.pl\/portal\/wp-content\/uploads\/2022\/10\/Ideal-do-miasta-Sprawdz-Suzuki-Ignis-Hybrid-w-bardzo-korzystnej-cenie.jpg 800w, https:\/\/forum-mechaniczne.pl\/portal\/wp-content\/uploads\/2022\/10\/Ideal-do-miasta-Sprawdz-Suzuki-Ignis-Hybrid-w-bardzo-korzystnej-cenie-300x199.jpg 300w, https:\/\/forum-mechaniczne.pl\/portal\/wp-content\/uploads\/2022\/10\/Ideal-do-miasta-Sprawdz-Suzuki-Ignis-Hybrid-w-bardzo-korzystnej-cenie-768x509.jpg 768w\" data-sizes=\"auto\" data-expand=\"700\" \/><\/div><\/a>\n                        \n                    <\/div>\n                    <div class=\"jeg_postblock_content\">\n                        <h3 class=\"jeg_post_title\">\n                            <a href=\"https:\/\/forum-mechaniczne.pl\/portal\/ideal-do-miasta-sprawdz-suzuki-ignis-hybrid-w-bardzo-korzystnej\/\">Idea\u0142 do miasta? Sprawd\u017a Suzuki Ignis Hybrid w bardzo korzystnej cenie<\/a>\n                        <\/h3>\n                        <div class=\"jeg_post_meta\"><div class=\"jeg_meta_date\"><a href=\"https:\/\/forum-mechaniczne.pl\/portal\/ideal-do-miasta-sprawdz-suzuki-ignis-hybrid-w-bardzo-korzystnej\/\" ><i class=\"fa fa-clock-o\"><\/i> 2023-11-02<\/a><\/div><\/div>\n                    <\/div>\n                <\/article><article class=\"jeg_post jeg_pl_sm format-standard\">\n                    <div class=\"jeg_thumb\">\n                        \n                        <a href=\"https:\/\/forum-mechaniczne.pl\/portal\/czy-warto-kupic-opony-wielosezonowe\/\"><div class=\"thumbnail-container animate-lazy  size-715 \"><img loading=\"lazy\" decoding=\"async\" width=\"120\" height=\"80\" src=\"https:\/\/forum-mechaniczne.pl\/portal\/wp-content\/themes\/jnews\/assets\/img\/jeg-empty.png\" class=\"attachment-jnews-120x86 size-jnews-120x86 lazyload wp-post-image\" alt=\"Opony wielosezonowe\" sizes=\"auto, (max-width: 120px) 100vw, 120px\" data-src=\"https:\/\/forum-mechaniczne.pl\/portal\/wp-content\/uploads\/2022\/05\/opony-wielosezonowe.jpg\" data-srcset=\"https:\/\/forum-mechaniczne.pl\/portal\/wp-content\/uploads\/2022\/05\/opony-wielosezonowe.jpg 640w, https:\/\/forum-mechaniczne.pl\/portal\/wp-content\/uploads\/2022\/05\/opony-wielosezonowe-300x199.jpg 300w\" data-sizes=\"auto\" data-expand=\"700\" \/><\/div><\/a>\n                        \n                    <\/div>\n                    <div class=\"jeg_postblock_content\">\n                        <h3 class=\"jeg_post_title\">\n                            <a href=\"https:\/\/forum-mechaniczne.pl\/portal\/czy-warto-kupic-opony-wielosezonowe\/\">Czy warto kupi\u0107 opony wielosezonowe?<\/a>\n                        <\/h3>\n                        <div class=\"jeg_post_meta\"><div class=\"jeg_meta_date\"><a href=\"https:\/\/forum-mechaniczne.pl\/portal\/czy-warto-kupic-opony-wielosezonowe\/\" ><i class=\"fa fa-clock-o\"><\/i> 2023-10-21<\/a><\/div><\/div>\n                    <\/div>\n                <\/article><article class=\"jeg_post jeg_pl_sm format-standard\">\n                    <div class=\"jeg_thumb\">\n                        \n                        <a href=\"https:\/\/forum-mechaniczne.pl\/portal\/hyundai-i20-dobra-cena-i-znakomita-funkcjonalnosc\/\"><div class=\"thumbnail-container animate-lazy  size-715 \"><img loading=\"lazy\" decoding=\"async\" width=\"120\" height=\"61\" src=\"https:\/\/forum-mechaniczne.pl\/portal\/wp-content\/themes\/jnews\/assets\/img\/jeg-empty.png\" class=\"attachment-jnews-120x86 size-jnews-120x86 lazyload wp-post-image\" alt=\"Hyundai i20\" sizes=\"auto, (max-width: 120px) 100vw, 120px\" data-src=\"https:\/\/forum-mechaniczne.pl\/portal\/wp-content\/uploads\/2022\/09\/Hyundai-i20-dobra-cena-i-znakomita-funkcjonalnosc.jpg\" data-srcset=\"https:\/\/forum-mechaniczne.pl\/portal\/wp-content\/uploads\/2022\/09\/Hyundai-i20-dobra-cena-i-znakomita-funkcjonalnosc.jpg 800w, https:\/\/forum-mechaniczne.pl\/portal\/wp-content\/uploads\/2022\/09\/Hyundai-i20-dobra-cena-i-znakomita-funkcjonalnosc-300x153.jpg 300w, https:\/\/forum-mechaniczne.pl\/portal\/wp-content\/uploads\/2022\/09\/Hyundai-i20-dobra-cena-i-znakomita-funkcjonalnosc-768x391.jpg 768w\" data-sizes=\"auto\" data-expand=\"700\" \/><\/div><\/a>\n                        \n                    <\/div>\n                    <div class=\"jeg_postblock_content\">\n                        <h3 class=\"jeg_post_title\">\n                            <a href=\"https:\/\/forum-mechaniczne.pl\/portal\/hyundai-i20-dobra-cena-i-znakomita-funkcjonalnosc\/\">Hyundai i20 \u2013 dobra cena i znakomita funkcjonalno\u015b\u0107<\/a>\n                        <\/h3>\n                        <div class=\"jeg_post_meta\"><div class=\"jeg_meta_date\"><a href=\"https:\/\/forum-mechaniczne.pl\/portal\/hyundai-i20-dobra-cena-i-znakomita-funkcjonalnosc\/\" ><i class=\"fa fa-clock-o\"><\/i> 2023-10-01<\/a><\/div><\/div>\n                    <\/div>\n                <\/article><article class=\"jeg_post jeg_pl_sm format-standard\">\n                    <div class=\"jeg_thumb\">\n                        \n                        <a href=\"https:\/\/forum-mechaniczne.pl\/portal\/aston-martin\/\"><div class=\"thumbnail-container animate-lazy  size-715 \"><img loading=\"lazy\" decoding=\"async\" width=\"120\" height=\"80\" src=\"https:\/\/forum-mechaniczne.pl\/portal\/wp-content\/themes\/jnews\/assets\/img\/jeg-empty.png\" class=\"attachment-jnews-120x86 size-jnews-120x86 lazyload wp-post-image\" alt=\"Aston Martin\" sizes=\"auto, (max-width: 120px) 100vw, 120px\" data-src=\"https:\/\/forum-mechaniczne.pl\/portal\/wp-content\/uploads\/2023\/09\/Aston-Martin-Synonim-Brytyjskiego-Luksusu-i-Elegancji-w-Swiecie-Samochodow-Sportowych.jpg\" data-srcset=\"https:\/\/forum-mechaniczne.pl\/portal\/wp-content\/uploads\/2023\/09\/Aston-Martin-Synonim-Brytyjskiego-Luksusu-i-Elegancji-w-Swiecie-Samochodow-Sportowych.jpg 800w, https:\/\/forum-mechaniczne.pl\/portal\/wp-content\/uploads\/2023\/09\/Aston-Martin-Synonim-Brytyjskiego-Luksusu-i-Elegancji-w-Swiecie-Samochodow-Sportowych-300x200.jpg 300w, https:\/\/forum-mechaniczne.pl\/portal\/wp-content\/uploads\/2023\/09\/Aston-Martin-Synonim-Brytyjskiego-Luksusu-i-Elegancji-w-Swiecie-Samochodow-Sportowych-768x513.jpg 768w\" data-sizes=\"auto\" data-expand=\"700\" \/><\/div><\/a>\n                        \n                    <\/div>\n                    <div class=\"jeg_postblock_content\">\n                        <h3 class=\"jeg_post_title\">\n                            <a href=\"https:\/\/forum-mechaniczne.pl\/portal\/aston-martin\/\">Aston Martin: Synonim Brytyjskiego Luksusu i Elegancji w \u015awiecie Samochod\u00f3w Sportowych<\/a>\n                        <\/h3>\n                        <div class=\"jeg_post_meta\"><div class=\"jeg_meta_date\"><a href=\"https:\/\/forum-mechaniczne.pl\/portal\/aston-martin\/\" ><i class=\"fa fa-clock-o\"><\/i> 2023-09-26<\/a><\/div><\/div>\n                    <\/div>\n                <\/article><article class=\"jeg_post jeg_pl_sm format-standard\">\n                    <div class=\"jeg_thumb\">\n                        \n                        <a href=\"https:\/\/forum-mechaniczne.pl\/portal\/citroen-ami-charakterystyka-cena-informacje\/\"><div class=\"thumbnail-container animate-lazy  size-715 \"><img loading=\"lazy\" decoding=\"async\" width=\"120\" height=\"80\" src=\"https:\/\/forum-mechaniczne.pl\/portal\/wp-content\/themes\/jnews\/assets\/img\/jeg-empty.png\" class=\"attachment-jnews-120x86 size-jnews-120x86 lazyload wp-post-image\" alt=\"Citroen AMI 2022 - dlaczego jest to ciekawy samoch\u00f3d?\" sizes=\"auto, (max-width: 120px) 100vw, 120px\" data-src=\"https:\/\/forum-mechaniczne.pl\/portal\/wp-content\/uploads\/2022\/04\/citroen-ami.jpg\" data-srcset=\"https:\/\/forum-mechaniczne.pl\/portal\/wp-content\/uploads\/2022\/04\/citroen-ami.jpg 800w, https:\/\/forum-mechaniczne.pl\/portal\/wp-content\/uploads\/2022\/04\/citroen-ami-300x200.jpg 300w, https:\/\/forum-mechaniczne.pl\/portal\/wp-content\/uploads\/2022\/04\/citroen-ami-768x512.jpg 768w\" data-sizes=\"auto\" data-expand=\"700\" \/><\/div><\/a>\n                        \n                    <\/div>\n                    <div class=\"jeg_postblock_content\">\n                        <h3 class=\"jeg_post_title\">\n                            <a href=\"https:\/\/forum-mechaniczne.pl\/portal\/citroen-ami-charakterystyka-cena-informacje\/\">Citroen AMI 2023 &#8211; charakterystyka, cena, informacje<\/a>\n                        <\/h3>\n                        <div class=\"jeg_post_meta\"><div class=\"jeg_meta_date\"><a href=\"https:\/\/forum-mechaniczne.pl\/portal\/citroen-ami-charakterystyka-cena-informacje\/\" ><i class=\"fa fa-clock-o\"><\/i> 2023-08-29<\/a><\/div><\/div>\n                    <\/div>\n                <\/article><article class=\"jeg_post jeg_pl_sm format-standard\">\n                    <div class=\"jeg_thumb\">\n                        \n                        <a href=\"https:\/\/forum-mechaniczne.pl\/portal\/toyota-highlander-z-wydluzonym-rozstawem-osi\/\"><div class=\"thumbnail-container animate-lazy  size-715 \"><img loading=\"lazy\" decoding=\"async\" width=\"120\" height=\"80\" src=\"https:\/\/forum-mechaniczne.pl\/portal\/wp-content\/themes\/jnews\/assets\/img\/jeg-empty.png\" class=\"attachment-jnews-120x86 size-jnews-120x86 lazyload wp-post-image\" alt=\"samoch\u00f3d Toyota Highlander\" sizes=\"auto, (max-width: 120px) 100vw, 120px\" data-src=\"https:\/\/forum-mechaniczne.pl\/portal\/wp-content\/uploads\/2021\/11\/2023-Toyota-Highlander-side.jpg\" data-srcset=\"https:\/\/forum-mechaniczne.pl\/portal\/wp-content\/uploads\/2021\/11\/2023-Toyota-Highlander-side.jpg 1200w, https:\/\/forum-mechaniczne.pl\/portal\/wp-content\/uploads\/2021\/11\/2023-Toyota-Highlander-side-300x200.jpg 300w, https:\/\/forum-mechaniczne.pl\/portal\/wp-content\/uploads\/2021\/11\/2023-Toyota-Highlander-side-1024x682.jpg 1024w, https:\/\/forum-mechaniczne.pl\/portal\/wp-content\/uploads\/2021\/11\/2023-Toyota-Highlander-side-768x511.jpg 768w\" data-sizes=\"auto\" data-expand=\"700\" \/><\/div><\/a>\n                        \n                    <\/div>\n                    <div class=\"jeg_postblock_content\">\n                        <h3 class=\"jeg_post_title\">\n                            <a href=\"https:\/\/forum-mechaniczne.pl\/portal\/toyota-highlander-z-wydluzonym-rozstawem-osi\/\">Toyota Highlander z wyd\u0142u\u017conym rozstawem osi<\/a>\n                        <\/h3>\n                        <div class=\"jeg_post_meta\"><div class=\"jeg_meta_date\"><a href=\"https:\/\/forum-mechaniczne.pl\/portal\/toyota-highlander-z-wydluzonym-rozstawem-osi\/\" ><i class=\"fa fa-clock-o\"><\/i> 2023-08-28<\/a><\/div><\/div>\n                    <\/div>\n                <\/article><article class=\"jeg_post jeg_pl_sm format-standard\">\n                    <div class=\"jeg_thumb\">\n                        \n                        <a href=\"https:\/\/forum-mechaniczne.pl\/portal\/chevy-suburban-specyfikacja-data-premiery-cena\/\"><div class=\"thumbnail-container animate-lazy  size-715 \"><img loading=\"lazy\" decoding=\"async\" width=\"120\" height=\"63\" src=\"https:\/\/forum-mechaniczne.pl\/portal\/wp-content\/themes\/jnews\/assets\/img\/jeg-empty.png\" class=\"attachment-jnews-120x86 size-jnews-120x86 lazyload wp-post-image\" alt=\"Samoch\u00f3d Chevy Suburban\" sizes=\"auto, (max-width: 120px) 100vw, 120px\" data-src=\"https:\/\/forum-mechaniczne.pl\/portal\/wp-content\/uploads\/2021\/10\/2023-Chevy-Suburban.jpg\" data-srcset=\"https:\/\/forum-mechaniczne.pl\/portal\/wp-content\/uploads\/2021\/10\/2023-Chevy-Suburban.jpg 1200w, https:\/\/forum-mechaniczne.pl\/portal\/wp-content\/uploads\/2021\/10\/2023-Chevy-Suburban-300x157.jpg 300w, https:\/\/forum-mechaniczne.pl\/portal\/wp-content\/uploads\/2021\/10\/2023-Chevy-Suburban-1024x537.jpg 1024w, https:\/\/forum-mechaniczne.pl\/portal\/wp-content\/uploads\/2021\/10\/2023-Chevy-Suburban-768x403.jpg 768w\" data-sizes=\"auto\" data-expand=\"700\" \/><\/div><\/a>\n                        \n                    <\/div>\n                    <div class=\"jeg_postblock_content\">\n                        <h3 class=\"jeg_post_title\">\n                            <a href=\"https:\/\/forum-mechaniczne.pl\/portal\/chevy-suburban-specyfikacja-data-premiery-cena\/\">Chevy Suburban &#8211; specyfikacja, data premiery, cena<\/a>\n                        <\/h3>\n                        <div class=\"jeg_post_meta\"><div class=\"jeg_meta_date\"><a href=\"https:\/\/forum-mechaniczne.pl\/portal\/chevy-suburban-specyfikacja-data-premiery-cena\/\" ><i class=\"fa fa-clock-o\"><\/i> 2023-08-27<\/a><\/div><\/div>\n                    <\/div>\n                <\/article>\n                    <\/div>\n                <\/div>\n                    <div class='module-overlay'>\n\t\t\t\t    <div class='preloader_type preloader_dot'>\n\t\t\t\t        <div class=\"module-preloader jeg_preloader dot\">\n\t\t\t\t            <span><\/span><span><\/span><span><\/span>\n\t\t\t\t        <\/div>\n\t\t\t\t        <div class=\"module-preloader jeg_preloader circle\">\n\t\t\t\t            <div class=\"jnews_preloader_circle_outer\">\n\t\t\t\t                <div class=\"jnews_preloader_circle_inner\"><\/div>\n\t\t\t\t            <\/div>\n\t\t\t\t        <\/div>\n\t\t\t\t        <div class=\"module-preloader jeg_preloader square\">\n\t\t\t\t            <div class=\"jeg_square\">\n\t\t\t\t                <div class=\"jeg_square_inner\"><\/div>\n\t\t\t\t            <\/div>\n\t\t\t\t        <\/div>\n\t\t\t\t    <\/div>\n\t\t\t\t<\/div>\n                <\/div>\n                <div class=\"jeg_block_navigation\">\n                    <div class='navigation_overlay'><div class='module-preloader jeg_preloader'><span><\/span><span><\/span><span><\/span><\/div><\/div>\n                    <div class=\"jeg_block_nav \">\n                    <a href=\"#\" class=\"prev disabled\" title=\"Previous\"><i class=\"fa fa-angle-left\"><\/i><\/a>\n                    <a href=\"#\" class=\"next \" title=\"Next\"><i class=\"fa fa-angle-right\"><\/i><\/a>\n                <\/div>\n                    \n                <\/div>\n\t\t\t\t\t\n\t\t\t\t\t<script>var jnews_module__2_69f401bda9c2e = {\"header_icon\":\"\",\"first_title\":\"Samochody\",\"second_title\":\"\",\"url\":\"\",\"header_type\":\"heading_2\",\"header_background\":\"\",\"header_secondary_background\":\"\",\"header_text_color\":\"\",\"header_line_color\":\"\",\"header_accent_color\":\"\",\"header_filter_category\":\"\",\"header_filter_author\":\"\",\"header_filter_tag\":\"\",\"header_filter_text\":\"\",\"post_type\":\"post\",\"content_type\":\"all\",\"sponsor\":\"\",\"number_post\":\"18\",\"post_offset\":\"1\",\"unique_content\":\"disable\",\"include_post\":\"\",\"included_only\":\"\",\"exclude_post\":\"\",\"include_category\":\"5\",\"exclude_category\":\"\",\"include_author\":\"\",\"include_tag\":\"\",\"exclude_tag\":\"\",\"sort_by\":\"latest\",\"date_format\":\"default\",\"date_format_custom\":\"Y\\\/m\\\/d\",\"excerpt_length\":\"20\",\"excerpt_ellipsis\":\"...\",\"force_normal_image_load\":\"\",\"pagination_mode\":\"nextprev\",\"pagination_nextprev_showtext\":\"\",\"pagination_number_post\":\"6\",\"pagination_scroll_limit\":0,\"boxed\":\"\",\"boxed_shadow\":\"\",\"el_id\":\"\",\"el_class\":\"\",\"scheme\":\"\",\"column_width\":\"auto\",\"title_color\":\"\",\"accent_color\":\"\",\"alt_color\":\"\",\"excerpt_color\":\"\",\"css\":\"\",\"compatible_column_notice\":\"\",\"paged\":1,\"column_class\":\"jeg_col_2o3\",\"class\":\"jnews_block_17\"};<\/script>\n\t\t\t\t<\/div><div  class=\"jeg_postblock_22 jeg_postblock jeg_module_hook jeg_pagination_loadmore jeg_col_2o3 jnews_module__3_69f401bdb517b   \" data-unique=\"jnews_module__3_69f401bdb517b\">\n\t\t\t\t\t<div class=\"jeg_block_heading jeg_block_heading_2 jeg_subcat_right\">\n                     <h3 class=\"jeg_block_title\"><span>Poradniki<\/span><\/h3>\n                     \n                 <\/div>\n\t\t\t\t\t<div class=\"jeg_block_container\">\n                    \n                    <div class=\"jeg_posts_wrap\">\n                    <div class=\"jeg_posts jeg_load_more_flag\"> \n                        <article class=\"jeg_post jeg_pl_md_5 format-standard\">\n                    <div class=\"jeg_thumb\">\n                        \n                        <a href=\"https:\/\/forum-mechaniczne.pl\/portal\/wypozyczalnia-samochodow-sportowych-2\/\"><div class=\"thumbnail-container animate-lazy  size-715 \"><img loading=\"lazy\" decoding=\"async\" width=\"350\" height=\"250\" src=\"https:\/\/forum-mechaniczne.pl\/portal\/wp-content\/themes\/jnews\/assets\/img\/jeg-empty.png\" class=\"attachment-jnews-350x250 size-jnews-350x250 lazyload wp-post-image\" alt=\"Samoch\u00f3d sportowy\" sizes=\"auto, (max-width: 350px) 100vw, 350px\" data-src=\"https:\/\/forum-mechaniczne.pl\/portal\/wp-content\/uploads\/2026\/03\/samochod-sportowy-350x250.webp\" data-srcset=\"https:\/\/forum-mechaniczne.pl\/portal\/wp-content\/uploads\/2026\/03\/samochod-sportowy-350x250.webp 350w, https:\/\/forum-mechaniczne.pl\/portal\/wp-content\/uploads\/2026\/03\/samochod-sportowy-120x86.webp 120w\" data-sizes=\"auto\" data-expand=\"700\" \/><\/div><\/a>\n                        <div class=\"jeg_post_category\">\n                            <span><a href=\"https:\/\/forum-mechaniczne.pl\/portal\/poradniki\/\" class=\"category-poradniki\">Poradniki<\/a><\/span>\n                        <\/div>\n                    <\/div>\n                    <div class=\"jeg_postblock_content\">\n                        <h3 class=\"jeg_post_title\">\n                            <a href=\"https:\/\/forum-mechaniczne.pl\/portal\/wypozyczalnia-samochodow-sportowych-2\/\">Wypo\u017cyczalnia samochod\u00f3w sportowych &#8211; poradnik dla ka\u017cdego kierowcy<\/a>\n                        <\/h3>\n                        <div class=\"jeg_post_meta\"><div class=\"jeg_meta_date\"><a href=\"https:\/\/forum-mechaniczne.pl\/portal\/wypozyczalnia-samochodow-sportowych-2\/\" ><i class=\"fa fa-clock-o\"><\/i> 2026-03-25<\/a><\/div><\/div>\n                    <\/div>\n                <\/article><article class=\"jeg_post jeg_pl_md_5 format-standard\">\n                    <div class=\"jeg_thumb\">\n                        \n                        <a href=\"https:\/\/forum-mechaniczne.pl\/portal\/alkomaty-bezustnikowe-jak-dzialaja-i-czym-roznia-sie-od-modeli-z-ustnikiem\/\"><div class=\"thumbnail-container animate-lazy  size-715 \"><img loading=\"lazy\" decoding=\"async\" width=\"350\" height=\"250\" src=\"https:\/\/forum-mechaniczne.pl\/portal\/wp-content\/themes\/jnews\/assets\/img\/jeg-empty.png\" class=\"attachment-jnews-350x250 size-jnews-350x250 lazyload wp-post-image\" alt=\"Alkomaty bezustnikowe - jak dzia\u0142aj\u0105 i czym r\u00f3\u017cni\u0105 si\u0119 od modeli z ustnikiem?\" sizes=\"auto, (max-width: 350px) 100vw, 350px\" data-src=\"https:\/\/forum-mechaniczne.pl\/portal\/wp-content\/uploads\/2026\/03\/Alkomaty-bezustnikowe-Polskie-Centrum-Wzorcowania-350x250.webp\" data-srcset=\"https:\/\/forum-mechaniczne.pl\/portal\/wp-content\/uploads\/2026\/03\/Alkomaty-bezustnikowe-Polskie-Centrum-Wzorcowania-350x250.webp 350w, https:\/\/forum-mechaniczne.pl\/portal\/wp-content\/uploads\/2026\/03\/Alkomaty-bezustnikowe-Polskie-Centrum-Wzorcowania-120x86.webp 120w\" data-sizes=\"auto\" data-expand=\"700\" \/><\/div><\/a>\n                        <div class=\"jeg_post_category\">\n                            <span><a href=\"https:\/\/forum-mechaniczne.pl\/portal\/poradniki\/\" class=\"category-poradniki\">Poradniki<\/a><\/span>\n                        <\/div>\n                    <\/div>\n                    <div class=\"jeg_postblock_content\">\n                        <h3 class=\"jeg_post_title\">\n                            <a href=\"https:\/\/forum-mechaniczne.pl\/portal\/alkomaty-bezustnikowe-jak-dzialaja-i-czym-roznia-sie-od-modeli-z-ustnikiem\/\">Alkomaty bezustnikowe &#8211; jak dzia\u0142aj\u0105 i czym r\u00f3\u017cni\u0105 si\u0119 od modeli z ustnikiem?<\/a>\n                        <\/h3>\n                        <div class=\"jeg_post_meta\"><div class=\"jeg_meta_date\"><a href=\"https:\/\/forum-mechaniczne.pl\/portal\/alkomaty-bezustnikowe-jak-dzialaja-i-czym-roznia-sie-od-modeli-z-ustnikiem\/\" ><i class=\"fa fa-clock-o\"><\/i> 2026-03-04<\/a><\/div><\/div>\n                    <\/div>\n                <\/article><article class=\"jeg_post jeg_pl_md_5 format-standard\">\n                    <div class=\"jeg_thumb\">\n                        \n                        <a href=\"https:\/\/forum-mechaniczne.pl\/portal\/kupno-auta\/\"><div class=\"thumbnail-container animate-lazy  size-715 \"><img loading=\"lazy\" decoding=\"async\" width=\"350\" height=\"250\" src=\"https:\/\/forum-mechaniczne.pl\/portal\/wp-content\/themes\/jnews\/assets\/img\/jeg-empty.png\" class=\"attachment-jnews-350x250 size-jnews-350x250 lazyload wp-post-image\" alt=\"Granatowe BMW\" sizes=\"auto, (max-width: 350px) 100vw, 350px\" data-src=\"https:\/\/forum-mechaniczne.pl\/portal\/wp-content\/uploads\/2026\/02\/granatowe-bmw-350x250.webp\" data-srcset=\"https:\/\/forum-mechaniczne.pl\/portal\/wp-content\/uploads\/2026\/02\/granatowe-bmw-350x250.webp 350w, https:\/\/forum-mechaniczne.pl\/portal\/wp-content\/uploads\/2026\/02\/granatowe-bmw-120x86.webp 120w\" data-sizes=\"auto\" data-expand=\"700\" \/><\/div><\/a>\n                        <div class=\"jeg_post_category\">\n                            <span><a href=\"https:\/\/forum-mechaniczne.pl\/portal\/poradniki\/\" class=\"category-poradniki\">Poradniki<\/a><\/span>\n                        <\/div>\n                    <\/div>\n                    <div class=\"jeg_postblock_content\">\n                        <h3 class=\"jeg_post_title\">\n                            <a href=\"https:\/\/forum-mechaniczne.pl\/portal\/kupno-auta\/\">Kupno auta &#8211; jak dobrze wybra\u0107 model dopasowany do stylu \u017cycia?<\/a>\n                        <\/h3>\n                        <div class=\"jeg_post_meta\"><div class=\"jeg_meta_date\"><a href=\"https:\/\/forum-mechaniczne.pl\/portal\/kupno-auta\/\" ><i class=\"fa fa-clock-o\"><\/i> 2026-02-17<\/a><\/div><\/div>\n                    <\/div>\n                <\/article><article class=\"jeg_post jeg_pl_md_5 format-standard\">\n                    <div class=\"jeg_thumb\">\n                        \n                        <a href=\"https:\/\/forum-mechaniczne.pl\/portal\/magazyn-energii\/\"><div class=\"thumbnail-container animate-lazy  size-715 \"><img loading=\"lazy\" decoding=\"async\" width=\"350\" height=\"250\" src=\"https:\/\/forum-mechaniczne.pl\/portal\/wp-content\/themes\/jnews\/assets\/img\/jeg-empty.png\" class=\"attachment-jnews-350x250 size-jnews-350x250 lazyload wp-post-image\" alt=\"Dach z magazynem energii\" sizes=\"auto, (max-width: 350px) 100vw, 350px\" data-src=\"https:\/\/forum-mechaniczne.pl\/portal\/wp-content\/uploads\/2026\/01\/dach-z-magazynem-energii-350x250.webp\" data-srcset=\"https:\/\/forum-mechaniczne.pl\/portal\/wp-content\/uploads\/2026\/01\/dach-z-magazynem-energii-350x250.webp 350w, https:\/\/forum-mechaniczne.pl\/portal\/wp-content\/uploads\/2026\/01\/dach-z-magazynem-energii-120x86.webp 120w, https:\/\/forum-mechaniczne.pl\/portal\/wp-content\/uploads\/2026\/01\/dach-z-magazynem-energii-750x536.webp 750w\" data-sizes=\"auto\" data-expand=\"700\" \/><\/div><\/a>\n                        <div class=\"jeg_post_category\">\n                            <span><a href=\"https:\/\/forum-mechaniczne.pl\/portal\/poradniki\/\" class=\"category-poradniki\">Poradniki<\/a><\/span>\n                        <\/div>\n                    <\/div>\n                    <div class=\"jeg_postblock_content\">\n                        <h3 class=\"jeg_post_title\">\n                            <a href=\"https:\/\/forum-mechaniczne.pl\/portal\/magazyn-energii\/\">Magazyn energii &#8211; jak wybra\u0107 magazyn energii do domu jednorodzinnego?<\/a>\n                        <\/h3>\n                        <div class=\"jeg_post_meta\"><div class=\"jeg_meta_date\"><a href=\"https:\/\/forum-mechaniczne.pl\/portal\/magazyn-energii\/\" ><i class=\"fa fa-clock-o\"><\/i> 2026-01-22<\/a><\/div><\/div>\n                    <\/div>\n                <\/article><article class=\"jeg_post jeg_pl_md_5 format-standard\">\n                    <div class=\"jeg_thumb\">\n                        \n                        <a href=\"https:\/\/forum-mechaniczne.pl\/portal\/jak-dobrac-lancuchy-na-kola\/\"><div class=\"thumbnail-container animate-lazy  size-715 \"><img loading=\"lazy\" decoding=\"async\" width=\"350\" height=\"250\" src=\"https:\/\/forum-mechaniczne.pl\/portal\/wp-content\/themes\/jnews\/assets\/img\/jeg-empty.png\" class=\"attachment-jnews-350x250 size-jnews-350x250 lazyload wp-post-image\" alt=\"Jak dobra\u0107 \u0142a\u0144cuchy na ko\u0142a?\" sizes=\"auto, (max-width: 350px) 100vw, 350px\" data-src=\"https:\/\/forum-mechaniczne.pl\/portal\/wp-content\/uploads\/2026\/01\/Jak-dobrac-lancuchy-na-kola-350x250.webp\" data-srcset=\"https:\/\/forum-mechaniczne.pl\/portal\/wp-content\/uploads\/2026\/01\/Jak-dobrac-lancuchy-na-kola-350x250.webp 350w, https:\/\/forum-mechaniczne.pl\/portal\/wp-content\/uploads\/2026\/01\/Jak-dobrac-lancuchy-na-kola-120x86.webp 120w\" data-sizes=\"auto\" data-expand=\"700\" \/><\/div><\/a>\n                        <div class=\"jeg_post_category\">\n                            <span><a href=\"https:\/\/forum-mechaniczne.pl\/portal\/poradniki\/\" class=\"category-poradniki\">Poradniki<\/a><\/span>\n                        <\/div>\n                    <\/div>\n                    <div class=\"jeg_postblock_content\">\n                        <h3 class=\"jeg_post_title\">\n                            <a href=\"https:\/\/forum-mechaniczne.pl\/portal\/jak-dobrac-lancuchy-na-kola\/\">Jak dobra\u0107 \u0142a\u0144cuchy na ko\u0142a?<\/a>\n                        <\/h3>\n                        <div class=\"jeg_post_meta\"><div class=\"jeg_meta_date\"><a href=\"https:\/\/forum-mechaniczne.pl\/portal\/jak-dobrac-lancuchy-na-kola\/\" ><i class=\"fa fa-clock-o\"><\/i> 2026-01-20<\/a><\/div><\/div>\n                    <\/div>\n                <\/article><article class=\"jeg_post jeg_pl_md_5 format-standard\">\n                    <div class=\"jeg_thumb\">\n                        \n                        <a href=\"https:\/\/forum-mechaniczne.pl\/portal\/czym-charakteryzuje-sie-dobry-bus-do-transportu-rzeczy\/\"><div class=\"thumbnail-container animate-lazy  size-715 \"><img loading=\"lazy\" decoding=\"async\" width=\"350\" height=\"197\" src=\"https:\/\/forum-mechaniczne.pl\/portal\/wp-content\/themes\/jnews\/assets\/img\/jeg-empty.png\" class=\"attachment-jnews-350x250 size-jnews-350x250 lazyload wp-post-image\" alt=\"Czym charakteryzuje si\u0119 dobry bus do transportu rzeczy?\" sizes=\"auto, (max-width: 350px) 100vw, 350px\" data-src=\"https:\/\/forum-mechaniczne.pl\/portal\/wp-content\/uploads\/2023\/10\/Czym-charakteryzuje-sie-dobry-bus-do-transportu-rzeczy.jpg\" data-srcset=\"https:\/\/forum-mechaniczne.pl\/portal\/wp-content\/uploads\/2023\/10\/Czym-charakteryzuje-sie-dobry-bus-do-transportu-rzeczy.jpg 800w, https:\/\/forum-mechaniczne.pl\/portal\/wp-content\/uploads\/2023\/10\/Czym-charakteryzuje-sie-dobry-bus-do-transportu-rzeczy-300x169.jpg 300w, https:\/\/forum-mechaniczne.pl\/portal\/wp-content\/uploads\/2023\/10\/Czym-charakteryzuje-sie-dobry-bus-do-transportu-rzeczy-768x432.jpg 768w\" data-sizes=\"auto\" data-expand=\"700\" \/><\/div><\/a>\n                        <div class=\"jeg_post_category\">\n                            <span><a href=\"https:\/\/forum-mechaniczne.pl\/portal\/poradniki\/\" class=\"category-poradniki\">Poradniki<\/a><\/span>\n                        <\/div>\n                    <\/div>\n                    <div class=\"jeg_postblock_content\">\n                        <h3 class=\"jeg_post_title\">\n                            <a href=\"https:\/\/forum-mechaniczne.pl\/portal\/czym-charakteryzuje-sie-dobry-bus-do-transportu-rzeczy\/\">Czym charakteryzuje si\u0119 dobry bus do transportu rzeczy?<\/a>\n                        <\/h3>\n                        <div class=\"jeg_post_meta\"><div class=\"jeg_meta_date\"><a href=\"https:\/\/forum-mechaniczne.pl\/portal\/czym-charakteryzuje-sie-dobry-bus-do-transportu-rzeczy\/\" ><i class=\"fa fa-clock-o\"><\/i> 2026-01-02<\/a><\/div><\/div>\n                    <\/div>\n                <\/article><article class=\"jeg_post jeg_pl_md_5 format-standard\">\n                    <div class=\"jeg_thumb\">\n                        \n                        <a href=\"https:\/\/forum-mechaniczne.pl\/portal\/jak-zadbac-o-psa-podczas-urlopu\/\"><div class=\"thumbnail-container animate-lazy  size-715 \"><img loading=\"lazy\" decoding=\"async\" width=\"350\" height=\"250\" src=\"https:\/\/forum-mechaniczne.pl\/portal\/wp-content\/themes\/jnews\/assets\/img\/jeg-empty.png\" class=\"attachment-jnews-350x250 size-jnews-350x250 lazyload wp-post-image\" alt=\"Jak zadba\u0107 o psa podczas urlopu \u2013 praktyczne porady dla w\u0142a\u015bcicieli\" sizes=\"auto, (max-width: 350px) 100vw, 350px\" data-src=\"https:\/\/forum-mechaniczne.pl\/portal\/wp-content\/uploads\/2025\/12\/Jak-zadbac-o-psa-podczas-urlopu-\u2013-praktyczne-porady-dla-wlascicieli-350x250.webp\" data-srcset=\"https:\/\/forum-mechaniczne.pl\/portal\/wp-content\/uploads\/2025\/12\/Jak-zadbac-o-psa-podczas-urlopu-\u2013-praktyczne-porady-dla-wlascicieli-350x250.webp 350w, https:\/\/forum-mechaniczne.pl\/portal\/wp-content\/uploads\/2025\/12\/Jak-zadbac-o-psa-podczas-urlopu-\u2013-praktyczne-porady-dla-wlascicieli-120x86.webp 120w, https:\/\/forum-mechaniczne.pl\/portal\/wp-content\/uploads\/2025\/12\/Jak-zadbac-o-psa-podczas-urlopu-\u2013-praktyczne-porady-dla-wlascicieli-750x536.webp 750w\" data-sizes=\"auto\" data-expand=\"700\" \/><\/div><\/a>\n                        <div class=\"jeg_post_category\">\n                            <span><a href=\"https:\/\/forum-mechaniczne.pl\/portal\/poradniki\/\" class=\"category-poradniki\">Poradniki<\/a><\/span>\n                        <\/div>\n                    <\/div>\n                    <div class=\"jeg_postblock_content\">\n                        <h3 class=\"jeg_post_title\">\n                            <a href=\"https:\/\/forum-mechaniczne.pl\/portal\/jak-zadbac-o-psa-podczas-urlopu\/\">Jak zadba\u0107 o psa podczas urlopu \u2013 praktyczne porady dla w\u0142a\u015bcicieli<\/a>\n                        <\/h3>\n                        <div class=\"jeg_post_meta\"><div class=\"jeg_meta_date\"><a href=\"https:\/\/forum-mechaniczne.pl\/portal\/jak-zadbac-o-psa-podczas-urlopu\/\" ><i class=\"fa fa-clock-o\"><\/i> 2025-12-25<\/a><\/div><\/div>\n                    <\/div>\n                <\/article><article class=\"jeg_post jeg_pl_md_5 format-standard\">\n                    <div class=\"jeg_thumb\">\n                        \n                        <a href=\"https:\/\/forum-mechaniczne.pl\/portal\/oklejanie-aut-firmowych\/\"><div class=\"thumbnail-container animate-lazy  size-715 \"><img loading=\"lazy\" decoding=\"async\" width=\"350\" height=\"250\" src=\"https:\/\/forum-mechaniczne.pl\/portal\/wp-content\/themes\/jnews\/assets\/img\/jeg-empty.png\" class=\"attachment-jnews-350x250 size-jnews-350x250 lazyload wp-post-image\" alt=\"Oklejone auto dostawcze\" sizes=\"auto, (max-width: 350px) 100vw, 350px\" data-src=\"https:\/\/forum-mechaniczne.pl\/portal\/wp-content\/uploads\/2025\/12\/oklejone-auto-dostawcze-350x250.webp\" data-srcset=\"https:\/\/forum-mechaniczne.pl\/portal\/wp-content\/uploads\/2025\/12\/oklejone-auto-dostawcze-350x250.webp 350w, https:\/\/forum-mechaniczne.pl\/portal\/wp-content\/uploads\/2025\/12\/oklejone-auto-dostawcze-120x86.webp 120w\" data-sizes=\"auto\" data-expand=\"700\" \/><\/div><\/a>\n                        <div class=\"jeg_post_category\">\n                            <span><a href=\"https:\/\/forum-mechaniczne.pl\/portal\/poradniki\/\" class=\"category-poradniki\">Poradniki<\/a><\/span>\n                        <\/div>\n                    <\/div>\n                    <div class=\"jeg_postblock_content\">\n                        <h3 class=\"jeg_post_title\">\n                            <a href=\"https:\/\/forum-mechaniczne.pl\/portal\/oklejanie-aut-firmowych\/\">Oklejanie aut firmowych &#8211; co warto wiedzie\u0107 przed podj\u0119ciem decyzji?<\/a>\n                        <\/h3>\n                        <div class=\"jeg_post_meta\"><div class=\"jeg_meta_date\"><a href=\"https:\/\/forum-mechaniczne.pl\/portal\/oklejanie-aut-firmowych\/\" ><i class=\"fa fa-clock-o\"><\/i> 2025-12-23<\/a><\/div><\/div>\n                    <\/div>\n                <\/article><article class=\"jeg_post jeg_pl_md_5 format-standard\">\n                    <div class=\"jeg_thumb\">\n                        \n                        <a href=\"https:\/\/forum-mechaniczne.pl\/portal\/jak-poprawnie-zamontowac-instalacje-fotowoltaiczna\/\"><div class=\"thumbnail-container animate-lazy  size-715 \"><img loading=\"lazy\" decoding=\"async\" width=\"350\" height=\"250\" src=\"https:\/\/forum-mechaniczne.pl\/portal\/wp-content\/themes\/jnews\/assets\/img\/jeg-empty.png\" class=\"attachment-jnews-350x250 size-jnews-350x250 lazyload wp-post-image\" alt=\"Jak poprawnie zamontowa\u0107 instalacj\u0119 fotowoltaiczn\u0105: przewodnik krok po kroku\" sizes=\"auto, (max-width: 350px) 100vw, 350px\" data-src=\"https:\/\/forum-mechaniczne.pl\/portal\/wp-content\/uploads\/2025\/12\/Jak-poprawnie-zamontowac-instalacje-fotowoltaiczna-przewodnik-krok-po-kroku-350x250.webp\" data-srcset=\"https:\/\/forum-mechaniczne.pl\/portal\/wp-content\/uploads\/2025\/12\/Jak-poprawnie-zamontowac-instalacje-fotowoltaiczna-przewodnik-krok-po-kroku-350x250.webp 350w, https:\/\/forum-mechaniczne.pl\/portal\/wp-content\/uploads\/2025\/12\/Jak-poprawnie-zamontowac-instalacje-fotowoltaiczna-przewodnik-krok-po-kroku-120x86.webp 120w, https:\/\/forum-mechaniczne.pl\/portal\/wp-content\/uploads\/2025\/12\/Jak-poprawnie-zamontowac-instalacje-fotowoltaiczna-przewodnik-krok-po-kroku-750x535.webp 750w\" data-sizes=\"auto\" data-expand=\"700\" \/><\/div><\/a>\n                        <div class=\"jeg_post_category\">\n                            <span><a href=\"https:\/\/forum-mechaniczne.pl\/portal\/poradniki\/\" class=\"category-poradniki\">Poradniki<\/a><\/span>\n                        <\/div>\n                    <\/div>\n                    <div class=\"jeg_postblock_content\">\n                        <h3 class=\"jeg_post_title\">\n                            <a href=\"https:\/\/forum-mechaniczne.pl\/portal\/jak-poprawnie-zamontowac-instalacje-fotowoltaiczna\/\">Jak poprawnie zamontowa\u0107 instalacj\u0119 fotowoltaiczn\u0105: przewodnik krok po kroku<\/a>\n                        <\/h3>\n                        <div class=\"jeg_post_meta\"><div class=\"jeg_meta_date\"><a href=\"https:\/\/forum-mechaniczne.pl\/portal\/jak-poprawnie-zamontowac-instalacje-fotowoltaiczna\/\" ><i class=\"fa fa-clock-o\"><\/i> 2025-12-14<\/a><\/div><\/div>\n                    <\/div>\n                <\/article><article class=\"jeg_post jeg_pl_md_5 format-standard\">\n                    <div class=\"jeg_thumb\">\n                        \n                        <a href=\"https:\/\/forum-mechaniczne.pl\/portal\/elementy-zlaczne-kluczowe-komponenty-w-konstrukcjach-mechanicznych-i-budowlanych\/\"><div class=\"thumbnail-container animate-lazy  size-715 \"><img loading=\"lazy\" decoding=\"async\" width=\"350\" height=\"250\" src=\"https:\/\/forum-mechaniczne.pl\/portal\/wp-content\/themes\/jnews\/assets\/img\/jeg-empty.png\" class=\"attachment-jnews-350x250 size-jnews-350x250 lazyload wp-post-image\" alt=\"Elementy z\u0142\u0105czne: kluczowe komponenty w konstrukcjach mechanicznych i budowlanych\" sizes=\"auto, (max-width: 350px) 100vw, 350px\" data-src=\"https:\/\/forum-mechaniczne.pl\/portal\/wp-content\/uploads\/2025\/12\/Elementy-zlaczne-kluczowe-komponenty-w-konstrukcjach-mechanicznych-i-budowlanych-350x250.webp\" data-srcset=\"https:\/\/forum-mechaniczne.pl\/portal\/wp-content\/uploads\/2025\/12\/Elementy-zlaczne-kluczowe-komponenty-w-konstrukcjach-mechanicznych-i-budowlanych-350x250.webp 350w, https:\/\/forum-mechaniczne.pl\/portal\/wp-content\/uploads\/2025\/12\/Elementy-zlaczne-kluczowe-komponenty-w-konstrukcjach-mechanicznych-i-budowlanych-120x86.webp 120w\" data-sizes=\"auto\" data-expand=\"700\" \/><\/div><\/a>\n                        <div class=\"jeg_post_category\">\n                            <span><a href=\"https:\/\/forum-mechaniczne.pl\/portal\/poradniki\/\" class=\"category-poradniki\">Poradniki<\/a><\/span>\n                        <\/div>\n                    <\/div>\n                    <div class=\"jeg_postblock_content\">\n                        <h3 class=\"jeg_post_title\">\n                            <a href=\"https:\/\/forum-mechaniczne.pl\/portal\/elementy-zlaczne-kluczowe-komponenty-w-konstrukcjach-mechanicznych-i-budowlanych\/\">Elementy z\u0142\u0105czne: kluczowe komponenty w konstrukcjach mechanicznych i budowlanych<\/a>\n                        <\/h3>\n                        <div class=\"jeg_post_meta\"><div class=\"jeg_meta_date\"><a href=\"https:\/\/forum-mechaniczne.pl\/portal\/elementy-zlaczne-kluczowe-komponenty-w-konstrukcjach-mechanicznych-i-budowlanych\/\" ><i class=\"fa fa-clock-o\"><\/i> 2025-12-13<\/a><\/div><\/div>\n                    <\/div>\n                <\/article><article class=\"jeg_post jeg_pl_md_5 format-standard\">\n                    <div class=\"jeg_thumb\">\n                        \n                        <a href=\"https:\/\/forum-mechaniczne.pl\/portal\/osprzet-do-maszyn-budowlanych-oczami-praktykow\/\"><div class=\"thumbnail-container animate-lazy  size-715 \"><img loading=\"lazy\" decoding=\"async\" width=\"350\" height=\"250\" src=\"https:\/\/forum-mechaniczne.pl\/portal\/wp-content\/themes\/jnews\/assets\/img\/jeg-empty.png\" class=\"attachment-jnews-350x250 size-jnews-350x250 lazyload wp-post-image\" alt=\"Osprz\u0119t do maszyn budowlanych oczami praktyk\u00f3w \u2013 decyzje, kt\u00f3re realnie wp\u0142ywaj\u0105 na tempo rob\u00f3t\" sizes=\"auto, (max-width: 350px) 100vw, 350px\" data-src=\"https:\/\/forum-mechaniczne.pl\/portal\/wp-content\/uploads\/2026\/01\/Osprzet-do-maszyn-budowlanych-oczami-praktykow-\u2013-decyzje-ktore-realnie-wplywaja-na-tempo-robot-350x250.webp\" data-srcset=\"https:\/\/forum-mechaniczne.pl\/portal\/wp-content\/uploads\/2026\/01\/Osprzet-do-maszyn-budowlanych-oczami-praktykow-\u2013-decyzje-ktore-realnie-wplywaja-na-tempo-robot-350x250.webp 350w, https:\/\/forum-mechaniczne.pl\/portal\/wp-content\/uploads\/2026\/01\/Osprzet-do-maszyn-budowlanych-oczami-praktykow-\u2013-decyzje-ktore-realnie-wplywaja-na-tempo-robot-120x86.webp 120w\" data-sizes=\"auto\" data-expand=\"700\" \/><\/div><\/a>\n                        <div class=\"jeg_post_category\">\n                            <span><a href=\"https:\/\/forum-mechaniczne.pl\/portal\/poradniki\/\" class=\"category-poradniki\">Poradniki<\/a><\/span>\n                        <\/div>\n                    <\/div>\n                    <div class=\"jeg_postblock_content\">\n                        <h3 class=\"jeg_post_title\">\n                            <a href=\"https:\/\/forum-mechaniczne.pl\/portal\/osprzet-do-maszyn-budowlanych-oczami-praktykow\/\">Osprz\u0119t do maszyn budowlanych oczami praktyk\u00f3w \u2013 decyzje, kt\u00f3re realnie wp\u0142ywaj\u0105 na tempo rob\u00f3t<\/a>\n                        <\/h3>\n                        <div class=\"jeg_post_meta\"><div class=\"jeg_meta_date\"><a href=\"https:\/\/forum-mechaniczne.pl\/portal\/osprzet-do-maszyn-budowlanych-oczami-praktykow\/\" ><i class=\"fa fa-clock-o\"><\/i> 2025-12-12<\/a><\/div><\/div>\n                    <\/div>\n                <\/article><article class=\"jeg_post jeg_pl_md_5 format-standard\">\n                    <div class=\"jeg_thumb\">\n                        \n                        <a href=\"https:\/\/forum-mechaniczne.pl\/portal\/jak-dzialaja-worki-filtracyjne-i-dlaczego-ich-dobor-zmienia-wiecej-niz-myslisz\/\"><div class=\"thumbnail-container animate-lazy  size-715 \"><img loading=\"lazy\" decoding=\"async\" width=\"350\" height=\"250\" src=\"https:\/\/forum-mechaniczne.pl\/portal\/wp-content\/themes\/jnews\/assets\/img\/jeg-empty.png\" class=\"attachment-jnews-350x250 size-jnews-350x250 lazyload wp-post-image\" alt=\"Jak dzia\u0142aj\u0105 worki filtracyjne i dlaczego ich dob\u00f3r zmienia wi\u0119cej, ni\u017c my\u015blisz?\" sizes=\"auto, (max-width: 350px) 100vw, 350px\" data-src=\"https:\/\/forum-mechaniczne.pl\/portal\/wp-content\/uploads\/2026\/01\/Jak-dzialaja-worki-filtracyjne-i-dlaczego-ich-dobor-zmienia-wiecej-niz-myslisz-350x250.webp\" data-srcset=\"https:\/\/forum-mechaniczne.pl\/portal\/wp-content\/uploads\/2026\/01\/Jak-dzialaja-worki-filtracyjne-i-dlaczego-ich-dobor-zmienia-wiecej-niz-myslisz-350x250.webp 350w, https:\/\/forum-mechaniczne.pl\/portal\/wp-content\/uploads\/2026\/01\/Jak-dzialaja-worki-filtracyjne-i-dlaczego-ich-dobor-zmienia-wiecej-niz-myslisz-120x86.webp 120w, https:\/\/forum-mechaniczne.pl\/portal\/wp-content\/uploads\/2026\/01\/Jak-dzialaja-worki-filtracyjne-i-dlaczego-ich-dobor-zmienia-wiecej-niz-myslisz-750x533.webp 750w\" data-sizes=\"auto\" data-expand=\"700\" \/><\/div><\/a>\n                        <div class=\"jeg_post_category\">\n                            <span><a href=\"https:\/\/forum-mechaniczne.pl\/portal\/poradniki\/\" class=\"category-poradniki\">Poradniki<\/a><\/span>\n                        <\/div>\n                    <\/div>\n                    <div class=\"jeg_postblock_content\">\n                        <h3 class=\"jeg_post_title\">\n                            <a href=\"https:\/\/forum-mechaniczne.pl\/portal\/jak-dzialaja-worki-filtracyjne-i-dlaczego-ich-dobor-zmienia-wiecej-niz-myslisz\/\">Jak dzia\u0142aj\u0105 worki filtracyjne i dlaczego ich dob\u00f3r zmienia wi\u0119cej, ni\u017c my\u015blisz?<\/a>\n                        <\/h3>\n                        <div class=\"jeg_post_meta\"><div class=\"jeg_meta_date\"><a href=\"https:\/\/forum-mechaniczne.pl\/portal\/jak-dzialaja-worki-filtracyjne-i-dlaczego-ich-dobor-zmienia-wiecej-niz-myslisz\/\" ><i class=\"fa fa-clock-o\"><\/i> 2025-12-11<\/a><\/div><\/div>\n                    <\/div>\n                <\/article><article class=\"jeg_post jeg_pl_md_5 format-standard\">\n                    <div class=\"jeg_thumb\">\n                        \n                        <a href=\"https:\/\/forum-mechaniczne.pl\/portal\/izolacje-przemyslowe-w-praktyce\/\"><div class=\"thumbnail-container animate-lazy  size-715 \"><img loading=\"lazy\" decoding=\"async\" width=\"350\" height=\"250\" src=\"https:\/\/forum-mechaniczne.pl\/portal\/wp-content\/themes\/jnews\/assets\/img\/jeg-empty.png\" class=\"attachment-jnews-350x250 size-jnews-350x250 lazyload wp-post-image\" alt=\"Izolacje przemys\u0142owe w praktyce \u2013 kiedy inwestycja naprawd\u0119 zaczyna si\u0119 zwraca\u0107?\" sizes=\"auto, (max-width: 350px) 100vw, 350px\" data-src=\"https:\/\/forum-mechaniczne.pl\/portal\/wp-content\/uploads\/2026\/01\/Izolacje-przemyslowe-w-praktyce-\u2013-kiedy-inwestycja-naprawde-zaczyna-sie-zwracac-350x250.webp\" data-srcset=\"https:\/\/forum-mechaniczne.pl\/portal\/wp-content\/uploads\/2026\/01\/Izolacje-przemyslowe-w-praktyce-\u2013-kiedy-inwestycja-naprawde-zaczyna-sie-zwracac-350x250.webp 350w, https:\/\/forum-mechaniczne.pl\/portal\/wp-content\/uploads\/2026\/01\/Izolacje-przemyslowe-w-praktyce-\u2013-kiedy-inwestycja-naprawde-zaczyna-sie-zwracac-120x86.webp 120w\" data-sizes=\"auto\" data-expand=\"700\" \/><\/div><\/a>\n                        <div class=\"jeg_post_category\">\n                            <span><a href=\"https:\/\/forum-mechaniczne.pl\/portal\/poradniki\/\" class=\"category-poradniki\">Poradniki<\/a><\/span>\n                        <\/div>\n                    <\/div>\n                    <div class=\"jeg_postblock_content\">\n                        <h3 class=\"jeg_post_title\">\n                            <a href=\"https:\/\/forum-mechaniczne.pl\/portal\/izolacje-przemyslowe-w-praktyce\/\">Izolacje przemys\u0142owe w praktyce \u2013 kiedy inwestycja naprawd\u0119 zaczyna si\u0119 zwraca\u0107?<\/a>\n                        <\/h3>\n                        <div class=\"jeg_post_meta\"><div class=\"jeg_meta_date\"><a href=\"https:\/\/forum-mechaniczne.pl\/portal\/izolacje-przemyslowe-w-praktyce\/\" ><i class=\"fa fa-clock-o\"><\/i> 2025-12-11<\/a><\/div><\/div>\n                    <\/div>\n                <\/article><article class=\"jeg_post jeg_pl_md_5 format-standard\">\n                    <div class=\"jeg_thumb\">\n                        \n                        <a href=\"https:\/\/forum-mechaniczne.pl\/portal\/jak-zadbac-o-samochod\/\"><div class=\"thumbnail-container animate-lazy  size-715 \"><img loading=\"lazy\" decoding=\"async\" width=\"350\" height=\"250\" src=\"https:\/\/forum-mechaniczne.pl\/portal\/wp-content\/themes\/jnews\/assets\/img\/jeg-empty.png\" class=\"attachment-jnews-350x250 size-jnews-350x250 lazyload wp-post-image\" alt=\"Jak zadba\u0107 o samoch\u00f3d: \u015brodki do konserwacji podwozia i czernid\u0142a do plastiku\" sizes=\"auto, (max-width: 350px) 100vw, 350px\" data-src=\"https:\/\/forum-mechaniczne.pl\/portal\/wp-content\/uploads\/2025\/12\/Jak-zadbac-o-samochod-350x250.webp\" data-srcset=\"https:\/\/forum-mechaniczne.pl\/portal\/wp-content\/uploads\/2025\/12\/Jak-zadbac-o-samochod-350x250.webp 350w, https:\/\/forum-mechaniczne.pl\/portal\/wp-content\/uploads\/2025\/12\/Jak-zadbac-o-samochod-120x86.webp 120w, https:\/\/forum-mechaniczne.pl\/portal\/wp-content\/uploads\/2025\/12\/Jak-zadbac-o-samochod-750x533.webp 750w\" data-sizes=\"auto\" data-expand=\"700\" \/><\/div><\/a>\n                        <div class=\"jeg_post_category\">\n                            <span><a href=\"https:\/\/forum-mechaniczne.pl\/portal\/poradniki\/\" class=\"category-poradniki\">Poradniki<\/a><\/span>\n                        <\/div>\n                    <\/div>\n                    <div class=\"jeg_postblock_content\">\n                        <h3 class=\"jeg_post_title\">\n                            <a href=\"https:\/\/forum-mechaniczne.pl\/portal\/jak-zadbac-o-samochod\/\">Jak zadba\u0107 o samoch\u00f3d: \u015brodki do konserwacji podwozia i czernid\u0142a do plastiku<\/a>\n                        <\/h3>\n                        <div class=\"jeg_post_meta\"><div class=\"jeg_meta_date\"><a href=\"https:\/\/forum-mechaniczne.pl\/portal\/jak-zadbac-o-samochod\/\" ><i class=\"fa fa-clock-o\"><\/i> 2025-12-04<\/a><\/div><\/div>\n                    <\/div>\n                <\/article><article class=\"jeg_post jeg_pl_md_5 format-standard\">\n                    <div class=\"jeg_thumb\">\n                        \n                        <a href=\"https:\/\/forum-mechaniczne.pl\/portal\/zlacza-camlock-jakie-maja-zastosowania\/\"><div class=\"thumbnail-container animate-lazy  size-715 \"><img loading=\"lazy\" decoding=\"async\" width=\"350\" height=\"250\" src=\"https:\/\/forum-mechaniczne.pl\/portal\/wp-content\/themes\/jnews\/assets\/img\/jeg-empty.png\" class=\"attachment-jnews-350x250 size-jnews-350x250 lazyload wp-post-image\" alt=\"Z\u0142\u0105cza camlock - jakie maj\u0105 zastosowania i czym si\u0119 charakteryzuj\u0105?\" sizes=\"auto, (max-width: 350px) 100vw, 350px\" data-src=\"https:\/\/forum-mechaniczne.pl\/portal\/wp-content\/uploads\/2024\/10\/Zlacza-camlock-jakie-maja-zastosowania-i-czym-sie-charakteryzuja-350x250.webp\" data-srcset=\"https:\/\/forum-mechaniczne.pl\/portal\/wp-content\/uploads\/2024\/10\/Zlacza-camlock-jakie-maja-zastosowania-i-czym-sie-charakteryzuja-350x250.webp 350w, https:\/\/forum-mechaniczne.pl\/portal\/wp-content\/uploads\/2024\/10\/Zlacza-camlock-jakie-maja-zastosowania-i-czym-sie-charakteryzuja-120x86.webp 120w\" data-sizes=\"auto\" data-expand=\"700\" \/><\/div><\/a>\n                        <div class=\"jeg_post_category\">\n                            <span><a href=\"https:\/\/forum-mechaniczne.pl\/portal\/poradniki\/\" class=\"category-poradniki\">Poradniki<\/a><\/span>\n                        <\/div>\n                    <\/div>\n                    <div class=\"jeg_postblock_content\">\n                        <h3 class=\"jeg_post_title\">\n                            <a href=\"https:\/\/forum-mechaniczne.pl\/portal\/zlacza-camlock-jakie-maja-zastosowania\/\">Z\u0142\u0105cza camlock &#8211; jakie maj\u0105 zastosowania i czym si\u0119 charakteryzuj\u0105?<\/a>\n                        <\/h3>\n                        <div class=\"jeg_post_meta\"><div class=\"jeg_meta_date\"><a href=\"https:\/\/forum-mechaniczne.pl\/portal\/zlacza-camlock-jakie-maja-zastosowania\/\" ><i class=\"fa fa-clock-o\"><\/i> 2025-11-03<\/a><\/div><\/div>\n                    <\/div>\n                <\/article><article class=\"jeg_post jeg_pl_md_5 format-standard\">\n                    <div class=\"jeg_thumb\">\n                        \n                        <a href=\"https:\/\/forum-mechaniczne.pl\/portal\/dlaczego-oplaca-sie-garazowac-samochod\/\"><div class=\"thumbnail-container animate-lazy  size-715 \"><img loading=\"lazy\" decoding=\"async\" width=\"350\" height=\"250\" src=\"https:\/\/forum-mechaniczne.pl\/portal\/wp-content\/themes\/jnews\/assets\/img\/jeg-empty.png\" class=\"attachment-jnews-350x250 size-jnews-350x250 lazyload wp-post-image\" alt=\"Dlaczego op\u0142aca si\u0119 gara\u017cowa\u0107 samoch\u00f3d?\" sizes=\"auto, (max-width: 350px) 100vw, 350px\" data-src=\"https:\/\/forum-mechaniczne.pl\/portal\/wp-content\/uploads\/2024\/10\/Dlaczego-oplaca-sie-garazowac-samochod-350x250.webp\" data-srcset=\"https:\/\/forum-mechaniczne.pl\/portal\/wp-content\/uploads\/2024\/10\/Dlaczego-oplaca-sie-garazowac-samochod-350x250.webp 350w, https:\/\/forum-mechaniczne.pl\/portal\/wp-content\/uploads\/2024\/10\/Dlaczego-oplaca-sie-garazowac-samochod-120x86.webp 120w\" data-sizes=\"auto\" data-expand=\"700\" \/><\/div><\/a>\n                        <div class=\"jeg_post_category\">\n                            <span><a href=\"https:\/\/forum-mechaniczne.pl\/portal\/poradniki\/\" class=\"category-poradniki\">Poradniki<\/a><\/span>\n                        <\/div>\n                    <\/div>\n                    <div class=\"jeg_postblock_content\">\n                        <h3 class=\"jeg_post_title\">\n                            <a href=\"https:\/\/forum-mechaniczne.pl\/portal\/dlaczego-oplaca-sie-garazowac-samochod\/\">Dlaczego op\u0142aca si\u0119 gara\u017cowa\u0107 samoch\u00f3d?<\/a>\n                        <\/h3>\n                        <div class=\"jeg_post_meta\"><div class=\"jeg_meta_date\"><a href=\"https:\/\/forum-mechaniczne.pl\/portal\/dlaczego-oplaca-sie-garazowac-samochod\/\" ><i class=\"fa fa-clock-o\"><\/i> 2025-11-03<\/a><\/div><\/div>\n                    <\/div>\n                <\/article><article class=\"jeg_post jeg_pl_md_5 format-standard\">\n                    <div class=\"jeg_thumb\">\n                        \n                        <a href=\"https:\/\/forum-mechaniczne.pl\/portal\/podwojna-obsada-kierowcow-czy-warto\/\"><div class=\"thumbnail-container animate-lazy  size-715 \"><img loading=\"lazy\" decoding=\"async\" width=\"350\" height=\"250\" src=\"https:\/\/forum-mechaniczne.pl\/portal\/wp-content\/themes\/jnews\/assets\/img\/jeg-empty.png\" class=\"attachment-jnews-350x250 size-jnews-350x250 lazyload wp-post-image\" alt=\"Podw\u00f3jna obsada kierowc\u00f3w \u2013 czy warto?\" sizes=\"auto, (max-width: 350px) 100vw, 350px\" data-src=\"https:\/\/forum-mechaniczne.pl\/portal\/wp-content\/uploads\/2024\/10\/Podwojna-obsada-kierowcow-\u2013-czy-warto-350x250.webp\" data-srcset=\"https:\/\/forum-mechaniczne.pl\/portal\/wp-content\/uploads\/2024\/10\/Podwojna-obsada-kierowcow-\u2013-czy-warto-350x250.webp 350w, https:\/\/forum-mechaniczne.pl\/portal\/wp-content\/uploads\/2024\/10\/Podwojna-obsada-kierowcow-\u2013-czy-warto-120x86.webp 120w\" data-sizes=\"auto\" data-expand=\"700\" \/><\/div><\/a>\n                        <div class=\"jeg_post_category\">\n                            <span><a href=\"https:\/\/forum-mechaniczne.pl\/portal\/poradniki\/\" class=\"category-poradniki\">Poradniki<\/a><\/span>\n                        <\/div>\n                    <\/div>\n                    <div class=\"jeg_postblock_content\">\n                        <h3 class=\"jeg_post_title\">\n                            <a href=\"https:\/\/forum-mechaniczne.pl\/portal\/podwojna-obsada-kierowcow-czy-warto\/\">Podw\u00f3jna obsada kierowc\u00f3w \u2013 czy warto?<\/a>\n                        <\/h3>\n                        <div class=\"jeg_post_meta\"><div class=\"jeg_meta_date\"><a href=\"https:\/\/forum-mechaniczne.pl\/portal\/podwojna-obsada-kierowcow-czy-warto\/\" ><i class=\"fa fa-clock-o\"><\/i> 2025-11-03<\/a><\/div><\/div>\n                    <\/div>\n                <\/article><article class=\"jeg_post jeg_pl_md_5 format-standard\">\n                    <div class=\"jeg_thumb\">\n                        \n                        <a href=\"https:\/\/forum-mechaniczne.pl\/portal\/czesci-do-regeneracji-turbosprezarki-jakie-sa-potrzebne\/\"><div class=\"thumbnail-container animate-lazy  size-715 \"><img loading=\"lazy\" decoding=\"async\" width=\"350\" height=\"250\" src=\"https:\/\/forum-mechaniczne.pl\/portal\/wp-content\/themes\/jnews\/assets\/img\/jeg-empty.png\" class=\"attachment-jnews-350x250 size-jnews-350x250 lazyload wp-post-image\" alt=\"Cz\u0119\u015bci do regeneracji turbospr\u0119\u017carki \u2013 jakie s\u0105 potrzebne\" sizes=\"auto, (max-width: 350px) 100vw, 350px\" data-src=\"https:\/\/forum-mechaniczne.pl\/portal\/wp-content\/uploads\/2024\/10\/Czesci-do-regeneracji-turbosprezarki-\u2013-jakie-sa-potrzebne-350x250.webp\" data-srcset=\"https:\/\/forum-mechaniczne.pl\/portal\/wp-content\/uploads\/2024\/10\/Czesci-do-regeneracji-turbosprezarki-\u2013-jakie-sa-potrzebne-350x250.webp 350w, https:\/\/forum-mechaniczne.pl\/portal\/wp-content\/uploads\/2024\/10\/Czesci-do-regeneracji-turbosprezarki-\u2013-jakie-sa-potrzebne-800x570.webp 800w, https:\/\/forum-mechaniczne.pl\/portal\/wp-content\/uploads\/2024\/10\/Czesci-do-regeneracji-turbosprezarki-\u2013-jakie-sa-potrzebne-120x86.webp 120w, https:\/\/forum-mechaniczne.pl\/portal\/wp-content\/uploads\/2024\/10\/Czesci-do-regeneracji-turbosprezarki-\u2013-jakie-sa-potrzebne-750x536.webp 750w\" data-sizes=\"auto\" data-expand=\"700\" \/><\/div><\/a>\n                        <div class=\"jeg_post_category\">\n                            <span><a href=\"https:\/\/forum-mechaniczne.pl\/portal\/poradniki\/\" class=\"category-poradniki\">Poradniki<\/a><\/span>\n                        <\/div>\n                    <\/div>\n                    <div class=\"jeg_postblock_content\">\n                        <h3 class=\"jeg_post_title\">\n                            <a href=\"https:\/\/forum-mechaniczne.pl\/portal\/czesci-do-regeneracji-turbosprezarki-jakie-sa-potrzebne\/\">Cz\u0119\u015bci do regeneracji turbospr\u0119\u017carki \u2013 jakie s\u0105 potrzebne<\/a>\n                        <\/h3>\n                        <div class=\"jeg_post_meta\"><div class=\"jeg_meta_date\"><a href=\"https:\/\/forum-mechaniczne.pl\/portal\/czesci-do-regeneracji-turbosprezarki-jakie-sa-potrzebne\/\" ><i class=\"fa fa-clock-o\"><\/i> 2025-11-03<\/a><\/div><\/div>\n                    <\/div>\n                <\/article>\n                    <\/div>\n                <\/div>\n                    <div class='module-overlay'>\n\t\t\t\t    <div class='preloader_type preloader_dot'>\n\t\t\t\t        <div class=\"module-preloader jeg_preloader dot\">\n\t\t\t\t            <span><\/span><span><\/span><span><\/span>\n\t\t\t\t        <\/div>\n\t\t\t\t        <div class=\"module-preloader jeg_preloader circle\">\n\t\t\t\t            <div class=\"jnews_preloader_circle_outer\">\n\t\t\t\t                <div class=\"jnews_preloader_circle_inner\"><\/div>\n\t\t\t\t            <\/div>\n\t\t\t\t        <\/div>\n\t\t\t\t        <div class=\"module-preloader jeg_preloader square\">\n\t\t\t\t            <div class=\"jeg_square\">\n\t\t\t\t                <div class=\"jeg_square_inner\"><\/div>\n\t\t\t\t            <\/div>\n\t\t\t\t        <\/div>\n\t\t\t\t    <\/div>\n\t\t\t\t<\/div>\n                <\/div>\n                <div class=\"jeg_block_navigation\">\n                    <div class='navigation_overlay'><div class='module-preloader jeg_preloader'><span><\/span><span><\/span><span><\/span><\/div><\/div>\n                    <div class=\"jeg_block_loadmore \">\n                    <a href=\"#\" class='' data-load='Load More' data-loading='Loading...'> Load More<\/a>\n                <\/div>\n                    \n                <\/div>\n\t\t\t\t\t\n\t\t\t\t\t<script>var jnews_module__3_69f401bdb517b = {\"header_icon\":\"\",\"first_title\":\"Poradniki\",\"second_title\":\"\",\"url\":\"\",\"header_type\":\"heading_2\",\"header_background\":\"\",\"header_secondary_background\":\"\",\"header_text_color\":\"\",\"header_line_color\":\"\",\"header_accent_color\":\"\",\"header_filter_category\":\"\",\"header_filter_author\":\"\",\"header_filter_tag\":\"\",\"header_filter_text\":\"All\",\"post_type\":\"post\",\"content_type\":\"all\",\"sponsor\":\"\",\"number_post\":\"18\",\"post_offset\":\"0\",\"unique_content\":\"disable\",\"include_post\":\"\",\"included_only\":\"\",\"exclude_post\":\"\",\"include_category\":\"4\",\"exclude_category\":\"\",\"include_author\":\"\",\"include_tag\":\"\",\"exclude_tag\":\"\",\"sort_by\":\"latest\",\"date_format\":\"default\",\"date_format_custom\":\"Y\\\/m\\\/d\",\"force_normal_image_load\":\"\",\"pagination_mode\":\"loadmore\",\"pagination_nextprev_showtext\":\"\",\"pagination_number_post\":\"6\",\"pagination_scroll_limit\":0,\"boxed\":\"\",\"boxed_shadow\":\"\",\"el_id\":\"\",\"el_class\":\"\",\"scheme\":\"\",\"column_width\":\"auto\",\"title_color\":\"\",\"accent_color\":\"\",\"alt_color\":\"\",\"excerpt_color\":\"\",\"css\":\"\",\"compatible_column_notice\":\"\",\"paged\":1,\"column_class\":\"jeg_col_2o3\",\"class\":\"jnews_block_22\"};<\/script>\n\t\t\t\t<\/div><div  class=\"jeg_postblock_1 jeg_postblock jeg_module_hook jeg_pagination_disable jeg_col_2o3 jnews_module__4_69f401bdbc7d6   \" data-unique=\"jnews_module__4_69f401bdbc7d6\">\n\t\t\t\t\t<div class=\"jeg_block_heading jeg_block_heading_6 jeg_subcat_right\">\n                     <h3 class=\"jeg_block_title\"><span>Mechanika<\/span><\/h3>\n                     \n                 <\/div>\n\t\t\t\t\t<div class=\"jeg_block_container jeg_load_more_flag\">\n\t\t\t\t\t\n\t\t\t\t\t<div class=\"jeg_posts row\">\n\t\t\t\t\t<article class=\"jeg_post jeg_pl_lg_1 col-sm-6 format-standard\">\n\t\t\t\t\t\t<div class=\"jeg_thumb\">\n\t\t\t\t\t\n\t\t\t\t\t<a href=\"https:\/\/forum-mechaniczne.pl\/portal\/a2-czy-a4-jak-dobrac-wkrety-nierdzewne-do-warunkow-pracy\/\"><div class=\"thumbnail-container animate-lazy  size-500 \"><img loading=\"lazy\" decoding=\"async\" width=\"360\" height=\"180\" src=\"https:\/\/forum-mechaniczne.pl\/portal\/wp-content\/themes\/jnews\/assets\/img\/jeg-empty.png\" class=\"attachment-jnews-360x180 size-jnews-360x180 lazyload wp-post-image\" alt=\"A2 czy A4? Jak dobra\u0107 wkr\u0119ty nierdzewne do warunk\u00f3w pracy?\" sizes=\"auto, (max-width: 360px) 100vw, 360px\" data-src=\"https:\/\/forum-mechaniczne.pl\/portal\/wp-content\/uploads\/2026\/01\/A2-czy-A4-Jak-dobrac-wkrety-nierdzewne-do-warunkow-pracy-360x180.webp\" data-srcset=\"https:\/\/forum-mechaniczne.pl\/portal\/wp-content\/uploads\/2026\/01\/A2-czy-A4-Jak-dobrac-wkrety-nierdzewne-do-warunkow-pracy-360x180.webp 360w, https:\/\/forum-mechaniczne.pl\/portal\/wp-content\/uploads\/2026\/01\/A2-czy-A4-Jak-dobrac-wkrety-nierdzewne-do-warunkow-pracy-750x375.webp 750w\" data-sizes=\"auto\" data-expand=\"700\" \/><\/div><\/a>\n\t\t\t\t\t<div class=\"jeg_post_category\">\n\t\t\t\t\t\t<span><a href=\"https:\/\/forum-mechaniczne.pl\/portal\/mechanika\/\" class=\"category-mechanika\">Mechanika<\/a><\/span>\n\t\t\t\t\t<\/div>\n\t\t\t\t<\/div>\n\t\t\t\t<div class=\"jeg_postblock_content\">\n\t\t\t\t\t<h3 property=\"headline\" class=\"jeg_post_title\">\n\t\t\t\t\t\t<a href=\"https:\/\/forum-mechaniczne.pl\/portal\/a2-czy-a4-jak-dobrac-wkrety-nierdzewne-do-warunkow-pracy\/\">A2 czy A4? Jak dobra\u0107 wkr\u0119ty nierdzewne do warunk\u00f3w pracy?<\/a>\n\t\t\t\t\t<\/h3>\n\t\t\t\t\t<div class=\"jeg_post_meta\"><div class=\"jeg_meta_author\"><span class=\"by\">by<\/span> <a href=\"https:\/\/forum-mechaniczne.pl\/portal\/author\/michal\/\">Micha\u0142 Koz\u0142owski<\/a><\/div><div class=\"jeg_meta_date\"><a href=\"https:\/\/forum-mechaniczne.pl\/portal\/a2-czy-a4-jak-dobrac-wkrety-nierdzewne-do-warunkow-pracy\/\"><i class=\"fa fa-clock-o\"><\/i> 2025-12-13<\/a><\/div><div class=\"jeg_meta_comment\"><a href=\"https:\/\/forum-mechaniczne.pl\/portal\/a2-czy-a4-jak-dobrac-wkrety-nierdzewne-do-warunkow-pracy\/#comments\" ><i class=\"fa fa-comment-o\"><\/i> 0 <\/a><\/div><\/div>\n\t\t\t\t\t<div class=\"jeg_post_excerpt\">\n\t\t\t\t\t\t<p>Zanim wejdziesz w detale techniczne, jedno warto powiedzie\u0107 wprost: wyb\u00f3r stali nierdzewnej to nie jest drobiazg, kt\u00f3ry mo\u017cna zostawi\u0107 \u201ena...<\/p>\n\t\t\t\t\t\t<a href=\"https:\/\/forum-mechaniczne.pl\/portal\/a2-czy-a4-jak-dobrac-wkrety-nierdzewne-do-warunkow-pracy\/\" class=\"jeg_readmore\">Read more<\/a>\n\t\t\t\t\t<\/div>\n\t\t\t\t<\/div>\n\t\t\t\t\t<\/article>\n\t\t\t\t\t<div class=\"jeg_postsmall col-sm-6\">\n\t\t\t\t\t\t<article class=\"jeg_post jeg_pl_sm format-standard\">\n\t\t\t\t\t<div class=\"jeg_thumb\">\n\t\t\t\t\t\t\n\t\t\t\t\t\t<a href=\"https:\/\/forum-mechaniczne.pl\/portal\/najwazniejsze-informacje-na-temat-sprzegla\/\">\n\t\t\t\t\t\t\t<div class=\"thumbnail-container animate-lazy  size-715 \"><img loading=\"lazy\" decoding=\"async\" width=\"120\" height=\"80\" src=\"https:\/\/forum-mechaniczne.pl\/portal\/wp-content\/themes\/jnews\/assets\/img\/jeg-empty.png\" class=\"attachment-jnews-120x86 size-jnews-120x86 lazyload wp-post-image\" alt=\"Najwa\u017cniejsze informacje na temat sprz\u0119g\u0142a\" sizes=\"auto, (max-width: 120px) 100vw, 120px\" data-src=\"https:\/\/forum-mechaniczne.pl\/portal\/wp-content\/uploads\/2020\/12\/sprzeglo-w-samochodzie.jpg\" data-srcset=\"https:\/\/forum-mechaniczne.pl\/portal\/wp-content\/uploads\/2020\/12\/sprzeglo-w-samochodzie.jpg 750w, https:\/\/forum-mechaniczne.pl\/portal\/wp-content\/uploads\/2020\/12\/sprzeglo-w-samochodzie-300x200.jpg 300w\" data-sizes=\"auto\" data-expand=\"700\" \/><\/div>\n\t\t\t\t\t\t<\/a>\n\t\t\t\t\t<\/div>\n\t\t\t\t\t<div class=\"jeg_postblock_content\">\n\t\t\t\t\t\t<h3 class=\"jeg_post_title\">\n\t\t\t\t\t\t\t<a href=\"https:\/\/forum-mechaniczne.pl\/portal\/najwazniejsze-informacje-na-temat-sprzegla\/\">Najwa\u017cniejsze informacje na temat sprz\u0119g\u0142a<\/a>\n\t\t\t\t\t\t<\/h3>\n\t\t\t\t\t\t<div class=\"jeg_post_meta\"><div class=\"jeg_meta_date\"><a href=\"https:\/\/forum-mechaniczne.pl\/portal\/najwazniejsze-informacje-na-temat-sprzegla\/\" ><i class=\"fa fa-clock-o\"><\/i> 2025-03-07<\/a><\/div><\/div>\n\t\t\t\t\t<\/div>\n\t\t\t\t<\/article><article class=\"jeg_post jeg_pl_sm format-standard\">\n\t\t\t\t\t<div class=\"jeg_thumb\">\n\t\t\t\t\t\t\n\t\t\t\t\t\t<a href=\"https:\/\/forum-mechaniczne.pl\/portal\/mechanik-blacharz-i-lakiernik-samochodowy-jak-wyglada-praca\/\">\n\t\t\t\t\t\t\t<div class=\"thumbnail-container animate-lazy  size-715 \"><img loading=\"lazy\" decoding=\"async\" width=\"120\" height=\"80\" src=\"https:\/\/forum-mechaniczne.pl\/portal\/wp-content\/themes\/jnews\/assets\/img\/jeg-empty.png\" class=\"attachment-jnews-120x86 size-jnews-120x86 lazyload wp-post-image\" alt=\"Mechanik, blacharz i lakiernik samochodowy - jak wygl\u0105da praca w tych zawodach?\" sizes=\"auto, (max-width: 120px) 100vw, 120px\" data-src=\"https:\/\/forum-mechaniczne.pl\/portal\/wp-content\/uploads\/2022\/11\/mechanik.jpg\" data-srcset=\"https:\/\/forum-mechaniczne.pl\/portal\/wp-content\/uploads\/2022\/11\/mechanik.jpg 800w, https:\/\/forum-mechaniczne.pl\/portal\/wp-content\/uploads\/2022\/11\/mechanik-300x200.jpg 300w, https:\/\/forum-mechaniczne.pl\/portal\/wp-content\/uploads\/2022\/11\/mechanik-768x512.jpg 768w\" data-sizes=\"auto\" data-expand=\"700\" \/><\/div>\n\t\t\t\t\t\t<\/a>\n\t\t\t\t\t<\/div>\n\t\t\t\t\t<div class=\"jeg_postblock_content\">\n\t\t\t\t\t\t<h3 class=\"jeg_post_title\">\n\t\t\t\t\t\t\t<a href=\"https:\/\/forum-mechaniczne.pl\/portal\/mechanik-blacharz-i-lakiernik-samochodowy-jak-wyglada-praca\/\">Mechanik, blacharz i lakiernik samochodowy &#8211; jak wygl\u0105da praca w tych zawodach?<\/a>\n\t\t\t\t\t\t<\/h3>\n\t\t\t\t\t\t<div class=\"jeg_post_meta\"><div class=\"jeg_meta_date\"><a href=\"https:\/\/forum-mechaniczne.pl\/portal\/mechanik-blacharz-i-lakiernik-samochodowy-jak-wyglada-praca\/\" ><i class=\"fa fa-clock-o\"><\/i> 2023-12-01<\/a><\/div><\/div>\n\t\t\t\t\t<\/div>\n\t\t\t\t<\/article><article class=\"jeg_post jeg_pl_sm format-standard\">\n\t\t\t\t\t<div class=\"jeg_thumb\">\n\t\t\t\t\t\t\n\t\t\t\t\t\t<a href=\"https:\/\/forum-mechaniczne.pl\/portal\/nowe-technologie-w-samochodach\/\">\n\t\t\t\t\t\t\t<div class=\"thumbnail-container animate-lazy  size-715 \"><img loading=\"lazy\" decoding=\"async\" width=\"120\" height=\"82\" src=\"https:\/\/forum-mechaniczne.pl\/portal\/wp-content\/themes\/jnews\/assets\/img\/jeg-empty.png\" class=\"attachment-jnews-120x86 size-jnews-120x86 lazyload wp-post-image\" alt=\"Nowe technologie w samochodach: Wp\u0142yw na mechanik\u0119 i serwisowanie\" sizes=\"auto, (max-width: 120px) 100vw, 120px\" data-src=\"https:\/\/forum-mechaniczne.pl\/portal\/wp-content\/uploads\/2023\/06\/Nowe-technologie-w-samochodach.jpg\" data-srcset=\"https:\/\/forum-mechaniczne.pl\/portal\/wp-content\/uploads\/2023\/06\/Nowe-technologie-w-samochodach.jpg 800w, https:\/\/forum-mechaniczne.pl\/portal\/wp-content\/uploads\/2023\/06\/Nowe-technologie-w-samochodach-300x206.jpg 300w, https:\/\/forum-mechaniczne.pl\/portal\/wp-content\/uploads\/2023\/06\/Nowe-technologie-w-samochodach-768x526.jpg 768w\" data-sizes=\"auto\" data-expand=\"700\" \/><\/div>\n\t\t\t\t\t\t<\/a>\n\t\t\t\t\t<\/div>\n\t\t\t\t\t<div class=\"jeg_postblock_content\">\n\t\t\t\t\t\t<h3 class=\"jeg_post_title\">\n\t\t\t\t\t\t\t<a href=\"https:\/\/forum-mechaniczne.pl\/portal\/nowe-technologie-w-samochodach\/\">Nowe technologie w samochodach: Wp\u0142yw na mechanik\u0119 i serwisowanie<\/a>\n\t\t\t\t\t\t<\/h3>\n\t\t\t\t\t\t<div class=\"jeg_post_meta\"><div class=\"jeg_meta_date\"><a href=\"https:\/\/forum-mechaniczne.pl\/portal\/nowe-technologie-w-samochodach\/\" ><i class=\"fa fa-clock-o\"><\/i> 2023-06-03<\/a><\/div><\/div>\n\t\t\t\t\t<\/div>\n\t\t\t\t<\/article><article class=\"jeg_post jeg_pl_sm format-standard\">\n\t\t\t\t\t<div class=\"jeg_thumb\">\n\t\t\t\t\t\t\n\t\t\t\t\t\t<a href=\"https:\/\/forum-mechaniczne.pl\/portal\/precyzyjne-ciecie-laserem-sprawdz-najpopularniejsze-dostepne-na-rynku\/\">\n\t\t\t\t\t\t\t<div class=\"thumbnail-container animate-lazy  size-715 \"><img loading=\"lazy\" decoding=\"async\" width=\"120\" height=\"80\" src=\"https:\/\/forum-mechaniczne.pl\/portal\/wp-content\/themes\/jnews\/assets\/img\/jeg-empty.png\" class=\"attachment-jnews-120x86 size-jnews-120x86 lazyload wp-post-image\" alt=\"Precyzyjne ci\u0119cia laserem\" sizes=\"auto, (max-width: 120px) 100vw, 120px\" data-src=\"https:\/\/forum-mechaniczne.pl\/portal\/wp-content\/uploads\/2022\/05\/Precyzyjne-ciecia-laserem.jpg\" data-srcset=\"https:\/\/forum-mechaniczne.pl\/portal\/wp-content\/uploads\/2022\/05\/Precyzyjne-ciecia-laserem.jpg 800w, https:\/\/forum-mechaniczne.pl\/portal\/wp-content\/uploads\/2022\/05\/Precyzyjne-ciecia-laserem-300x200.jpg 300w, https:\/\/forum-mechaniczne.pl\/portal\/wp-content\/uploads\/2022\/05\/Precyzyjne-ciecia-laserem-768x513.jpg 768w\" data-sizes=\"auto\" data-expand=\"700\" \/><\/div>\n\t\t\t\t\t\t<\/a>\n\t\t\t\t\t<\/div>\n\t\t\t\t\t<div class=\"jeg_postblock_content\">\n\t\t\t\t\t\t<h3 class=\"jeg_post_title\">\n\t\t\t\t\t\t\t<a href=\"https:\/\/forum-mechaniczne.pl\/portal\/precyzyjne-ciecie-laserem-sprawdz-najpopularniejsze-dostepne-na-rynku\/\">Precyzyjne ci\u0119cie laserem &#8211; sprawd\u017a najpopularniejsze dost\u0119pne na rynku metody ci\u0119cia blach<\/a>\n\t\t\t\t\t\t<\/h3>\n\t\t\t\t\t\t<div class=\"jeg_post_meta\"><div class=\"jeg_meta_date\"><a href=\"https:\/\/forum-mechaniczne.pl\/portal\/precyzyjne-ciecie-laserem-sprawdz-najpopularniejsze-dostepne-na-rynku\/\" ><i class=\"fa fa-clock-o\"><\/i> 2023-05-31<\/a><\/div><\/div>\n\t\t\t\t\t<\/div>\n\t\t\t\t<\/article>\n\t\t\t\t\t<\/div>\n\t\t\t\t<\/div>\n\t\t\t\t\t<div class='module-overlay'>\n\t\t\t\t    <div class='preloader_type preloader_dot'>\n\t\t\t\t        <div class=\"module-preloader jeg_preloader dot\">\n\t\t\t\t            <span><\/span><span><\/span><span><\/span>\n\t\t\t\t        <\/div>\n\t\t\t\t        <div class=\"module-preloader jeg_preloader circle\">\n\t\t\t\t            <div class=\"jnews_preloader_circle_outer\">\n\t\t\t\t                <div class=\"jnews_preloader_circle_inner\"><\/div>\n\t\t\t\t            <\/div>\n\t\t\t\t        <\/div>\n\t\t\t\t        <div class=\"module-preloader jeg_preloader square\">\n\t\t\t\t            <div class=\"jeg_square\">\n\t\t\t\t                <div class=\"jeg_square_inner\"><\/div>\n\t\t\t\t            <\/div>\n\t\t\t\t        <\/div>\n\t\t\t\t    <\/div>\n\t\t\t\t<\/div>\n\t\t\t\t<\/div>\n\t\t\t\t<div class=\"jeg_block_navigation\">\n\t\t\t\t\t<div class='navigation_overlay'><div class='module-preloader jeg_preloader'><span><\/span><span><\/span><span><\/span><\/div><\/div>\n\t\t\t\t\t\n\t\t\t\t\t\n\t\t\t\t<\/div>\n\t\t\t\t\t\n\t\t\t\t\t<script>var jnews_module__4_69f401bdbc7d6 = {\"header_icon\":\"\",\"first_title\":\"Mechanika\",\"second_title\":\"\",\"url\":\"\",\"header_type\":\"heading_6\",\"header_background\":\"\",\"header_secondary_background\":\"\",\"header_text_color\":\"\",\"header_line_color\":\"\",\"header_accent_color\":\"\",\"header_filter_category\":\"\",\"header_filter_author\":\"\",\"header_filter_tag\":\"\",\"header_filter_text\":\"All\",\"post_type\":\"post\",\"content_type\":\"all\",\"sponsor\":\"\",\"number_post\":\"5\",\"post_offset\":\"0\",\"unique_content\":\"disable\",\"include_post\":\"\",\"included_only\":\"\",\"exclude_post\":\"\",\"include_category\":\"3\",\"exclude_category\":\"\",\"include_author\":\"\",\"include_tag\":\"\",\"exclude_tag\":\"\",\"sort_by\":\"latest\",\"date_format\":\"default\",\"date_format_custom\":\"Y\\\/m\\\/d\",\"excerpt_length\":\"20\",\"excerpt_ellipsis\":\"...\",\"force_normal_image_load\":\"\",\"pagination_mode\":\"disable\",\"pagination_nextprev_showtext\":\"\",\"pagination_number_post\":5,\"pagination_scroll_limit\":0,\"boxed\":\"\",\"boxed_shadow\":\"\",\"el_id\":\"\",\"el_class\":\"\",\"scheme\":\"\",\"column_width\":\"auto\",\"title_color\":\"\",\"accent_color\":\"\",\"alt_color\":\"\",\"excerpt_color\":\"\",\"css\":\"\",\"compatible_column_notice\":\"\",\"paged\":1,\"column_class\":\"jeg_col_2o3\",\"class\":\"jnews_block_1\"};<\/script>\n\t\t\t\t<\/div><div  class=\"jeg_postblock_9 jeg_postblock jeg_module_hook jeg_pagination_disable jeg_col_2o3 jnews_module__5_69f401bdbf984   \" data-unique=\"jnews_module__5_69f401bdbf984\">\n\t\t\t\t\t<div class=\"jeg_block_heading jeg_block_heading_6 jeg_subcat_right\">\n                     <h3 class=\"jeg_block_title\"><span>Informacje<\/span><\/h3>\n                     \n                 <\/div>\n\t\t\t\t\t<div class=\"jeg_block_container\">\n                    \n                    <div class=\"jeg_posts_wrap\"><div class=\"jeg_posts jeg_load_more_flag\"><article class=\"jeg_post jeg_pl_md_1 format-standard\">\n                    <div class=\"jeg_thumb\">\n                        \n                        <a href=\"https:\/\/forum-mechaniczne.pl\/portal\/gadzety-reklamowe-dla-warsztatow-samochodowych\/\"><div class=\"thumbnail-container animate-lazy  size-500 \"><img loading=\"lazy\" decoding=\"async\" width=\"360\" height=\"180\" src=\"https:\/\/forum-mechaniczne.pl\/portal\/wp-content\/themes\/jnews\/assets\/img\/jeg-empty.png\" class=\"attachment-jnews-360x180 size-jnews-360x180 lazyload wp-post-image\" alt=\"Gad\u017cety reklamowe dla warsztat\u00f3w samochodowych\" sizes=\"auto, (max-width: 360px) 100vw, 360px\" data-src=\"https:\/\/forum-mechaniczne.pl\/portal\/wp-content\/uploads\/2026\/04\/Gadzety-reklamowe-dla-warsztatow-samochodowych-sprawdzone-sposoby-na-przyciagniecie-i-utrzymanie-klientow-360x180.webp\" data-srcset=\"https:\/\/forum-mechaniczne.pl\/portal\/wp-content\/uploads\/2026\/04\/Gadzety-reklamowe-dla-warsztatow-samochodowych-sprawdzone-sposoby-na-przyciagniecie-i-utrzymanie-klientow-360x180.webp 360w, https:\/\/forum-mechaniczne.pl\/portal\/wp-content\/uploads\/2026\/04\/Gadzety-reklamowe-dla-warsztatow-samochodowych-sprawdzone-sposoby-na-przyciagniecie-i-utrzymanie-klientow-750x375.webp 750w\" data-sizes=\"auto\" data-expand=\"700\" \/><\/div><\/a>\n                        <div class=\"jeg_post_category\">\n                            <span><a href=\"https:\/\/forum-mechaniczne.pl\/portal\/informacje\/\" class=\"category-informacje\">Informacje<\/a><\/span>\n                        <\/div>\n                    <\/div>\n                    <div class=\"jeg_postblock_content\">\n                        <h3 class=\"jeg_post_title\">\n                            <a href=\"https:\/\/forum-mechaniczne.pl\/portal\/gadzety-reklamowe-dla-warsztatow-samochodowych\/\">Gad\u017cety reklamowe dla warsztat\u00f3w samochodowych \u2013 sprawdzone sposoby na przyci\u0105gni\u0119cie i utrzymanie klient\u00f3w<\/a>\n                        <\/h3>\n                        <div class=\"jeg_post_meta\"><div class=\"jeg_meta_date\"><a href=\"https:\/\/forum-mechaniczne.pl\/portal\/gadzety-reklamowe-dla-warsztatow-samochodowych\/\" ><i class=\"fa fa-clock-o\"><\/i> 2026-04-16<\/a><\/div><\/div>\n                    <\/div>\n                <\/article><article class=\"jeg_post jeg_pl_md_1 format-standard\">\n                    <div class=\"jeg_thumb\">\n                        \n                        <a href=\"https:\/\/forum-mechaniczne.pl\/portal\/ocena-ryzyka-zawodowego-w-warsztacie-samochodowym\/\"><div class=\"thumbnail-container animate-lazy  size-500 \"><img loading=\"lazy\" decoding=\"async\" width=\"360\" height=\"180\" src=\"https:\/\/forum-mechaniczne.pl\/portal\/wp-content\/themes\/jnews\/assets\/img\/jeg-empty.png\" class=\"attachment-jnews-360x180 size-jnews-360x180 lazyload wp-post-image\" alt=\"Ocena ryzyka zawodowego w warsztacie samochodowym - o czym musisz pami\u0119ta\u0107?\" sizes=\"auto, (max-width: 360px) 100vw, 360px\" data-src=\"https:\/\/forum-mechaniczne.pl\/portal\/wp-content\/uploads\/2026\/03\/Ocena-ryzyka-zawodowego-w-warsztacie-samochodowym-o-czym-musisz-pamietac-360x180.webp\" data-srcset=\"https:\/\/forum-mechaniczne.pl\/portal\/wp-content\/uploads\/2026\/03\/Ocena-ryzyka-zawodowego-w-warsztacie-samochodowym-o-czym-musisz-pamietac-360x180.webp 360w, https:\/\/forum-mechaniczne.pl\/portal\/wp-content\/uploads\/2026\/03\/Ocena-ryzyka-zawodowego-w-warsztacie-samochodowym-o-czym-musisz-pamietac-750x375.webp 750w\" data-sizes=\"auto\" data-expand=\"700\" \/><\/div><\/a>\n                        <div class=\"jeg_post_category\">\n                            <span><a href=\"https:\/\/forum-mechaniczne.pl\/portal\/informacje\/\" class=\"category-informacje\">Informacje<\/a><\/span>\n                        <\/div>\n                    <\/div>\n                    <div class=\"jeg_postblock_content\">\n                        <h3 class=\"jeg_post_title\">\n                            <a href=\"https:\/\/forum-mechaniczne.pl\/portal\/ocena-ryzyka-zawodowego-w-warsztacie-samochodowym\/\">Ocena ryzyka zawodowego w warsztacie samochodowym &#8211; o czym musisz pami\u0119ta\u0107?<\/a>\n                        <\/h3>\n                        <div class=\"jeg_post_meta\"><div class=\"jeg_meta_date\"><a href=\"https:\/\/forum-mechaniczne.pl\/portal\/ocena-ryzyka-zawodowego-w-warsztacie-samochodowym\/\" ><i class=\"fa fa-clock-o\"><\/i> 2026-03-08<\/a><\/div><\/div>\n                    <\/div>\n                <\/article><article class=\"jeg_post jeg_pl_md_1 format-standard\">\n                    <div class=\"jeg_thumb\">\n                        \n                        <a href=\"https:\/\/forum-mechaniczne.pl\/portal\/jak-wybrac-parking-przy-lotnisku-chopina\/\"><div class=\"thumbnail-container animate-lazy  size-500 \"><img loading=\"lazy\" decoding=\"async\" width=\"360\" height=\"180\" src=\"https:\/\/forum-mechaniczne.pl\/portal\/wp-content\/themes\/jnews\/assets\/img\/jeg-empty.png\" class=\"attachment-jnews-360x180 size-jnews-360x180 lazyload wp-post-image\" alt=\"Lotnisko Chopina, fot. 9parusnikov \/ Vista\" sizes=\"auto, (max-width: 360px) 100vw, 360px\" data-src=\"https:\/\/forum-mechaniczne.pl\/portal\/wp-content\/uploads\/2026\/02\/parking-przy-lotnisku-chopina-360x180.webp\" data-srcset=\"https:\/\/forum-mechaniczne.pl\/portal\/wp-content\/uploads\/2026\/02\/parking-przy-lotnisku-chopina-360x180.webp 360w, https:\/\/forum-mechaniczne.pl\/portal\/wp-content\/uploads\/2026\/02\/parking-przy-lotnisku-chopina-750x375.webp 750w\" data-sizes=\"auto\" data-expand=\"700\" \/><\/div><\/a>\n                        <div class=\"jeg_post_category\">\n                            <span><a href=\"https:\/\/forum-mechaniczne.pl\/portal\/informacje\/\" class=\"category-informacje\">Informacje<\/a><\/span>\n                        <\/div>\n                    <\/div>\n                    <div class=\"jeg_postblock_content\">\n                        <h3 class=\"jeg_post_title\">\n                            <a href=\"https:\/\/forum-mechaniczne.pl\/portal\/jak-wybrac-parking-przy-lotnisku-chopina\/\">Parking przy lotnisku Chopina: 5 wskaz\u00f3wek, jak znale\u017a\u0107 najlepszy parking<\/a>\n                        <\/h3>\n                        <div class=\"jeg_post_meta\"><div class=\"jeg_meta_date\"><a href=\"https:\/\/forum-mechaniczne.pl\/portal\/jak-wybrac-parking-przy-lotnisku-chopina\/\" ><i class=\"fa fa-clock-o\"><\/i> 2026-02-20<\/a><\/div><\/div>\n                    <\/div>\n                <\/article><article class=\"jeg_post jeg_pl_md_1 format-standard\">\n                    <div class=\"jeg_thumb\">\n                        \n                        <a href=\"https:\/\/forum-mechaniczne.pl\/portal\/carport-aluminiowy\/\"><div class=\"thumbnail-container animate-lazy  size-500 \"><img loading=\"lazy\" decoding=\"async\" width=\"360\" height=\"180\" src=\"https:\/\/forum-mechaniczne.pl\/portal\/wp-content\/themes\/jnews\/assets\/img\/jeg-empty.png\" class=\"attachment-jnews-360x180 size-jnews-360x180 lazyload wp-post-image\" alt=\"Carport aluminiowy \u2013 nowoczesne rozwi\u0105zanie ochrony pojazdu na lata\" sizes=\"auto, (max-width: 360px) 100vw, 360px\" data-src=\"https:\/\/forum-mechaniczne.pl\/portal\/wp-content\/uploads\/2026\/02\/Carport-aluminiowy-\u2013-nowoczesne-rozwiazanie-ochrony-pojazdu-na-lata-360x180.webp\" data-srcset=\"https:\/\/forum-mechaniczne.pl\/portal\/wp-content\/uploads\/2026\/02\/Carport-aluminiowy-\u2013-nowoczesne-rozwiazanie-ochrony-pojazdu-na-lata-360x180.webp 360w, https:\/\/forum-mechaniczne.pl\/portal\/wp-content\/uploads\/2026\/02\/Carport-aluminiowy-\u2013-nowoczesne-rozwiazanie-ochrony-pojazdu-na-lata-750x375.webp 750w\" data-sizes=\"auto\" data-expand=\"700\" \/><\/div><\/a>\n                        <div class=\"jeg_post_category\">\n                            <span><a href=\"https:\/\/forum-mechaniczne.pl\/portal\/informacje\/\" class=\"category-informacje\">Informacje<\/a><\/span>\n                        <\/div>\n                    <\/div>\n                    <div class=\"jeg_postblock_content\">\n                        <h3 class=\"jeg_post_title\">\n                            <a href=\"https:\/\/forum-mechaniczne.pl\/portal\/carport-aluminiowy\/\">Carport aluminiowy \u2013 nowoczesne rozwi\u0105zanie ochrony pojazdu na lata<\/a>\n                        <\/h3>\n                        <div class=\"jeg_post_meta\"><div class=\"jeg_meta_date\"><a href=\"https:\/\/forum-mechaniczne.pl\/portal\/carport-aluminiowy\/\" ><i class=\"fa fa-clock-o\"><\/i> 2026-02-12<\/a><\/div><\/div>\n                    <\/div>\n                <\/article><article class=\"jeg_post jeg_pl_md_1 format-standard\">\n                    <div class=\"jeg_thumb\">\n                        \n                        <a href=\"https:\/\/forum-mechaniczne.pl\/portal\/fotowoltaika-magazyn-energii\/\"><div class=\"thumbnail-container animate-lazy  size-500 \"><img loading=\"lazy\" decoding=\"async\" width=\"360\" height=\"180\" src=\"https:\/\/forum-mechaniczne.pl\/portal\/wp-content\/themes\/jnews\/assets\/img\/jeg-empty.png\" class=\"attachment-jnews-360x180 size-jnews-360x180 lazyload wp-post-image\" alt=\"Magazyn energii, fot. malpetr \/ Vista\" sizes=\"auto, (max-width: 360px) 100vw, 360px\" data-src=\"https:\/\/forum-mechaniczne.pl\/portal\/wp-content\/uploads\/2026\/02\/magazyn-energii-do-fotowoltaiki-360x180.webp\" data-srcset=\"https:\/\/forum-mechaniczne.pl\/portal\/wp-content\/uploads\/2026\/02\/magazyn-energii-do-fotowoltaiki-360x180.webp 360w, https:\/\/forum-mechaniczne.pl\/portal\/wp-content\/uploads\/2026\/02\/magazyn-energii-do-fotowoltaiki-750x375.webp 750w\" data-sizes=\"auto\" data-expand=\"700\" \/><\/div><\/a>\n                        <div class=\"jeg_post_category\">\n                            <span><a href=\"https:\/\/forum-mechaniczne.pl\/portal\/informacje\/\" class=\"category-informacje\">Informacje<\/a><\/span>\n                        <\/div>\n                    <\/div>\n                    <div class=\"jeg_postblock_content\">\n                        <h3 class=\"jeg_post_title\">\n                            <a href=\"https:\/\/forum-mechaniczne.pl\/portal\/fotowoltaika-magazyn-energii\/\">Fotowoltaika magazyn energii \u2013 dlaczego warto mie\u0107 magazyn energii przy instalacji PV?<\/a>\n                        <\/h3>\n                        <div class=\"jeg_post_meta\"><div class=\"jeg_meta_date\"><a href=\"https:\/\/forum-mechaniczne.pl\/portal\/fotowoltaika-magazyn-energii\/\" ><i class=\"fa fa-clock-o\"><\/i> 2026-02-12<\/a><\/div><\/div>\n                    <\/div>\n                <\/article><article class=\"jeg_post jeg_pl_md_1 format-standard\">\n                    <div class=\"jeg_thumb\">\n                        \n                        <a href=\"https:\/\/forum-mechaniczne.pl\/portal\/epi-rejestracja-samochodu-jakie-miasto-ma-takie-tablice\/\"><div class=\"thumbnail-container animate-lazy  size-500 \"><img loading=\"lazy\" decoding=\"async\" width=\"360\" height=\"180\" src=\"https:\/\/forum-mechaniczne.pl\/portal\/wp-content\/themes\/jnews\/assets\/img\/jeg-empty.png\" class=\"attachment-jnews-360x180 size-jnews-360x180 lazyload wp-post-image\" alt=\"EPI rejestracja samochodu, fot. tablicy: a.lapunik@gmail.com, create.vista.com\" sizes=\"auto, (max-width: 360px) 100vw, 360px\" data-src=\"https:\/\/forum-mechaniczne.pl\/portal\/wp-content\/uploads\/2025\/01\/epi-rejestracja-samochodu-360x180.webp\" data-srcset=\"https:\/\/forum-mechaniczne.pl\/portal\/wp-content\/uploads\/2025\/01\/epi-rejestracja-samochodu-360x180.webp 360w, https:\/\/forum-mechaniczne.pl\/portal\/wp-content\/uploads\/2025\/01\/epi-rejestracja-samochodu-750x375.webp 750w\" data-sizes=\"auto\" data-expand=\"700\" \/><\/div><\/a>\n                        <div class=\"jeg_post_category\">\n                            <span><a href=\"https:\/\/forum-mechaniczne.pl\/portal\/informacje\/\" class=\"category-informacje\">Informacje<\/a><\/span>\n                        <\/div>\n                    <\/div>\n                    <div class=\"jeg_postblock_content\">\n                        <h3 class=\"jeg_post_title\">\n                            <a href=\"https:\/\/forum-mechaniczne.pl\/portal\/epi-rejestracja-samochodu-jakie-miasto-ma-takie-tablice\/\">EPI rejestracja samochodu &#8211; Jakie miasto ma takie tablice?<\/a>\n                        <\/h3>\n                        <div class=\"jeg_post_meta\"><div class=\"jeg_meta_date\"><a href=\"https:\/\/forum-mechaniczne.pl\/portal\/epi-rejestracja-samochodu-jakie-miasto-ma-takie-tablice\/\" ><i class=\"fa fa-clock-o\"><\/i> 2025-07-22<\/a><\/div><\/div>\n                    <\/div>\n                <\/article><article class=\"jeg_post jeg_pl_md_1 format-standard\">\n                    <div class=\"jeg_thumb\">\n                        \n                        <a href=\"https:\/\/forum-mechaniczne.pl\/portal\/dlaczego-warto-wybrac-elektryczna-skode\/\"><div class=\"thumbnail-container animate-lazy  size-500 \"><img loading=\"lazy\" decoding=\"async\" width=\"360\" height=\"180\" src=\"https:\/\/forum-mechaniczne.pl\/portal\/wp-content\/themes\/jnews\/assets\/img\/jeg-empty.png\" class=\"attachment-jnews-360x180 size-jnews-360x180 lazyload wp-post-image\" alt=\"Dlaczego warto wybra\u0107 elektryczn\u0105 Skod\u0119? Ekologia, oszcz\u0119dno\u015b\u0107 i komfort\" sizes=\"auto, (max-width: 360px) 100vw, 360px\" data-src=\"https:\/\/forum-mechaniczne.pl\/portal\/wp-content\/uploads\/2025\/06\/Dlaczego-warto-wybrac-elektryczna-Skode-Ekologia-oszczednosc-i-komfort-360x180.webp\" data-srcset=\"https:\/\/forum-mechaniczne.pl\/portal\/wp-content\/uploads\/2025\/06\/Dlaczego-warto-wybrac-elektryczna-Skode-Ekologia-oszczednosc-i-komfort-360x180.webp 360w, https:\/\/forum-mechaniczne.pl\/portal\/wp-content\/uploads\/2025\/06\/Dlaczego-warto-wybrac-elektryczna-Skode-Ekologia-oszczednosc-i-komfort-750x375.webp 750w\" data-sizes=\"auto\" data-expand=\"700\" \/><\/div><\/a>\n                        <div class=\"jeg_post_category\">\n                            <span><a href=\"https:\/\/forum-mechaniczne.pl\/portal\/informacje\/\" class=\"category-informacje\">Informacje<\/a><\/span>\n                        <\/div>\n                    <\/div>\n                    <div class=\"jeg_postblock_content\">\n                        <h3 class=\"jeg_post_title\">\n                            <a href=\"https:\/\/forum-mechaniczne.pl\/portal\/dlaczego-warto-wybrac-elektryczna-skode\/\">Dlaczego warto wybra\u0107 elektryczn\u0105 Skod\u0119? Ekologia, oszcz\u0119dno\u015b\u0107 i komfort<\/a>\n                        <\/h3>\n                        <div class=\"jeg_post_meta\"><div class=\"jeg_meta_date\"><a href=\"https:\/\/forum-mechaniczne.pl\/portal\/dlaczego-warto-wybrac-elektryczna-skode\/\" ><i class=\"fa fa-clock-o\"><\/i> 2025-06-10<\/a><\/div><\/div>\n                    <\/div>\n                <\/article><article class=\"jeg_post jeg_pl_md_1 format-standard\">\n                    <div class=\"jeg_thumb\">\n                        \n                        <a href=\"https:\/\/forum-mechaniczne.pl\/portal\/nmr-rejestracja-samochodu-jakie-miasto-ma-takie-tablice\/\"><div class=\"thumbnail-container animate-lazy  size-500 \"><img loading=\"lazy\" decoding=\"async\" width=\"360\" height=\"180\" src=\"https:\/\/forum-mechaniczne.pl\/portal\/wp-content\/themes\/jnews\/assets\/img\/jeg-empty.png\" class=\"attachment-jnews-360x180 size-jnews-360x180 lazyload wp-post-image\" alt=\"NMR rejestracja samochodu, fot. tablicy: a.lapunik@gmail.com, create.vista.com\" sizes=\"auto, (max-width: 360px) 100vw, 360px\" data-src=\"https:\/\/forum-mechaniczne.pl\/portal\/wp-content\/uploads\/2025\/01\/nmr-rejestracja-samochodu-360x180.webp\" data-srcset=\"https:\/\/forum-mechaniczne.pl\/portal\/wp-content\/uploads\/2025\/01\/nmr-rejestracja-samochodu-360x180.webp 360w, https:\/\/forum-mechaniczne.pl\/portal\/wp-content\/uploads\/2025\/01\/nmr-rejestracja-samochodu-750x375.webp 750w\" data-sizes=\"auto\" data-expand=\"700\" \/><\/div><\/a>\n                        <div class=\"jeg_post_category\">\n                            <span><a href=\"https:\/\/forum-mechaniczne.pl\/portal\/informacje\/\" class=\"category-informacje\">Informacje<\/a><\/span>\n                        <\/div>\n                    <\/div>\n                    <div class=\"jeg_postblock_content\">\n                        <h3 class=\"jeg_post_title\">\n                            <a href=\"https:\/\/forum-mechaniczne.pl\/portal\/nmr-rejestracja-samochodu-jakie-miasto-ma-takie-tablice\/\">NMR rejestracja samochodu &#8211; Jakie miasto ma takie tablice?<\/a>\n                        <\/h3>\n                        <div class=\"jeg_post_meta\"><div class=\"jeg_meta_date\"><a href=\"https:\/\/forum-mechaniczne.pl\/portal\/nmr-rejestracja-samochodu-jakie-miasto-ma-takie-tablice\/\" ><i class=\"fa fa-clock-o\"><\/i> 2025-05-15<\/a><\/div><\/div>\n                    <\/div>\n                <\/article><\/div><\/div>\n                    <div class='module-overlay'>\n\t\t\t\t    <div class='preloader_type preloader_dot'>\n\t\t\t\t        <div class=\"module-preloader jeg_preloader dot\">\n\t\t\t\t            <span><\/span><span><\/span><span><\/span>\n\t\t\t\t        <\/div>\n\t\t\t\t        <div class=\"module-preloader jeg_preloader circle\">\n\t\t\t\t            <div class=\"jnews_preloader_circle_outer\">\n\t\t\t\t                <div class=\"jnews_preloader_circle_inner\"><\/div>\n\t\t\t\t            <\/div>\n\t\t\t\t        <\/div>\n\t\t\t\t        <div class=\"module-preloader jeg_preloader square\">\n\t\t\t\t            <div class=\"jeg_square\">\n\t\t\t\t                <div class=\"jeg_square_inner\"><\/div>\n\t\t\t\t            <\/div>\n\t\t\t\t        <\/div>\n\t\t\t\t    <\/div>\n\t\t\t\t<\/div>\n                <\/div>\n                <div class=\"jeg_block_navigation\">\n                    <div class='navigation_overlay'><div class='module-preloader jeg_preloader'><span><\/span><span><\/span><span><\/span><\/div><\/div>\n                    \n                    \n                <\/div>\n\t\t\t\t\t\n\t\t\t\t\t<script>var jnews_module__5_69f401bdbf984 = {\"header_icon\":\"\",\"first_title\":\"Informacje\",\"second_title\":\"\",\"url\":\"\",\"header_type\":\"heading_6\",\"header_background\":\"\",\"header_secondary_background\":\"\",\"header_text_color\":\"\",\"header_line_color\":\"\",\"header_accent_color\":\"\",\"header_filter_category\":\"\",\"header_filter_author\":\"\",\"header_filter_tag\":\"\",\"header_filter_text\":\"All\",\"post_type\":\"post\",\"content_type\":\"all\",\"sponsor\":\"\",\"number_post\":\"8\",\"post_offset\":\"0\",\"unique_content\":\"disable\",\"include_post\":\"\",\"included_only\":\"\",\"exclude_post\":\"\",\"include_category\":\"1\",\"exclude_category\":\"\",\"include_author\":\"\",\"include_tag\":\"\",\"exclude_tag\":\"\",\"sort_by\":\"latest\",\"date_format\":\"default\",\"date_format_custom\":\"Y\\\/m\\\/d\",\"force_normal_image_load\":\"\",\"pagination_mode\":\"disable\",\"pagination_nextprev_showtext\":\"\",\"pagination_number_post\":4,\"pagination_scroll_limit\":0,\"boxed\":\"\",\"boxed_shadow\":\"\",\"el_id\":\"\",\"el_class\":\"\",\"scheme\":\"\",\"column_width\":\"auto\",\"title_color\":\"\",\"accent_color\":\"\",\"alt_color\":\"\",\"excerpt_color\":\"\",\"css\":\"\",\"compatible_column_notice\":\"\",\"paged\":1,\"column_class\":\"jeg_col_2o3\",\"class\":\"jnews_block_9\"};<\/script>\n\t\t\t\t<\/div><div  class=\"jeg_postblock_1 jeg_postblock jeg_module_hook jeg_pagination_disable jeg_col_2o3 jnews_module__6_69f401bdc2ee2   \" data-unique=\"jnews_module__6_69f401bdc2ee2\">\n\t\t\t\t\t<div class=\"jeg_block_heading jeg_block_heading_6 jeg_subcat_right\">\n                     <h3 class=\"jeg_block_title\"><span>Wiadomo\u015bci<\/span><\/h3>\n                     \n                 <\/div>\n\t\t\t\t\t<div class=\"jeg_block_container jeg_load_more_flag\">\n\t\t\t\t\t\n\t\t\t\t\t<div class=\"jeg_posts row\">\n\t\t\t\t\t<article class=\"jeg_post jeg_pl_lg_1 col-sm-6 format-standard\">\n\t\t\t\t\t\t<div class=\"jeg_thumb\">\n\t\t\t\t\t\n\t\t\t\t\t<a href=\"https:\/\/forum-mechaniczne.pl\/portal\/ile-kosztuje-fotowoltaika-w-2026-roku-realne-ceny-i-co-na-nie-wplywa\/\"><div class=\"thumbnail-container animate-lazy  size-500 \"><img loading=\"lazy\" decoding=\"async\" width=\"360\" height=\"180\" src=\"https:\/\/forum-mechaniczne.pl\/portal\/wp-content\/themes\/jnews\/assets\/img\/jeg-empty.png\" class=\"attachment-jnews-360x180 size-jnews-360x180 lazyload wp-post-image\" alt=\"Fotowoltaika na gara\u017cu - czy to ma sens?\" sizes=\"auto, (max-width: 360px) 100vw, 360px\" data-src=\"https:\/\/forum-mechaniczne.pl\/portal\/wp-content\/uploads\/2026\/03\/fotowoltaika-garaz-360x180.jpg\" data-srcset=\"https:\/\/forum-mechaniczne.pl\/portal\/wp-content\/uploads\/2026\/03\/fotowoltaika-garaz-360x180.jpg 360w, https:\/\/forum-mechaniczne.pl\/portal\/wp-content\/uploads\/2026\/03\/fotowoltaika-garaz-750x375.jpg 750w\" data-sizes=\"auto\" data-expand=\"700\" \/><\/div><\/a>\n\t\t\t\t\t<div class=\"jeg_post_category\">\n\t\t\t\t\t\t<span><a href=\"https:\/\/forum-mechaniczne.pl\/portal\/wiadomosci\/\" class=\"category-wiadomosci\">Wiadomo\u015bci<\/a><\/span>\n\t\t\t\t\t<\/div>\n\t\t\t\t<\/div>\n\t\t\t\t<div class=\"jeg_postblock_content\">\n\t\t\t\t\t<h3 property=\"headline\" class=\"jeg_post_title\">\n\t\t\t\t\t\t<a href=\"https:\/\/forum-mechaniczne.pl\/portal\/ile-kosztuje-fotowoltaika-w-2026-roku-realne-ceny-i-co-na-nie-wplywa\/\">Ile kosztuje fotowoltaika w 2026 roku &#8211; realne ceny i co na nie wp\u0142ywa<\/a>\n\t\t\t\t\t<\/h3>\n\t\t\t\t\t<div class=\"jeg_post_meta\"><div class=\"jeg_meta_author\"><span class=\"by\">by<\/span> <a href=\"https:\/\/forum-mechaniczne.pl\/portal\/author\/michal\/\">Micha\u0142 Koz\u0142owski<\/a><\/div><div class=\"jeg_meta_date\"><a href=\"https:\/\/forum-mechaniczne.pl\/portal\/ile-kosztuje-fotowoltaika-w-2026-roku-realne-ceny-i-co-na-nie-wplywa\/\"><i class=\"fa fa-clock-o\"><\/i> 2026-03-27<\/a><\/div><div class=\"jeg_meta_comment\"><a href=\"https:\/\/forum-mechaniczne.pl\/portal\/ile-kosztuje-fotowoltaika-w-2026-roku-realne-ceny-i-co-na-nie-wplywa\/#comments\" ><i class=\"fa fa-comment-o\"><\/i> 0 <\/a><\/div><\/div>\n\t\t\t\t\t<div class=\"jeg_post_excerpt\">\n\t\t\t\t\t\t<p>Instalacja paneli s\u0142onecznych to jedna z wi\u0119kszych decyzji finansowych dla w\u0142a\u015bciciela domu. Ceny r\u00f3\u017cni\u0105 si\u0119 w zale\u017cno\u015bci od mocy systemu,...<\/p>\n\t\t\t\t\t\t<a href=\"https:\/\/forum-mechaniczne.pl\/portal\/ile-kosztuje-fotowoltaika-w-2026-roku-realne-ceny-i-co-na-nie-wplywa\/\" class=\"jeg_readmore\">Read more<\/a>\n\t\t\t\t\t<\/div>\n\t\t\t\t<\/div>\n\t\t\t\t\t<\/article>\n\t\t\t\t\t<div class=\"jeg_postsmall col-sm-6\">\n\t\t\t\t\t\t<article class=\"jeg_post jeg_pl_sm format-standard\">\n\t\t\t\t\t<div class=\"jeg_thumb\">\n\t\t\t\t\t\t\n\t\t\t\t\t\t<a href=\"https:\/\/forum-mechaniczne.pl\/portal\/motogar-polska-idzie-w-oryginalne-czesci-atv\/\">\n\t\t\t\t\t\t\t<div class=\"thumbnail-container animate-lazy  size-715 \"><img loading=\"lazy\" decoding=\"async\" width=\"120\" height=\"86\" src=\"https:\/\/forum-mechaniczne.pl\/portal\/wp-content\/themes\/jnews\/assets\/img\/jeg-empty.png\" class=\"attachment-jnews-120x86 size-jnews-120x86 lazyload wp-post-image\" alt=\"Motogar Polska idzie w oryginalne cz\u0119\u015bci ATV. Sp\u00f3\u0142ka poda\u0142a wi\u0119cej szczeg\u00f3\u0142\u00f3w\" sizes=\"auto, (max-width: 120px) 100vw, 120px\" data-src=\"https:\/\/forum-mechaniczne.pl\/portal\/wp-content\/uploads\/2024\/04\/Motogar-Polska-idzie-w-oryginalne-czesci-ATV.-Spolka-podala-wiecej-szczegolow-120x86.webp\" data-srcset=\"https:\/\/forum-mechaniczne.pl\/portal\/wp-content\/uploads\/2024\/04\/Motogar-Polska-idzie-w-oryginalne-czesci-ATV.-Spolka-podala-wiecej-szczegolow-120x86.webp 120w, https:\/\/forum-mechaniczne.pl\/portal\/wp-content\/uploads\/2024\/04\/Motogar-Polska-idzie-w-oryginalne-czesci-ATV.-Spolka-podala-wiecej-szczegolow-350x250.webp 350w, https:\/\/forum-mechaniczne.pl\/portal\/wp-content\/uploads\/2024\/04\/Motogar-Polska-idzie-w-oryginalne-czesci-ATV.-Spolka-podala-wiecej-szczegolow-750x533.webp 750w\" data-sizes=\"auto\" data-expand=\"700\" \/><\/div>\n\t\t\t\t\t\t<\/a>\n\t\t\t\t\t<\/div>\n\t\t\t\t\t<div class=\"jeg_postblock_content\">\n\t\t\t\t\t\t<h3 class=\"jeg_post_title\">\n\t\t\t\t\t\t\t<a href=\"https:\/\/forum-mechaniczne.pl\/portal\/motogar-polska-idzie-w-oryginalne-czesci-atv\/\">Motogar Polska idzie w oryginalne cz\u0119\u015bci ATV. Sp\u00f3\u0142ka poda\u0142a wi\u0119cej szczeg\u00f3\u0142\u00f3w<\/a>\n\t\t\t\t\t\t<\/h3>\n\t\t\t\t\t\t<div class=\"jeg_post_meta\"><div class=\"jeg_meta_date\"><a href=\"https:\/\/forum-mechaniczne.pl\/portal\/motogar-polska-idzie-w-oryginalne-czesci-atv\/\" ><i class=\"fa fa-clock-o\"><\/i> 2025-05-01<\/a><\/div><\/div>\n\t\t\t\t\t<\/div>\n\t\t\t\t<\/article><article class=\"jeg_post jeg_pl_sm format-standard\">\n\t\t\t\t\t<div class=\"jeg_thumb\">\n\t\t\t\t\t\t\n\t\t\t\t\t\t<a href=\"https:\/\/forum-mechaniczne.pl\/portal\/ubezpieczenie-auta-jak-wyliczyc-skladke\/\">\n\t\t\t\t\t\t\t<div class=\"thumbnail-container animate-lazy  size-715 \"><img loading=\"lazy\" decoding=\"async\" width=\"120\" height=\"74\" src=\"https:\/\/forum-mechaniczne.pl\/portal\/wp-content\/themes\/jnews\/assets\/img\/jeg-empty.png\" class=\"attachment-jnews-120x86 size-jnews-120x86 lazyload wp-post-image\" alt=\"Ubezpieczenie auta \u2013 jak wyliczy\u0107 sk\u0142adk\u0119?\" sizes=\"auto, (max-width: 120px) 100vw, 120px\" data-src=\"https:\/\/forum-mechaniczne.pl\/portal\/wp-content\/uploads\/2020\/12\/skladka-oc.jpg\" data-srcset=\"https:\/\/forum-mechaniczne.pl\/portal\/wp-content\/uploads\/2020\/12\/skladka-oc.jpg 750w, https:\/\/forum-mechaniczne.pl\/portal\/wp-content\/uploads\/2020\/12\/skladka-oc-300x184.jpg 300w\" data-sizes=\"auto\" data-expand=\"700\" \/><\/div>\n\t\t\t\t\t\t<\/a>\n\t\t\t\t\t<\/div>\n\t\t\t\t\t<div class=\"jeg_postblock_content\">\n\t\t\t\t\t\t<h3 class=\"jeg_post_title\">\n\t\t\t\t\t\t\t<a href=\"https:\/\/forum-mechaniczne.pl\/portal\/ubezpieczenie-auta-jak-wyliczyc-skladke\/\">Ubezpieczenie auta \u2013 jak wyliczy\u0107 sk\u0142adk\u0119?<\/a>\n\t\t\t\t\t\t<\/h3>\n\t\t\t\t\t\t<div class=\"jeg_post_meta\"><div class=\"jeg_meta_date\"><a href=\"https:\/\/forum-mechaniczne.pl\/portal\/ubezpieczenie-auta-jak-wyliczyc-skladke\/\" ><i class=\"fa fa-clock-o\"><\/i> 2024-07-23<\/a><\/div><\/div>\n\t\t\t\t\t<\/div>\n\t\t\t\t<\/article><article class=\"jeg_post jeg_pl_sm format-standard\">\n\t\t\t\t\t<div class=\"jeg_thumb\">\n\t\t\t\t\t\t\n\t\t\t\t\t\t<a href=\"https:\/\/forum-mechaniczne.pl\/portal\/ogrodzenia-stalowe-do-warsztatu-samochodowego\/\">\n\t\t\t\t\t\t\t<div class=\"thumbnail-container animate-lazy  size-715 \"><img loading=\"lazy\" decoding=\"async\" width=\"120\" height=\"68\" src=\"https:\/\/forum-mechaniczne.pl\/portal\/wp-content\/themes\/jnews\/assets\/img\/jeg-empty.png\" class=\"attachment-jnews-120x86 size-jnews-120x86 lazyload wp-post-image\" alt=\"Ogrodzenia stalowe do warsztatu samochodowego - dlaczego to najlepszy wyb\u00f3r?\" sizes=\"auto, (max-width: 120px) 100vw, 120px\" data-src=\"https:\/\/forum-mechaniczne.pl\/portal\/wp-content\/uploads\/2023\/07\/Ogrodzenia-stalowe-do-warsztatu-samochodowego-dlaczego-to-najlepszy-wybor.jpg\" data-srcset=\"https:\/\/forum-mechaniczne.pl\/portal\/wp-content\/uploads\/2023\/07\/Ogrodzenia-stalowe-do-warsztatu-samochodowego-dlaczego-to-najlepszy-wybor.jpg 800w, https:\/\/forum-mechaniczne.pl\/portal\/wp-content\/uploads\/2023\/07\/Ogrodzenia-stalowe-do-warsztatu-samochodowego-dlaczego-to-najlepszy-wybor-300x169.jpg 300w, https:\/\/forum-mechaniczne.pl\/portal\/wp-content\/uploads\/2023\/07\/Ogrodzenia-stalowe-do-warsztatu-samochodowego-dlaczego-to-najlepszy-wybor-768x432.jpg 768w\" data-sizes=\"auto\" data-expand=\"700\" \/><\/div>\n\t\t\t\t\t\t<\/a>\n\t\t\t\t\t<\/div>\n\t\t\t\t\t<div class=\"jeg_postblock_content\">\n\t\t\t\t\t\t<h3 class=\"jeg_post_title\">\n\t\t\t\t\t\t\t<a href=\"https:\/\/forum-mechaniczne.pl\/portal\/ogrodzenia-stalowe-do-warsztatu-samochodowego\/\">Ogrodzenia stalowe do warsztatu samochodowego &#8211; dlaczego to najlepszy wyb\u00f3r?<\/a>\n\t\t\t\t\t\t<\/h3>\n\t\t\t\t\t\t<div class=\"jeg_post_meta\"><div class=\"jeg_meta_date\"><a href=\"https:\/\/forum-mechaniczne.pl\/portal\/ogrodzenia-stalowe-do-warsztatu-samochodowego\/\" ><i class=\"fa fa-clock-o\"><\/i> 2023-07-16<\/a><\/div><\/div>\n\t\t\t\t\t<\/div>\n\t\t\t\t<\/article><article class=\"jeg_post jeg_pl_sm format-standard\">\n\t\t\t\t\t<div class=\"jeg_thumb\">\n\t\t\t\t\t\t\n\t\t\t\t\t\t<a href=\"https:\/\/forum-mechaniczne.pl\/portal\/piec-zmian-w-przemysle-motoryzacyjnym\/\">\n\t\t\t\t\t\t\t<div class=\"thumbnail-container animate-lazy  size-715 \"><img loading=\"lazy\" decoding=\"async\" width=\"120\" height=\"75\" src=\"https:\/\/forum-mechaniczne.pl\/portal\/wp-content\/themes\/jnews\/assets\/img\/jeg-empty.png\" class=\"attachment-jnews-120x86 size-jnews-120x86 lazyload wp-post-image\" alt=\"Czarny samoch\u00f3d\" sizes=\"auto, (max-width: 120px) 100vw, 120px\" data-src=\"https:\/\/forum-mechaniczne.pl\/portal\/wp-content\/uploads\/2021\/11\/aut.jpg\" data-srcset=\"https:\/\/forum-mechaniczne.pl\/portal\/wp-content\/uploads\/2021\/11\/aut.jpg 1528w, https:\/\/forum-mechaniczne.pl\/portal\/wp-content\/uploads\/2021\/11\/aut-300x188.jpg 300w, https:\/\/forum-mechaniczne.pl\/portal\/wp-content\/uploads\/2021\/11\/aut-1024x640.jpg 1024w, https:\/\/forum-mechaniczne.pl\/portal\/wp-content\/uploads\/2021\/11\/aut-768x480.jpg 768w\" data-sizes=\"auto\" data-expand=\"700\" \/><\/div>\n\t\t\t\t\t\t<\/a>\n\t\t\t\t\t<\/div>\n\t\t\t\t\t<div class=\"jeg_postblock_content\">\n\t\t\t\t\t\t<h3 class=\"jeg_post_title\">\n\t\t\t\t\t\t\t<a href=\"https:\/\/forum-mechaniczne.pl\/portal\/piec-zmian-w-przemysle-motoryzacyjnym\/\">Pi\u0119\u0107 zmian w przemy\u015ble motoryzacyjnym<\/a>\n\t\t\t\t\t\t<\/h3>\n\t\t\t\t\t\t<div class=\"jeg_post_meta\"><div class=\"jeg_meta_date\"><a href=\"https:\/\/forum-mechaniczne.pl\/portal\/piec-zmian-w-przemysle-motoryzacyjnym\/\" ><i class=\"fa fa-clock-o\"><\/i> 2021-11-02<\/a><\/div><\/div>\n\t\t\t\t\t<\/div>\n\t\t\t\t<\/article>\n\t\t\t\t\t<\/div>\n\t\t\t\t<\/div>\n\t\t\t\t\t<div class='module-overlay'>\n\t\t\t\t    <div class='preloader_type preloader_dot'>\n\t\t\t\t        <div class=\"module-preloader jeg_preloader dot\">\n\t\t\t\t            <span><\/span><span><\/span><span><\/span>\n\t\t\t\t        <\/div>\n\t\t\t\t        <div class=\"module-preloader jeg_preloader circle\">\n\t\t\t\t            <div class=\"jnews_preloader_circle_outer\">\n\t\t\t\t                <div class=\"jnews_preloader_circle_inner\"><\/div>\n\t\t\t\t            <\/div>\n\t\t\t\t        <\/div>\n\t\t\t\t        <div class=\"module-preloader jeg_preloader square\">\n\t\t\t\t            <div class=\"jeg_square\">\n\t\t\t\t                <div class=\"jeg_square_inner\"><\/div>\n\t\t\t\t            <\/div>\n\t\t\t\t        <\/div>\n\t\t\t\t    <\/div>\n\t\t\t\t<\/div>\n\t\t\t\t<\/div>\n\t\t\t\t<div class=\"jeg_block_navigation\">\n\t\t\t\t\t<div class='navigation_overlay'><div class='module-preloader jeg_preloader'><span><\/span><span><\/span><span><\/span><\/div><\/div>\n\t\t\t\t\t\n\t\t\t\t\t\n\t\t\t\t<\/div>\n\t\t\t\t\t\n\t\t\t\t\t<script>var jnews_module__6_69f401bdc2ee2 = {\"header_icon\":\"\",\"first_title\":\"Wiadomo\\u015bci\",\"second_title\":\"\",\"url\":\"\",\"header_type\":\"heading_6\",\"header_background\":\"\",\"header_secondary_background\":\"\",\"header_text_color\":\"\",\"header_line_color\":\"\",\"header_accent_color\":\"\",\"header_filter_category\":\"\",\"header_filter_author\":\"\",\"header_filter_tag\":\"\",\"header_filter_text\":\"All\",\"post_type\":\"post\",\"content_type\":\"all\",\"sponsor\":\"\",\"number_post\":\"5\",\"post_offset\":\"0\",\"unique_content\":\"disable\",\"include_post\":\"\",\"included_only\":\"\",\"exclude_post\":\"\",\"include_category\":\"11\",\"exclude_category\":\"\",\"include_author\":\"\",\"include_tag\":\"\",\"exclude_tag\":\"\",\"sort_by\":\"latest\",\"date_format\":\"default\",\"date_format_custom\":\"Y\\\/m\\\/d\",\"excerpt_length\":\"20\",\"excerpt_ellipsis\":\"...\",\"force_normal_image_load\":\"\",\"pagination_mode\":\"disable\",\"pagination_nextprev_showtext\":\"\",\"pagination_number_post\":5,\"pagination_scroll_limit\":0,\"boxed\":\"\",\"boxed_shadow\":\"\",\"el_id\":\"\",\"el_class\":\"\",\"scheme\":\"\",\"column_width\":\"auto\",\"title_color\":\"\",\"accent_color\":\"\",\"alt_color\":\"\",\"excerpt_color\":\"\",\"css\":\"\",\"compatible_column_notice\":\"\",\"paged\":1,\"column_class\":\"jeg_col_2o3\",\"class\":\"jnews_block_1\"};<\/script>\n\t\t\t\t<\/div>[\/vc_column][vc_column width=&#8221;1\/3&#8243; sticky_sidebar=&#8221;yes&#8221;]<div  class=\"jeg_postblock_9 jeg_postblock jeg_module_hook jeg_pagination_disable jeg_col_2o3 jnews_module__7_69f401bdc552b   \" data-unique=\"jnews_module__7_69f401bdc552b\">\n\t\t\t\t\t<div class=\"jeg_block_heading jeg_block_heading_6 jeg_subcat_right\">\n                     <h3 class=\"jeg_block_title\"><span>Diagnostyka<\/span><\/h3>\n                     \n                 <\/div>\n\t\t\t\t\t<div class=\"jeg_block_container\">\n                    \n                    <div class=\"jeg_posts_wrap\"><div class=\"jeg_posts jeg_load_more_flag\"><article class=\"jeg_post jeg_pl_md_1 format-standard\">\n                    <div class=\"jeg_thumb\">\n                        \n                        <a href=\"https:\/\/forum-mechaniczne.pl\/portal\/dekoder-vin\/\"><div class=\"thumbnail-container animate-lazy  size-500 \"><img loading=\"lazy\" decoding=\"async\" width=\"360\" height=\"180\" src=\"https:\/\/forum-mechaniczne.pl\/portal\/wp-content\/themes\/jnews\/assets\/img\/jeg-empty.png\" class=\"attachment-jnews-360x180 size-jnews-360x180 lazyload wp-post-image\" alt=\"Darmowy dekoder VIN\" sizes=\"auto, (max-width: 360px) 100vw, 360px\" data-src=\"https:\/\/forum-mechaniczne.pl\/portal\/wp-content\/uploads\/2026\/04\/darmowy-dekoder-vin-360x180.jpg\" data-srcset=\"https:\/\/forum-mechaniczne.pl\/portal\/wp-content\/uploads\/2026\/04\/darmowy-dekoder-vin-360x180.jpg 360w, https:\/\/forum-mechaniczne.pl\/portal\/wp-content\/uploads\/2026\/04\/darmowy-dekoder-vin-750x375.jpg 750w\" data-sizes=\"auto\" data-expand=\"700\" \/><\/div><\/a>\n                        <div class=\"jeg_post_category\">\n                            <span><a href=\"https:\/\/forum-mechaniczne.pl\/portal\/diagnostyka\/\" class=\"category-diagnostyka\">Diagnostyka<\/a><\/span>\n                        <\/div>\n                    <\/div>\n                    <div class=\"jeg_postblock_content\">\n                        <h3 class=\"jeg_post_title\">\n                            <a href=\"https:\/\/forum-mechaniczne.pl\/portal\/dekoder-vin\/\">Darmowy dekoder VIN<\/a>\n                        <\/h3>\n                        <div class=\"jeg_post_meta\"><div class=\"jeg_meta_date\"><a href=\"https:\/\/forum-mechaniczne.pl\/portal\/dekoder-vin\/\" ><i class=\"fa fa-clock-o\"><\/i> 2026-04-16<\/a><\/div><\/div>\n                    <\/div>\n                <\/article><article class=\"jeg_post jeg_pl_md_1 format-standard\">\n                    <div class=\"jeg_thumb\">\n                        \n                        <a href=\"https:\/\/forum-mechaniczne.pl\/portal\/kod-bledu-p0301\/\"><div class=\"thumbnail-container animate-lazy  size-500 \"><img loading=\"lazy\" decoding=\"async\" width=\"320\" height=\"180\" src=\"https:\/\/forum-mechaniczne.pl\/portal\/wp-content\/themes\/jnews\/assets\/img\/jeg-empty.png\" class=\"attachment-jnews-360x180 size-jnews-360x180 lazyload wp-post-image\" alt=\"P0301\" sizes=\"auto, (max-width: 320px) 100vw, 320px\" data-src=\"https:\/\/forum-mechaniczne.pl\/portal\/wp-content\/uploads\/2023\/04\/P0301.jpg\" data-srcset=\"https:\/\/forum-mechaniczne.pl\/portal\/wp-content\/uploads\/2023\/04\/P0301.jpg 800w, https:\/\/forum-mechaniczne.pl\/portal\/wp-content\/uploads\/2023\/04\/P0301-300x169.jpg 300w, https:\/\/forum-mechaniczne.pl\/portal\/wp-content\/uploads\/2023\/04\/P0301-768x432.jpg 768w\" data-sizes=\"auto\" data-expand=\"700\" \/><\/div><\/a>\n                        <div class=\"jeg_post_category\">\n                            <span><a href=\"https:\/\/forum-mechaniczne.pl\/portal\/diagnostyka\/\" class=\"category-diagnostyka\">Diagnostyka<\/a><\/span>\n                        <\/div>\n                    <\/div>\n                    <div class=\"jeg_postblock_content\">\n                        <h3 class=\"jeg_post_title\">\n                            <a href=\"https:\/\/forum-mechaniczne.pl\/portal\/kod-bledu-p0301\/\">Kod b\u0142\u0119du P0301 &#8211; jak wykry\u0107 awari\u0119? Diagnostyka<\/a>\n                        <\/h3>\n                        <div class=\"jeg_post_meta\"><div class=\"jeg_meta_date\"><a href=\"https:\/\/forum-mechaniczne.pl\/portal\/kod-bledu-p0301\/\" ><i class=\"fa fa-clock-o\"><\/i> 2025-05-15<\/a><\/div><\/div>\n                    <\/div>\n                <\/article><article class=\"jeg_post jeg_pl_md_1 format-standard\">\n                    <div class=\"jeg_thumb\">\n                        \n                        <a href=\"https:\/\/forum-mechaniczne.pl\/portal\/kod-bledu-c1201-w-toyocie-czym-jest-i-jak-go-naprawic\/\"><div class=\"thumbnail-container animate-lazy  size-500 \"><img loading=\"lazy\" decoding=\"async\" width=\"360\" height=\"180\" src=\"https:\/\/forum-mechaniczne.pl\/portal\/wp-content\/themes\/jnews\/assets\/img\/jeg-empty.png\" class=\"attachment-jnews-360x180 size-jnews-360x180 lazyload wp-post-image\" alt=\"Kod b\u0142\u0119du C1201, fot. everyonensk, create.vista.com\" sizes=\"auto, (max-width: 360px) 100vw, 360px\" data-src=\"https:\/\/forum-mechaniczne.pl\/portal\/wp-content\/uploads\/2025\/03\/kod-bledu-c1201-360x180.webp\" data-srcset=\"https:\/\/forum-mechaniczne.pl\/portal\/wp-content\/uploads\/2025\/03\/kod-bledu-c1201-360x180.webp 360w, https:\/\/forum-mechaniczne.pl\/portal\/wp-content\/uploads\/2025\/03\/kod-bledu-c1201-750x375.webp 750w\" data-sizes=\"auto\" data-expand=\"700\" \/><\/div><\/a>\n                        <div class=\"jeg_post_category\">\n                            <span><a href=\"https:\/\/forum-mechaniczne.pl\/portal\/diagnostyka\/\" class=\"category-diagnostyka\">Diagnostyka<\/a><\/span>\n                        <\/div>\n                    <\/div>\n                    <div class=\"jeg_postblock_content\">\n                        <h3 class=\"jeg_post_title\">\n                            <a href=\"https:\/\/forum-mechaniczne.pl\/portal\/kod-bledu-c1201-w-toyocie-czym-jest-i-jak-go-naprawic\/\">Kod b\u0142\u0119du C1201 w Toyocie &#8211; Czym jest i jak go naprawi\u0107?<\/a>\n                        <\/h3>\n                        <div class=\"jeg_post_meta\"><div class=\"jeg_meta_date\"><a href=\"https:\/\/forum-mechaniczne.pl\/portal\/kod-bledu-c1201-w-toyocie-czym-jest-i-jak-go-naprawic\/\" ><i class=\"fa fa-clock-o\"><\/i> 2025-03-21<\/a><\/div><\/div>\n                    <\/div>\n                <\/article><article class=\"jeg_post jeg_pl_md_1 format-standard\">\n                    <div class=\"jeg_thumb\">\n                        \n                        <a href=\"https:\/\/forum-mechaniczne.pl\/portal\/kod-bledu-p1000-przyczyny-objawy-i-sposoby-naprawy\/\"><div class=\"thumbnail-container animate-lazy  size-500 \"><img loading=\"lazy\" decoding=\"async\" width=\"360\" height=\"180\" src=\"https:\/\/forum-mechaniczne.pl\/portal\/wp-content\/themes\/jnews\/assets\/img\/jeg-empty.png\" class=\"attachment-jnews-360x180 size-jnews-360x180 lazyload wp-post-image\" alt=\"Kod b\u0142\u0119du P1000, fot. alfexe, create.vista.com\" sizes=\"auto, (max-width: 360px) 100vw, 360px\" data-src=\"https:\/\/forum-mechaniczne.pl\/portal\/wp-content\/uploads\/2025\/03\/kod-bledu-p1000-360x180.webp\" data-srcset=\"https:\/\/forum-mechaniczne.pl\/portal\/wp-content\/uploads\/2025\/03\/kod-bledu-p1000-360x180.webp 360w, https:\/\/forum-mechaniczne.pl\/portal\/wp-content\/uploads\/2025\/03\/kod-bledu-p1000-750x375.webp 750w\" data-sizes=\"auto\" data-expand=\"700\" \/><\/div><\/a>\n                        <div class=\"jeg_post_category\">\n                            <span><a href=\"https:\/\/forum-mechaniczne.pl\/portal\/diagnostyka\/\" class=\"category-diagnostyka\">Diagnostyka<\/a><\/span>\n                        <\/div>\n                    <\/div>\n                    <div class=\"jeg_postblock_content\">\n                        <h3 class=\"jeg_post_title\">\n                            <a href=\"https:\/\/forum-mechaniczne.pl\/portal\/kod-bledu-p1000-przyczyny-objawy-i-sposoby-naprawy\/\">Kod b\u0142\u0119du P1000 &#8211; Przyczyny, objawy i sposoby naprawy<\/a>\n                        <\/h3>\n                        <div class=\"jeg_post_meta\"><div class=\"jeg_meta_date\"><a href=\"https:\/\/forum-mechaniczne.pl\/portal\/kod-bledu-p1000-przyczyny-objawy-i-sposoby-naprawy\/\" ><i class=\"fa fa-clock-o\"><\/i> 2025-03-16<\/a><\/div><\/div>\n                    <\/div>\n                <\/article><\/div><\/div>\n                    <div class='module-overlay'>\n\t\t\t\t    <div class='preloader_type preloader_dot'>\n\t\t\t\t        <div class=\"module-preloader jeg_preloader dot\">\n\t\t\t\t            <span><\/span><span><\/span><span><\/span>\n\t\t\t\t        <\/div>\n\t\t\t\t        <div class=\"module-preloader jeg_preloader circle\">\n\t\t\t\t            <div class=\"jnews_preloader_circle_outer\">\n\t\t\t\t                <div class=\"jnews_preloader_circle_inner\"><\/div>\n\t\t\t\t            <\/div>\n\t\t\t\t        <\/div>\n\t\t\t\t        <div class=\"module-preloader jeg_preloader square\">\n\t\t\t\t            <div class=\"jeg_square\">\n\t\t\t\t                <div class=\"jeg_square_inner\"><\/div>\n\t\t\t\t            <\/div>\n\t\t\t\t        <\/div>\n\t\t\t\t    <\/div>\n\t\t\t\t<\/div>\n                <\/div>\n                <div class=\"jeg_block_navigation\">\n                    <div class='navigation_overlay'><div class='module-preloader jeg_preloader'><span><\/span><span><\/span><span><\/span><\/div><\/div>\n                    \n                    \n                <\/div>\n\t\t\t\t\t\n\t\t\t\t\t<script>var jnews_module__7_69f401bdc552b = {\"header_icon\":\"\",\"first_title\":\"Diagnostyka\",\"second_title\":\"\",\"url\":\"\",\"header_type\":\"heading_6\",\"header_background\":\"\",\"header_secondary_background\":\"\",\"header_text_color\":\"\",\"header_line_color\":\"\",\"header_accent_color\":\"\",\"header_filter_category\":\"\",\"header_filter_author\":\"\",\"header_filter_tag\":\"\",\"header_filter_text\":\"\",\"post_type\":\"post\",\"content_type\":\"all\",\"sponsor\":\"\",\"number_post\":\"4\",\"post_offset\":\"0\",\"unique_content\":\"disable\",\"include_post\":\"\",\"included_only\":\"\",\"exclude_post\":\"\",\"include_category\":\"6\",\"exclude_category\":\"\",\"include_author\":\"\",\"include_tag\":\"\",\"exclude_tag\":\"\",\"sort_by\":\"latest\",\"date_format\":\"default\",\"date_format_custom\":\"Y\\\/m\\\/d\",\"force_normal_image_load\":\"\",\"pagination_mode\":\"disable\",\"pagination_nextprev_showtext\":\"\",\"pagination_number_post\":4,\"pagination_scroll_limit\":0,\"boxed\":\"\",\"boxed_shadow\":\"\",\"el_id\":\"\",\"el_class\":\"\",\"scheme\":\"\",\"column_width\":\"auto\",\"title_color\":\"\",\"accent_color\":\"\",\"alt_color\":\"\",\"excerpt_color\":\"\",\"css\":\"\",\"compatible_column_notice\":\"\",\"paged\":1,\"column_class\":\"jeg_col_2o3\",\"class\":\"jnews_block_9\"};<\/script>\n\t\t\t\t<\/div>[vc_raw_html]JTNDZGl2JTIwc3R5bGUlM0QlMjJ0ZXh0LWFsaWduJTNBJTIwY2VudGVyJTNCJTIyJTNFJTBBJTIwJTIwJTNDYSUyMGhyZWYlM0QlMjJodHRwcyUzQSUyRiUyRnNla3RvcmJocC5wbCUyRiUyMiUyMHRhcmdldCUzRCUyMl9ibGFuayUyMiUzRSUwQSUyMCUyMCUyMCUyMCUzQ2ltZyUyMHNyYyUzRCUyMiUyRnBvcnRhbCUyRndwLWNvbnRlbnQlMkZ1cGxvYWRzJTJGMjAyNCUyRjEyJTJGc2VrdG9yYmhwLnBsLWxvZ28ud2VicCUyMiUyMGFsdCUzRCUyMlBvcnRhbCUyMEJIUCUyMC0lMjBzZWt0b3JiaHAucGwlMjAtJTIwYmV6cGllY3plJUM1JTg0c3R3byUyMGklMjBoaWdpZW5hJTIwcHJhY3klMjIlMjB3aWR0aCUzRCUyMjE0MCUyMiUyMGhlaWdodCUzRCUyMjE0MCUyMiUyMGxvYWRpbmclM0QlMjJsYXp5JTIyJTNFJTBBJTIwJTIwJTNDJTJGYSUzRSUwQSUyMCUyMCUzQ2ElMjBocmVmJTNEJTIyaHR0cHMlM0ElMkYlMkZ3d3cuaXBhcnRzLnBsJTIyJTIwdGFyZ2V0JTNEJTIyX2JsYW5rJTIyJTNFJTBBJTIwJTIwJTIwJTIwJTNDaW1nJTIwc3JjJTNEJTIyJTJGcG9ydGFsJTJGd3AtY29udGVudCUyRnVwbG9hZHMlMkYyMDIxJTJGMDklMkZjemVzY2ktc2Ftb2Nob2Rvd2UtaXBhcnRzLnBuZyUyMiUyMGFsdCUzRCUyMkN6JUM0JTk5JUM1JTlCY2klMjBkbyUyMHNhbW9jaG9kJUMzJUIzdyUyMHUlQzUlQkN5d2FueWNoJTIwaVBhcnRzJTIyJTIwd2lkdGglM0QlMjIxNDAlMjIlMjBoZWlnaHQlM0QlMjIxNDAlMjIlMjBsb2FkaW5nJTNEJTIybGF6eSUyMiUzRSUwQSUyMCUyMCUzQyUyRmElM0UlMEElMjAlMjAlM0NkaXYlMjBzdHlsZSUzRCUyMm1hcmdpbiUzQSUyMDhweCUyMDAlM0IlMjIlM0UlMEElMjAlMjAlMjAlMjAlM0NpbnMlMjBjbGFzcyUzRCUyMmFkc2J5Z29vZ2xlJTIyJTIwc3R5bGUlM0QlMjJkaXNwbGF5JTNBJTIwYmxvY2slM0IlMjBoZWlnaHQlM0ElMjAyNTBweCUzQiUyMiUyMGRhdGEtYWQtY2xpZW50JTNEJTIyY2EtcHViLTE5NDc5MzQwNTExMzk4MDglMjIlMjBkYXRhLWFkLXNsb3QlM0QlMjIxMzg4NjM2NDIyJTIyJTIwZGF0YS1hZC1mb3JtYXQlM0QlMjJhdXRvJTIyJTIwZGF0YS1mdWxsLXdpZHRoLXJlc3BvbnNpdmUlM0QlMjJ0cnVlJTIyJTNFJTNDJTJGaW5zJTNFJTBBJTIwJTIwJTIwJTIwJTNDc2NyaXB0JTNFJTBBJTIwJTIwJTIwJTIwJTIwJTIwJTI4YWRzYnlnb29nbGUlMjAlM0QlMjB3aW5kb3cuYWRzYnlnb29nbGUlMjAlN0MlN0MlMjAlNUIlNUQlMjkucHVzaCUyOCU3QiU3RCUyOSUzQiUwQSUyMCUyMCUyMCUyMCUzQyUyRnNjcmlwdCUzRSUwQSUyMCUyMCUzQyUyRmRpdiUzRSUwQSUyMCUyMCUzQ2ElMjBocmVmJTNEJTIyaHR0cHMlM0ElMkYlMkZiaWYyNC5wbCUyRiUyMiUyMHRhcmdldCUzRCUyMl9ibGFuayUyMiUzRSUwQSUyMCUyMCUyMCUyMCUzQ2ltZyUyMHNyYyUzRCUyMiUyRnBvcnRhbCUyRndwLWNvbnRlbnQlMkZ1cGxvYWRzJTJGMjAyMSUyRjA5JTJGQml6bmVzLUZvcnVtLUJJRjI0LmpwZyUyMiUyMGFsdCUzRCUyMkJpem5lcyUyMEZvcnVtJTIwQklGMjQlMjIlMjB3aWR0aCUzRCUyMjE0MCUyMiUyMGhlaWdodCUzRCUyMjE0MCUyMiUyMGxvYWRpbmclM0QlMjJsYXp5JTIyJTNFJTBBJTIwJTIwJTNDJTJGYSUzRSUwQSUyMCUyMCUzQ2ElMjBocmVmJTNEJTIyaHR0cHMlM0ElMkYlMkZwb3J0YWwuZm9ydW1wcmFjYS5wbCUyRiUyMiUyMHRhcmdldCUzRCUyMl9ibGFuayUyMiUzRSUwQSUyMCUyMCUyMCUyMCUzQ2ltZyUyMHNyYyUzRCUyMiUyRnBvcnRhbCUyRndwLWNvbnRlbnQlMkZ1cGxvYWRzJTJGMjAyMSUyRjA5JTJGRm9ydW0tUHJhY2EuanBnJTIyJTIwYWx0JTNEJTIyRm9ydW0lMjBQcmFjYSUyMC0lMjB6YXRydWRuaWVuaWUlMkMlMjB1bW93eSUyQyUyMHByYWNvZGF3Y3klMjIlMjB3aWR0aCUzRCUyMjE0MCUyMiUyMGhlaWdodCUzRCUyMjE0MCUyMiUyMGxvYWRpbmclM0QlMjJsYXp5JTIyJTNFJTBBJTIwJTIwJTNDJTJGYSUzRSUwQSUyMCUyMCUzQ2RpdiUyMHN0eWxlJTNEJTIybWFyZ2luJTNBJTIwOHB4JTIwMCUzQiUyMiUzRSUwQSUyMCUyMCUyMCUyMCUzQ2lucyUyMGNsYXNzJTNEJTIyYWRzYnlnb29nbGUlMjIlMjBzdHlsZSUzRCUyMmRpc3BsYXklM0ElMjBibG9jayUzQiUyMGhlaWdodCUzQSUyMDI1MHB4JTNCJTIyJTIwZGF0YS1hZC1jbGllbnQlM0QlMjJjYS1wdWItMTk0NzkzNDA1MTEzOTgwOCUyMiUyMGRhdGEtYWQtc2xvdCUzRCUyMjEzODg2MzY0MjIlMjIlMjBkYXRhLWFkLWZvcm1hdCUzRCUyMmF1dG8lMjIlMjBkYXRhLWZ1bGwtd2lkdGgtcmVzcG9uc2l2ZSUzRCUyMnRydWUlMjIlM0UlM0MlMkZpbnMlM0UlMEElMjAlMjAlMjAlMjAlM0NzY3JpcHQlM0UlMEElMjAlMjAlMjAlMjAlMjAlMjAlMjhhZHNieWdvb2dsZSUyMCUzRCUyMHdpbmRvdy5hZHNieWdvb2dsZSUyMCU3QyU3QyUyMCU1QiU1RCUyOS5wdXNoJTI4JTdCJTdEJTI5JTNCJTBBJTIwJTIwJTIwJTIwJTNDJTJGc2NyaXB0JTNFJTBBJTIwJTIwJTNDJTJGZGl2JTNFJTBBJTIwJTIwJTNDYSUyMGhyZWYlM0QlMjJodHRwcyUzQSUyRiUyRmtyZWR5dHl3cm9jbGF3LmNvbSUyRiUyMiUyMHRhcmdldCUzRCUyMl9ibGFuayUyMiUzRSUwQSUyMCUyMCUyMCUyMCUzQ2ltZyUyMHNyYyUzRCUyMiUyRnBvcnRhbCUyRndwLWNvbnRlbnQlMkZ1cGxvYWRzJTJGMjAyMSUyRjA5JTJGRG9yYWRjYS1GaW5hbnNvd3ktV3JvY2xhdy5qcGclMjIlMjBhbHQlM0QlMjJEb3JhZGNhJTIwRmluYW5zb3d5JTIwV3JvYyVDNSU4MmF3JTIwLSUyMERvcmFkY2ElMjBLcmVkeXRvd3klMjIlMjB3aWR0aCUzRCUyMjE0MCUyMiUyMGhlaWdodCUzRCUyMjE0MCUyMiUyMGxvYWRpbmclM0QlMjJsYXp5JTIyJTNFJTBBJTIwJTIwJTNDJTJGYSUzRSUwQSUyMCUyMCUzQ2ElMjBocmVmJTNEJTIyaHR0cHMlM0ElMkYlMkZiaXVyb2tyZWR5dG93ZS53YXJzemF3YS5wbCUyRiUyMiUyMHRhcmdldCUzRCUyMl9ibGFuayUyMiUzRSUwQSUyMCUyMCUyMCUyMCUzQ2ltZyUyMHNyYyUzRCUyMiUyRnBvcnRhbCUyRndwLWNvbnRlbnQlMkZ1cGxvYWRzJTJGMjAyMCUyRjA5JTJGRG9yYWRjYS1GaW5hbnNvd3kuanBnJTIyJTIwYWx0JTNEJTIyRG9yYWRjYSUyMEZpbmFuc293eSUyMFdhcnN6YXdhJTIyJTIwd2lkdGglM0QlMjIxNDAlMjIlMjBoZWlnaHQlM0QlMjIxNDAlMjIlMjBsb2FkaW5nJTNEJTIybGF6eSUyMiUzRSUwQSUyMCUyMCUzQyUyRmElM0UlMEElM0MlMkZkaXYlM0U=[\/vc_raw_html]<div  class=\"jeg_postblock_1 jeg_postblock jeg_module_hook jeg_pagination_disable jeg_col_2o3 jnews_module__8_69f401bdc7932   \" data-unique=\"jnews_module__8_69f401bdc7932\">\n\t\t\t\t\t<div class=\"jeg_block_heading jeg_block_heading_6 jeg_subcat_right\">\n                     <h3 class=\"jeg_block_title\"><span>Wiadomo\u015bci<\/span><\/h3>\n                     \n                 <\/div>\n\t\t\t\t\t<div class=\"jeg_block_container jeg_load_more_flag\">\n\t\t\t\t\t\n\t\t\t\t\t<div class=\"jeg_posts row\">\n\t\t\t\t\t<article class=\"jeg_post jeg_pl_lg_1 col-sm-6 format-standard\">\n\t\t\t\t\t\t<div class=\"jeg_thumb\">\n\t\t\t\t\t\n\t\t\t\t\t<a href=\"https:\/\/forum-mechaniczne.pl\/portal\/ile-kosztuje-fotowoltaika-w-2026-roku-realne-ceny-i-co-na-nie-wplywa\/\"><div class=\"thumbnail-container animate-lazy  size-500 \"><img loading=\"lazy\" decoding=\"async\" width=\"360\" height=\"180\" src=\"https:\/\/forum-mechaniczne.pl\/portal\/wp-content\/themes\/jnews\/assets\/img\/jeg-empty.png\" class=\"attachment-jnews-360x180 size-jnews-360x180 lazyload wp-post-image\" alt=\"Fotowoltaika na gara\u017cu - czy to ma sens?\" sizes=\"auto, (max-width: 360px) 100vw, 360px\" data-src=\"https:\/\/forum-mechaniczne.pl\/portal\/wp-content\/uploads\/2026\/03\/fotowoltaika-garaz-360x180.jpg\" data-srcset=\"https:\/\/forum-mechaniczne.pl\/portal\/wp-content\/uploads\/2026\/03\/fotowoltaika-garaz-360x180.jpg 360w, https:\/\/forum-mechaniczne.pl\/portal\/wp-content\/uploads\/2026\/03\/fotowoltaika-garaz-750x375.jpg 750w\" data-sizes=\"auto\" data-expand=\"700\" \/><\/div><\/a>\n\t\t\t\t\t<div class=\"jeg_post_category\">\n\t\t\t\t\t\t<span><a href=\"https:\/\/forum-mechaniczne.pl\/portal\/wiadomosci\/\" class=\"category-wiadomosci\">Wiadomo\u015bci<\/a><\/span>\n\t\t\t\t\t<\/div>\n\t\t\t\t<\/div>\n\t\t\t\t<div class=\"jeg_postblock_content\">\n\t\t\t\t\t<h3 property=\"headline\" class=\"jeg_post_title\">\n\t\t\t\t\t\t<a href=\"https:\/\/forum-mechaniczne.pl\/portal\/ile-kosztuje-fotowoltaika-w-2026-roku-realne-ceny-i-co-na-nie-wplywa\/\">Ile kosztuje fotowoltaika w 2026 roku &#8211; realne ceny i co na nie wp\u0142ywa<\/a>\n\t\t\t\t\t<\/h3>\n\t\t\t\t\t<div class=\"jeg_post_meta\"><div class=\"jeg_meta_author\"><span class=\"by\">by<\/span> <a href=\"https:\/\/forum-mechaniczne.pl\/portal\/author\/michal\/\">Micha\u0142 Koz\u0142owski<\/a><\/div><div class=\"jeg_meta_date\"><a href=\"https:\/\/forum-mechaniczne.pl\/portal\/ile-kosztuje-fotowoltaika-w-2026-roku-realne-ceny-i-co-na-nie-wplywa\/\"><i class=\"fa fa-clock-o\"><\/i> 2026-03-27<\/a><\/div><div class=\"jeg_meta_comment\"><a href=\"https:\/\/forum-mechaniczne.pl\/portal\/ile-kosztuje-fotowoltaika-w-2026-roku-realne-ceny-i-co-na-nie-wplywa\/#comments\" ><i class=\"fa fa-comment-o\"><\/i> 0 <\/a><\/div><\/div>\n\t\t\t\t\t<div class=\"jeg_post_excerpt\">\n\t\t\t\t\t\t<p>Instalacja paneli s\u0142onecznych to jedna z wi\u0119kszych decyzji finansowych dla w\u0142a\u015bciciela domu. Ceny r\u00f3\u017cni\u0105 si\u0119 w zale\u017cno\u015bci od mocy systemu,...<\/p>\n\t\t\t\t\t\t<a href=\"https:\/\/forum-mechaniczne.pl\/portal\/ile-kosztuje-fotowoltaika-w-2026-roku-realne-ceny-i-co-na-nie-wplywa\/\" class=\"jeg_readmore\">Read more<\/a>\n\t\t\t\t\t<\/div>\n\t\t\t\t<\/div>\n\t\t\t\t\t<\/article>\n\t\t\t\t\t<div class=\"jeg_postsmall col-sm-6\">\n\t\t\t\t\t\t<article class=\"jeg_post jeg_pl_sm format-standard\">\n\t\t\t\t\t<div class=\"jeg_thumb\">\n\t\t\t\t\t\t\n\t\t\t\t\t\t<a href=\"https:\/\/forum-mechaniczne.pl\/portal\/motogar-polska-idzie-w-oryginalne-czesci-atv\/\">\n\t\t\t\t\t\t\t<div class=\"thumbnail-container animate-lazy  size-715 \"><img loading=\"lazy\" decoding=\"async\" width=\"120\" height=\"86\" src=\"https:\/\/forum-mechaniczne.pl\/portal\/wp-content\/themes\/jnews\/assets\/img\/jeg-empty.png\" class=\"attachment-jnews-120x86 size-jnews-120x86 lazyload wp-post-image\" alt=\"Motogar Polska idzie w oryginalne cz\u0119\u015bci ATV. Sp\u00f3\u0142ka poda\u0142a wi\u0119cej szczeg\u00f3\u0142\u00f3w\" sizes=\"auto, (max-width: 120px) 100vw, 120px\" data-src=\"https:\/\/forum-mechaniczne.pl\/portal\/wp-content\/uploads\/2024\/04\/Motogar-Polska-idzie-w-oryginalne-czesci-ATV.-Spolka-podala-wiecej-szczegolow-120x86.webp\" data-srcset=\"https:\/\/forum-mechaniczne.pl\/portal\/wp-content\/uploads\/2024\/04\/Motogar-Polska-idzie-w-oryginalne-czesci-ATV.-Spolka-podala-wiecej-szczegolow-120x86.webp 120w, https:\/\/forum-mechaniczne.pl\/portal\/wp-content\/uploads\/2024\/04\/Motogar-Polska-idzie-w-oryginalne-czesci-ATV.-Spolka-podala-wiecej-szczegolow-350x250.webp 350w, https:\/\/forum-mechaniczne.pl\/portal\/wp-content\/uploads\/2024\/04\/Motogar-Polska-idzie-w-oryginalne-czesci-ATV.-Spolka-podala-wiecej-szczegolow-750x533.webp 750w\" data-sizes=\"auto\" data-expand=\"700\" \/><\/div>\n\t\t\t\t\t\t<\/a>\n\t\t\t\t\t<\/div>\n\t\t\t\t\t<div class=\"jeg_postblock_content\">\n\t\t\t\t\t\t<h3 class=\"jeg_post_title\">\n\t\t\t\t\t\t\t<a href=\"https:\/\/forum-mechaniczne.pl\/portal\/motogar-polska-idzie-w-oryginalne-czesci-atv\/\">Motogar Polska idzie w oryginalne cz\u0119\u015bci ATV. Sp\u00f3\u0142ka poda\u0142a wi\u0119cej szczeg\u00f3\u0142\u00f3w<\/a>\n\t\t\t\t\t\t<\/h3>\n\t\t\t\t\t\t<div class=\"jeg_post_meta\"><div class=\"jeg_meta_date\"><a href=\"https:\/\/forum-mechaniczne.pl\/portal\/motogar-polska-idzie-w-oryginalne-czesci-atv\/\" ><i class=\"fa fa-clock-o\"><\/i> 2025-05-01<\/a><\/div><\/div>\n\t\t\t\t\t<\/div>\n\t\t\t\t<\/article><article class=\"jeg_post jeg_pl_sm format-standard\">\n\t\t\t\t\t<div class=\"jeg_thumb\">\n\t\t\t\t\t\t\n\t\t\t\t\t\t<a href=\"https:\/\/forum-mechaniczne.pl\/portal\/ubezpieczenie-auta-jak-wyliczyc-skladke\/\">\n\t\t\t\t\t\t\t<div class=\"thumbnail-container animate-lazy  size-715 \"><img loading=\"lazy\" decoding=\"async\" width=\"120\" height=\"74\" src=\"https:\/\/forum-mechaniczne.pl\/portal\/wp-content\/themes\/jnews\/assets\/img\/jeg-empty.png\" class=\"attachment-jnews-120x86 size-jnews-120x86 lazyload wp-post-image\" alt=\"Ubezpieczenie auta \u2013 jak wyliczy\u0107 sk\u0142adk\u0119?\" sizes=\"auto, (max-width: 120px) 100vw, 120px\" data-src=\"https:\/\/forum-mechaniczne.pl\/portal\/wp-content\/uploads\/2020\/12\/skladka-oc.jpg\" data-srcset=\"https:\/\/forum-mechaniczne.pl\/portal\/wp-content\/uploads\/2020\/12\/skladka-oc.jpg 750w, https:\/\/forum-mechaniczne.pl\/portal\/wp-content\/uploads\/2020\/12\/skladka-oc-300x184.jpg 300w\" data-sizes=\"auto\" data-expand=\"700\" \/><\/div>\n\t\t\t\t\t\t<\/a>\n\t\t\t\t\t<\/div>\n\t\t\t\t\t<div class=\"jeg_postblock_content\">\n\t\t\t\t\t\t<h3 class=\"jeg_post_title\">\n\t\t\t\t\t\t\t<a href=\"https:\/\/forum-mechaniczne.pl\/portal\/ubezpieczenie-auta-jak-wyliczyc-skladke\/\">Ubezpieczenie auta \u2013 jak wyliczy\u0107 sk\u0142adk\u0119?<\/a>\n\t\t\t\t\t\t<\/h3>\n\t\t\t\t\t\t<div class=\"jeg_post_meta\"><div class=\"jeg_meta_date\"><a href=\"https:\/\/forum-mechaniczne.pl\/portal\/ubezpieczenie-auta-jak-wyliczyc-skladke\/\" ><i class=\"fa fa-clock-o\"><\/i> 2024-07-23<\/a><\/div><\/div>\n\t\t\t\t\t<\/div>\n\t\t\t\t<\/article><article class=\"jeg_post jeg_pl_sm format-standard\">\n\t\t\t\t\t<div class=\"jeg_thumb\">\n\t\t\t\t\t\t\n\t\t\t\t\t\t<a href=\"https:\/\/forum-mechaniczne.pl\/portal\/ogrodzenia-stalowe-do-warsztatu-samochodowego\/\">\n\t\t\t\t\t\t\t<div class=\"thumbnail-container animate-lazy  size-715 \"><img loading=\"lazy\" decoding=\"async\" width=\"120\" height=\"68\" src=\"https:\/\/forum-mechaniczne.pl\/portal\/wp-content\/themes\/jnews\/assets\/img\/jeg-empty.png\" class=\"attachment-jnews-120x86 size-jnews-120x86 lazyload wp-post-image\" alt=\"Ogrodzenia stalowe do warsztatu samochodowego - dlaczego to najlepszy wyb\u00f3r?\" sizes=\"auto, (max-width: 120px) 100vw, 120px\" data-src=\"https:\/\/forum-mechaniczne.pl\/portal\/wp-content\/uploads\/2023\/07\/Ogrodzenia-stalowe-do-warsztatu-samochodowego-dlaczego-to-najlepszy-wybor.jpg\" data-srcset=\"https:\/\/forum-mechaniczne.pl\/portal\/wp-content\/uploads\/2023\/07\/Ogrodzenia-stalowe-do-warsztatu-samochodowego-dlaczego-to-najlepszy-wybor.jpg 800w, https:\/\/forum-mechaniczne.pl\/portal\/wp-content\/uploads\/2023\/07\/Ogrodzenia-stalowe-do-warsztatu-samochodowego-dlaczego-to-najlepszy-wybor-300x169.jpg 300w, https:\/\/forum-mechaniczne.pl\/portal\/wp-content\/uploads\/2023\/07\/Ogrodzenia-stalowe-do-warsztatu-samochodowego-dlaczego-to-najlepszy-wybor-768x432.jpg 768w\" data-sizes=\"auto\" data-expand=\"700\" \/><\/div>\n\t\t\t\t\t\t<\/a>\n\t\t\t\t\t<\/div>\n\t\t\t\t\t<div class=\"jeg_postblock_content\">\n\t\t\t\t\t\t<h3 class=\"jeg_post_title\">\n\t\t\t\t\t\t\t<a href=\"https:\/\/forum-mechaniczne.pl\/portal\/ogrodzenia-stalowe-do-warsztatu-samochodowego\/\">Ogrodzenia stalowe do warsztatu samochodowego &#8211; dlaczego to najlepszy wyb\u00f3r?<\/a>\n\t\t\t\t\t\t<\/h3>\n\t\t\t\t\t\t<div class=\"jeg_post_meta\"><div class=\"jeg_meta_date\"><a href=\"https:\/\/forum-mechaniczne.pl\/portal\/ogrodzenia-stalowe-do-warsztatu-samochodowego\/\" ><i class=\"fa fa-clock-o\"><\/i> 2023-07-16<\/a><\/div><\/div>\n\t\t\t\t\t<\/div>\n\t\t\t\t<\/article><article class=\"jeg_post jeg_pl_sm format-standard\">\n\t\t\t\t\t<div class=\"jeg_thumb\">\n\t\t\t\t\t\t\n\t\t\t\t\t\t<a href=\"https:\/\/forum-mechaniczne.pl\/portal\/piec-zmian-w-przemysle-motoryzacyjnym\/\">\n\t\t\t\t\t\t\t<div class=\"thumbnail-container animate-lazy  size-715 \"><img loading=\"lazy\" decoding=\"async\" width=\"120\" height=\"75\" src=\"https:\/\/forum-mechaniczne.pl\/portal\/wp-content\/themes\/jnews\/assets\/img\/jeg-empty.png\" class=\"attachment-jnews-120x86 size-jnews-120x86 lazyload wp-post-image\" alt=\"Czarny samoch\u00f3d\" sizes=\"auto, (max-width: 120px) 100vw, 120px\" data-src=\"https:\/\/forum-mechaniczne.pl\/portal\/wp-content\/uploads\/2021\/11\/aut.jpg\" data-srcset=\"https:\/\/forum-mechaniczne.pl\/portal\/wp-content\/uploads\/2021\/11\/aut.jpg 1528w, https:\/\/forum-mechaniczne.pl\/portal\/wp-content\/uploads\/2021\/11\/aut-300x188.jpg 300w, https:\/\/forum-mechaniczne.pl\/portal\/wp-content\/uploads\/2021\/11\/aut-1024x640.jpg 1024w, https:\/\/forum-mechaniczne.pl\/portal\/wp-content\/uploads\/2021\/11\/aut-768x480.jpg 768w\" data-sizes=\"auto\" data-expand=\"700\" \/><\/div>\n\t\t\t\t\t\t<\/a>\n\t\t\t\t\t<\/div>\n\t\t\t\t\t<div class=\"jeg_postblock_content\">\n\t\t\t\t\t\t<h3 class=\"jeg_post_title\">\n\t\t\t\t\t\t\t<a href=\"https:\/\/forum-mechaniczne.pl\/portal\/piec-zmian-w-przemysle-motoryzacyjnym\/\">Pi\u0119\u0107 zmian w przemy\u015ble motoryzacyjnym<\/a>\n\t\t\t\t\t\t<\/h3>\n\t\t\t\t\t\t<div class=\"jeg_post_meta\"><div class=\"jeg_meta_date\"><a href=\"https:\/\/forum-mechaniczne.pl\/portal\/piec-zmian-w-przemysle-motoryzacyjnym\/\" ><i class=\"fa fa-clock-o\"><\/i> 2021-11-02<\/a><\/div><\/div>\n\t\t\t\t\t<\/div>\n\t\t\t\t<\/article><article class=\"jeg_post jeg_pl_sm format-standard\">\n\t\t\t\t\t<div class=\"jeg_thumb\">\n\t\t\t\t\t\t\n\t\t\t\t\t\t<a href=\"https:\/\/forum-mechaniczne.pl\/portal\/sprzedaz-samochodow-uzywanych-wzrosla-o-ponad-17-w-2021-roku\/\">\n\t\t\t\t\t\t\t<div class=\"thumbnail-container animate-lazy  size-715 \"><img loading=\"lazy\" decoding=\"async\" width=\"120\" height=\"75\" src=\"https:\/\/forum-mechaniczne.pl\/portal\/wp-content\/themes\/jnews\/assets\/img\/jeg-empty.png\" class=\"attachment-jnews-120x86 size-jnews-120x86 lazyload wp-post-image\" alt=\"Sprzeda\u017c samochod\u00f3w u\u017cywanych wzros\u0142a o 17,1% w 2021 roku\" sizes=\"auto, (max-width: 120px) 100vw, 120px\" data-src=\"https:\/\/forum-mechaniczne.pl\/portal\/wp-content\/uploads\/2021\/10\/samochody-uzywane.jpg\" data-srcset=\"https:\/\/forum-mechaniczne.pl\/portal\/wp-content\/uploads\/2021\/10\/samochody-uzywane.jpg 800w, https:\/\/forum-mechaniczne.pl\/portal\/wp-content\/uploads\/2021\/10\/samochody-uzywane-300x189.jpg 300w, https:\/\/forum-mechaniczne.pl\/portal\/wp-content\/uploads\/2021\/10\/samochody-uzywane-768x483.jpg 768w\" data-sizes=\"auto\" data-expand=\"700\" \/><\/div>\n\t\t\t\t\t\t<\/a>\n\t\t\t\t\t<\/div>\n\t\t\t\t\t<div class=\"jeg_postblock_content\">\n\t\t\t\t\t\t<h3 class=\"jeg_post_title\">\n\t\t\t\t\t\t\t<a href=\"https:\/\/forum-mechaniczne.pl\/portal\/sprzedaz-samochodow-uzywanych-wzrosla-o-ponad-17-w-2021-roku\/\">Sprzeda\u017c samochod\u00f3w u\u017cywanych wzros\u0142a o ponad 17% w 2021 roku<\/a>\n\t\t\t\t\t\t<\/h3>\n\t\t\t\t\t\t<div class=\"jeg_post_meta\"><div class=\"jeg_meta_date\"><a href=\"https:\/\/forum-mechaniczne.pl\/portal\/sprzedaz-samochodow-uzywanych-wzrosla-o-ponad-17-w-2021-roku\/\" ><i class=\"fa fa-clock-o\"><\/i> 2021-10-29<\/a><\/div><\/div>\n\t\t\t\t\t<\/div>\n\t\t\t\t<\/article><article class=\"jeg_post jeg_pl_sm format-standard\">\n\t\t\t\t\t<div class=\"jeg_thumb\">\n\t\t\t\t\t\t\n\t\t\t\t\t\t<a href=\"https:\/\/forum-mechaniczne.pl\/portal\/mclaren-sprzedaje-swoja-siedzibe-za-170-mln-funtow\/\">\n\t\t\t\t\t\t\t<div class=\"thumbnail-container animate-lazy  size-715 \"><img loading=\"lazy\" decoding=\"async\" width=\"120\" height=\"80\" src=\"https:\/\/forum-mechaniczne.pl\/portal\/wp-content\/themes\/jnews\/assets\/img\/jeg-empty.png\" class=\"attachment-jnews-120x86 size-jnews-120x86 lazyload wp-post-image\" alt=\"Samoch\u00f3d McLaren\" sizes=\"auto, (max-width: 120px) 100vw, 120px\" data-src=\"https:\/\/forum-mechaniczne.pl\/portal\/wp-content\/uploads\/2021\/10\/McLaren-620R.jpg\" data-srcset=\"https:\/\/forum-mechaniczne.pl\/portal\/wp-content\/uploads\/2021\/10\/McLaren-620R.jpg 1600w, https:\/\/forum-mechaniczne.pl\/portal\/wp-content\/uploads\/2021\/10\/McLaren-620R-300x200.jpg 300w, https:\/\/forum-mechaniczne.pl\/portal\/wp-content\/uploads\/2021\/10\/McLaren-620R-1024x683.jpg 1024w, https:\/\/forum-mechaniczne.pl\/portal\/wp-content\/uploads\/2021\/10\/McLaren-620R-768x512.jpg 768w, https:\/\/forum-mechaniczne.pl\/portal\/wp-content\/uploads\/2021\/10\/McLaren-620R-1536x1024.jpg 1536w\" data-sizes=\"auto\" data-expand=\"700\" \/><\/div>\n\t\t\t\t\t\t<\/a>\n\t\t\t\t\t<\/div>\n\t\t\t\t\t<div class=\"jeg_postblock_content\">\n\t\t\t\t\t\t<h3 class=\"jeg_post_title\">\n\t\t\t\t\t\t\t<a href=\"https:\/\/forum-mechaniczne.pl\/portal\/mclaren-sprzedaje-swoja-siedzibe-za-170-mln-funtow\/\">McLaren sprzedaje swoj\u0105 siedzib\u0119 za 170 mln funt\u00f3w<\/a>\n\t\t\t\t\t\t<\/h3>\n\t\t\t\t\t\t<div class=\"jeg_post_meta\"><div class=\"jeg_meta_date\"><a href=\"https:\/\/forum-mechaniczne.pl\/portal\/mclaren-sprzedaje-swoja-siedzibe-za-170-mln-funtow\/\" ><i class=\"fa fa-clock-o\"><\/i> 2021-10-27<\/a><\/div><\/div>\n\t\t\t\t\t<\/div>\n\t\t\t\t<\/article><article class=\"jeg_post jeg_pl_sm format-standard\">\n\t\t\t\t\t<div class=\"jeg_thumb\">\n\t\t\t\t\t\t\n\t\t\t\t\t\t<a href=\"https:\/\/forum-mechaniczne.pl\/portal\/przyszlosc-automatyki-przemyslowej-i-robotyki\/\">\n\t\t\t\t\t\t\t<div class=\"thumbnail-container animate-lazy  size-715 \"><img loading=\"lazy\" decoding=\"async\" width=\"109\" height=\"86\" src=\"https:\/\/forum-mechaniczne.pl\/portal\/wp-content\/themes\/jnews\/assets\/img\/jeg-empty.png\" class=\"attachment-jnews-120x86 size-jnews-120x86 lazyload wp-post-image\" alt=\"Przysz\u0142o\u015b\u0107 automatyki przemys\u0142owej i robotyki \u2013 gdzie rodz\u0105 si\u0119 trendy?\" sizes=\"auto, (max-width: 109px) 100vw, 109px\" data-src=\"https:\/\/forum-mechaniczne.pl\/portal\/wp-content\/uploads\/2021\/10\/tht-maszyna.jpg\" data-srcset=\"https:\/\/forum-mechaniczne.pl\/portal\/wp-content\/uploads\/2021\/10\/tht-maszyna.jpg 800w, https:\/\/forum-mechaniczne.pl\/portal\/wp-content\/uploads\/2021\/10\/tht-maszyna-300x236.jpg 300w, https:\/\/forum-mechaniczne.pl\/portal\/wp-content\/uploads\/2021\/10\/tht-maszyna-768x605.jpg 768w\" data-sizes=\"auto\" data-expand=\"700\" \/><\/div>\n\t\t\t\t\t\t<\/a>\n\t\t\t\t\t<\/div>\n\t\t\t\t\t<div class=\"jeg_postblock_content\">\n\t\t\t\t\t\t<h3 class=\"jeg_post_title\">\n\t\t\t\t\t\t\t<a href=\"https:\/\/forum-mechaniczne.pl\/portal\/przyszlosc-automatyki-przemyslowej-i-robotyki\/\">Przysz\u0142o\u015b\u0107 automatyki przemys\u0142owej i robotyki \u2013 gdzie rodz\u0105 si\u0119 trendy?<\/a>\n\t\t\t\t\t\t<\/h3>\n\t\t\t\t\t\t<div class=\"jeg_post_meta\"><div class=\"jeg_meta_date\"><a href=\"https:\/\/forum-mechaniczne.pl\/portal\/przyszlosc-automatyki-przemyslowej-i-robotyki\/\" ><i class=\"fa fa-clock-o\"><\/i> 2021-10-26<\/a><\/div><\/div>\n\t\t\t\t\t<\/div>\n\t\t\t\t<\/article>\n\t\t\t\t\t<\/div>\n\t\t\t\t<\/div>\n\t\t\t\t\t<div class='module-overlay'>\n\t\t\t\t    <div class='preloader_type preloader_dot'>\n\t\t\t\t        <div class=\"module-preloader jeg_preloader dot\">\n\t\t\t\t            <span><\/span><span><\/span><span><\/span>\n\t\t\t\t        <\/div>\n\t\t\t\t        <div class=\"module-preloader jeg_preloader circle\">\n\t\t\t\t            <div class=\"jnews_preloader_circle_outer\">\n\t\t\t\t                <div class=\"jnews_preloader_circle_inner\"><\/div>\n\t\t\t\t            <\/div>\n\t\t\t\t        <\/div>\n\t\t\t\t        <div class=\"module-preloader jeg_preloader square\">\n\t\t\t\t            <div class=\"jeg_square\">\n\t\t\t\t                <div class=\"jeg_square_inner\"><\/div>\n\t\t\t\t            <\/div>\n\t\t\t\t        <\/div>\n\t\t\t\t    <\/div>\n\t\t\t\t<\/div>\n\t\t\t\t<\/div>\n\t\t\t\t<div class=\"jeg_block_navigation\">\n\t\t\t\t\t<div class='navigation_overlay'><div class='module-preloader jeg_preloader'><span><\/span><span><\/span><span><\/span><\/div><\/div>\n\t\t\t\t\t\n\t\t\t\t\t\n\t\t\t\t<\/div>\n\t\t\t\t\t\n\t\t\t\t\t<script>var jnews_module__8_69f401bdc7932 = {\"header_icon\":\"\",\"first_title\":\"Wiadomo\\u015bci\",\"second_title\":\"\",\"url\":\"\",\"header_type\":\"heading_6\",\"header_background\":\"\",\"header_secondary_background\":\"\",\"header_text_color\":\"\",\"header_line_color\":\"\",\"header_accent_color\":\"\",\"header_filter_category\":\"\",\"header_filter_author\":\"\",\"header_filter_tag\":\"\",\"header_filter_text\":\"All\",\"post_type\":\"post\",\"content_type\":\"all\",\"sponsor\":\"\",\"number_post\":\"8\",\"post_offset\":\"0\",\"unique_content\":\"disable\",\"include_post\":\"\",\"included_only\":\"\",\"exclude_post\":\"\",\"include_category\":\"11\",\"exclude_category\":\"\",\"include_author\":\"\",\"include_tag\":\"\",\"exclude_tag\":\"\",\"sort_by\":\"latest\",\"date_format\":\"default\",\"date_format_custom\":\"Y\\\/m\\\/d\",\"excerpt_length\":\"20\",\"excerpt_ellipsis\":\"...\",\"force_normal_image_load\":\"\",\"pagination_mode\":\"disable\",\"pagination_nextprev_showtext\":\"\",\"pagination_number_post\":5,\"pagination_scroll_limit\":0,\"boxed\":\"\",\"boxed_shadow\":\"\",\"el_id\":\"\",\"el_class\":\"\",\"scheme\":\"\",\"column_width\":\"auto\",\"title_color\":\"\",\"accent_color\":\"\",\"alt_color\":\"\",\"excerpt_color\":\"\",\"css\":\"\",\"compatible_column_notice\":\"\",\"paged\":1,\"column_class\":\"jeg_col_2o3\",\"class\":\"jnews_block_1\"};<\/script>\n\t\t\t\t<\/div>[\/vc_column][\/vc_row]<\/p>\n<\/div>","protected":false},"excerpt":{"rendered":"<p>[vc_row full_width=&#8221;stretch_row_content&#8221; vc_row_background=&#8221;&#8221; css=&#8221;.vc_custom_1498702456954{margin-top: -30px !important;}&#8221;][vc_column css=&#8221;.vc_custom_1498710988941{border-top-width: 1px !important;border-bottom-width: 1px !important;padding-top: 20px !important;background-color: #111111 !important;border-top-color: #383838 !important;border-top-style: solid !important;border-bottom-color: #383838 !important;border-bottom-style: solid !important;}&#8221;][\/vc_column][\/vc_row][vc_row vc_row_background=&#8221;&#8221; css=&#8221;.vc_custom_1498292610467{margin-top: 30px !important;}&#8221;][vc_column][vc_raw_html]JTNDcCUyMHN0eWxlJTNEJTIydGV4dC1hbGlnbiUzQSUyMGNlbnRlciUzQiUyMiUzRSUwQSUyMCUyMCUyMCUyMCUzQ2ElMjBocmVmJTNEJTIyaHR0cHMlM0ElMkYlMkZtb3RvLWhvbWUucGwlMkZhdXRhLW5hLXphbW93aWVuaWUlMjIlMjB0YXJnZXQlM0QlMjJfYmxhbmslMjIlM0UlMEElMjAlMjAlMjAlMjAlMjAlMjAlMjAlMjAlM0NpbWclMjBhbHQlM0QlMjJBdXRvJTIwbmElMjB6YW0lQzMlQjN3aWVuaWUlMjBvZCUyME1PVE8tSE9NRS5wbCUyMiUyMCUwQSUyMCUyMCUyMCUyMCUyMCUyMCUyMCUyMCUyMCUyMCUyMCUyMCUyMHNyYyUzRCUyMiUyRnBvcnRhbCUyRndwLWNvbnRlbnQlMkZ1cGxvYWRzJTJGMjAyNSUyRjAyJTJGYXV0by1uYS16YW1vd2llbmllLW1vdG8taG9tLnBsLXNwcmF3ZHouanBnJTIyJTIwJTBBJTIwJTIwJTIwJTIwJTIwJTIwJTIwJTIwJTIwJTIwJTIwJTIwJTIwdGl0bGUlM0QlMjJBdXRvJTIwbmElMjB6YW0lQzMlQjN3aWVuaWUlMjAtJTIwbW90by1ob20ucGwlMjAtJTIwc3ByYXdkJUM1JUJBJTIxJTIyJTIwJTBBJTIwJTIwJTIwJTIwJTIwJTIwJTIwJTIwJTIwJTIwJTIwJTIwJTIwd2lkdGglM0QlMjIxNDAwJTIyJTIwJTBBJTIwJTIwJTIwJTIwJTIwJTIwJTIwJTIwJTIwJTIwJTIwJTIwJTIwaGVpZ2h0JTNEJTIyMjAwJTIyJTIwJTBBJTIwJTIwJTIwJTIwJTIwJTIwJTIwJTIwJTIwJTIwJTIwJTIwJTIwbG9hZGluZyUzRCUyMmxhenklMjIlM0UlMEElMjAlMjAlMjAlMjAlM0MlMkZhJTNFJTBBJTNDJTJGcCUzRSUwQQ==[\/vc_raw_html][\/vc_column][\/vc_row][vc_row][vc_column width=&#8221;2\/3&#8243;][\/vc_column][vc_column width=&#8221;1\/3&#8243; sticky_sidebar=&#8221;yes&#8221;][vc_raw_html]JTNDZGl2JTIwc3R5bGUlM0QlMjJ0ZXh0LWFsaWduJTNBJTIwY2VudGVyJTNCJTIyJTNFJTBBJTIwJTIwJTNDYSUyMGhyZWYlM0QlMjJodHRwcyUzQSUyRiUyRnNla3RvcmJocC5wbCUyRiUyMiUyMHRhcmdldCUzRCUyMl9ibGFuayUyMiUzRSUwQSUyMCUyMCUyMCUyMCUzQ2ltZyUyMHNyYyUzRCUyMiUyRnBvcnRhbCUyRndwLWNvbnRlbnQlMkZ1cGxvYWRzJTJGMjAyNCUyRjEyJTJGc2VrdG9yYmhwLnBsLWxvZ28ud2VicCUyMiUyMGFsdCUzRCUyMlBvcnRhbCUyMEJIUCUyMC0lMjBzZWt0b3JiaHAucGwlMjAtJTIwYmV6cGllY3plJUM1JTg0c3R3byUyMGklMjBoaWdpZW5hJTIwcHJhY3klMjIlMjB3aWR0aCUzRCUyMjE0MCUyMiUyMGhlaWdodCUzRCUyMjE0MCUyMiUyMGxvYWRpbmclM0QlMjJsYXp5JTIyJTNFJTBBJTIwJTIwJTNDJTJGYSUzRSUwQSUyMCUyMCUzQ2ElMjBocmVmJTNEJTIyaHR0cHMlM0ElMkYlMkZ3d3cuaXBhcnRzLnBsJTIyJTIwdGFyZ2V0JTNEJTIyX2JsYW5rJTIyJTNFJTBBJTIwJTIwJTIwJTIwJTNDaW1nJTIwc3JjJTNEJTIyJTJGcG9ydGFsJTJGd3AtY29udGVudCUyRnVwbG9hZHMlMkYyMDIxJTJGMDklMkZjemVzY2ktc2Ftb2Nob2Rvd2UtaXBhcnRzLnBuZyUyMiUyMGFsdCUzRCUyMkN6JUM0JTk5JUM1JTlCY2klMjBkbyUyMHNhbW9jaG9kJUMzJUIzdyUyMHUlQzUlQkN5d2FueWNoJTIwaVBhcnRzJTIyJTIwd2lkdGglM0QlMjIxNDAlMjIlMjBoZWlnaHQlM0QlMjIxNDAlMjIlMjBsb2FkaW5nJTNEJTIybGF6eSUyMiUzRSUwQSUyMCUyMCUzQyUyRmElM0UlMEElMjAlMjAlM0NkaXYlMjBzdHlsZSUzRCUyMm1hcmdpbiUzQSUyMDhweCUyMDAlM0IlMjIlM0UlMEElMjAlMjAlMjAlMjAlM0NpbnMlMjBjbGFzcyUzRCUyMmFkc2J5Z29vZ2xlJTIyJTIwc3R5bGUlM0QlMjJkaXNwbGF5JTNBJTIwYmxvY2slM0IlMjBoZWlnaHQlM0ElMjAyNTBweCUzQiUyMiUyMGRhdGEtYWQtY2xpZW50JTNEJTIyY2EtcHViLTE5NDc5MzQwNTExMzk4MDglMjIlMjBkYXRhLWFkLXNsb3QlM0QlMjIxMzg4NjM2NDIyJTIyJTIwZGF0YS1hZC1mb3JtYXQlM0QlMjJhdXRvJTIyJTIwZGF0YS1mdWxsLXdpZHRoLXJlc3BvbnNpdmUlM0QlMjJ0cnVlJTIyJTNFJTNDJTJGaW5zJTNFJTBBJTIwJTIwJTIwJTIwJTNDc2NyaXB0JTNFJTBBJTIwJTIwJTIwJTIwJTIwJTIwJTI4YWRzYnlnb29nbGUlMjAlM0QlMjB3aW5kb3cuYWRzYnlnb29nbGUlMjAlN0MlN0MlMjAlNUIlNUQlMjkucHVzaCUyOCU3QiU3RCUyOSUzQiUwQSUyMCUyMCUyMCUyMCUzQyUyRnNjcmlwdCUzRSUwQSUyMCUyMCUzQyUyRmRpdiUzRSUwQSUyMCUyMCUzQ2ElMjBocmVmJTNEJTIyaHR0cHMlM0ElMkYlMkZiaWYyNC5wbCUyRiUyMiUyMHRhcmdldCUzRCUyMl9ibGFuayUyMiUzRSUwQSUyMCUyMCUyMCUyMCUzQ2ltZyUyMHNyYyUzRCUyMiUyRnBvcnRhbCUyRndwLWNvbnRlbnQlMkZ1cGxvYWRzJTJGMjAyMSUyRjA5JTJGQml6bmVzLUZvcnVtLUJJRjI0LmpwZyUyMiUyMGFsdCUzRCUyMkJpem5lcyUyMEZvcnVtJTIwQklGMjQlMjIlMjB3aWR0aCUzRCUyMjE0MCUyMiUyMGhlaWdodCUzRCUyMjE0MCUyMiUyMGxvYWRpbmclM0QlMjJsYXp5JTIyJTNFJTBBJTIwJTIwJTNDJTJGYSUzRSUwQSUyMCUyMCUzQ2ElMjBocmVmJTNEJTIyaHR0cHMlM0ElMkYlMkZwb3J0YWwuZm9ydW1wcmFjYS5wbCUyRiUyMiUyMHRhcmdldCUzRCUyMl9ibGFuayUyMiUzRSUwQSUyMCUyMCUyMCUyMCUzQ2ltZyUyMHNyYyUzRCUyMiUyRnBvcnRhbCUyRndwLWNvbnRlbnQlMkZ1cGxvYWRzJTJGMjAyMSUyRjA5JTJGRm9ydW0tUHJhY2EuanBnJTIyJTIwYWx0JTNEJTIyRm9ydW0lMjBQcmFjYSUyMC0lMjB6YXRydWRuaWVuaWUlMkMlMjB1bW93eSUyQyUyMHByYWNvZGF3Y3klMjIlMjB3aWR0aCUzRCUyMjE0MCUyMiUyMGhlaWdodCUzRCUyMjE0MCUyMiUyMGxvYWRpbmclM0QlMjJsYXp5JTIyJTNFJTBBJTIwJTIwJTNDJTJGYSUzRSUwQSUyMCUyMCUzQ2RpdiUyMHN0eWxlJTNEJTIybWFyZ2luJTNBJTIwOHB4JTIwMCUzQiUyMiUzRSUwQSUyMCUyMCUyMCUyMCUzQ2lucyUyMGNsYXNzJTNEJTIyYWRzYnlnb29nbGUlMjIlMjBzdHlsZSUzRCUyMmRpc3BsYXklM0ElMjBibG9jayUzQiUyMGhlaWdodCUzQSUyMDI1MHB4JTNCJTIyJTIwZGF0YS1hZC1jbGllbnQlM0QlMjJjYS1wdWItMTk0NzkzNDA1MTEzOTgwOCUyMiUyMGRhdGEtYWQtc2xvdCUzRCUyMjEzODg2MzY0MjIlMjIlMjBkYXRhLWFkLWZvcm1hdCUzRCUyMmF1dG8lMjIlMjBkYXRhLWZ1bGwtd2lkdGgtcmVzcG9uc2l2ZSUzRCUyMnRydWUlMjIlM0UlM0MlMkZpbnMlM0UlMEElMjAlMjAlMjAlMjAlM0NzY3JpcHQlM0UlMEElMjAlMjAlMjAlMjAlMjAlMjAlMjhhZHNieWdvb2dsZSUyMCUzRCUyMHdpbmRvdy5hZHNieWdvb2dsZSUyMCU3QyU3QyUyMCU1QiU1RCUyOS5wdXNoJTI4JTdCJTdEJTI5JTNCJTBBJTIwJTIwJTIwJTIwJTNDJTJGc2NyaXB0JTNFJTBBJTIwJTIwJTNDJTJGZGl2JTNFJTBBJTIwJTIwJTNDYSUyMGhyZWYlM0QlMjJodHRwcyUzQSUyRiUyRmtyZWR5dHl3cm9jbGF3LmNvbSUyRiUyMiUyMHRhcmdldCUzRCUyMl9ibGFuayUyMiUzRSUwQSUyMCUyMCUyMCUyMCUzQ2ltZyUyMHNyYyUzRCUyMiUyRnBvcnRhbCUyRndwLWNvbnRlbnQlMkZ1cGxvYWRzJTJGMjAyMSUyRjA5JTJGRG9yYWRjYS1GaW5hbnNvd3ktV3JvY2xhdy5qcGclMjIlMjBhbHQlM0QlMjJEb3JhZGNhJTIwRmluYW5zb3d5JTIwV3JvYyVDNSU4MmF3JTIwLSUyMERvcmFkY2ElMjBLcmVkeXRvd3klMjIlMjB3aWR0aCUzRCUyMjE0MCUyMiUyMGhlaWdodCUzRCUyMjE0MCUyMiUyMGxvYWRpbmclM0QlMjJsYXp5JTIyJTNFJTBBJTIwJTIwJTNDJTJGYSUzRSUwQSUyMCUyMCUzQ2ElMjBocmVmJTNEJTIyaHR0cHMlM0ElMkYlMkZiaXVyb2tyZWR5dG93ZS53YXJzemF3YS5wbCUyRiUyMiUyMHRhcmdldCUzRCUyMl9ibGFuayUyMiUzRSUwQSUyMCUyMCUyMCUyMCUzQ2ltZyUyMHNyYyUzRCUyMiUyRnBvcnRhbCUyRndwLWNvbnRlbnQlMkZ1cGxvYWRzJTJGMjAyMCUyRjA5JTJGRG9yYWRjYS1GaW5hbnNvd3kuanBnJTIyJTIwYWx0JTNEJTIyRG9yYWRjYSUyMEZpbmFuc293eSUyMFdhcnN6YXdhJTIyJTIwd2lkdGglM0QlMjIxNDAlMjIlMjBoZWlnaHQlM0QlMjIxNDAlMjIlMjBsb2FkaW5nJTNEJTIybGF6eSUyMiUzRSUwQSUyMCUyMCUzQyUyRmElM0UlMEElM0MlMkZkaXYlM0U=[\/vc_raw_html][\/vc_column][\/vc_row]<\/p>\n","protected":false},"author":1,"featured_media":0,"parent":0,"menu_order":0,"comment_status":"closed","ping_status":"closed","template":"template-builder.php","meta":{"footnotes":""},"class_list":["post-2907","page","type-page","status-publish","hentry"],"yoast_head":"<!-- This site is optimized with the Yoast SEO plugin v27.5 - https:\/\/yoast.com\/product\/yoast-seo-wordpress\/ -->\n<title>Portal mechanik\u00f3w samochodowych i fan\u00f3w motoryzacji<\/title>\n<meta name=\"description\" content=\"Serdecznie zaprsazamy na nasz portal po\u015bwi\u0119cony mechanice samochodowej oraz motoryzacji i nasze forum: forum-mechaniczne.pl\" \/>\n<meta name=\"robots\" content=\"index, follow, max-snippet:-1, max-image-preview:large, max-video-preview:-1\" \/>\n<link rel=\"canonical\" href=\"https:\/\/forum-mechaniczne.pl\/portal\/\" \/>\n<meta property=\"og:locale\" content=\"pl_PL\" \/>\n<meta property=\"og:type\" content=\"article\" \/>\n<meta property=\"og:title\" content=\"Portal mechanik\u00f3w samochodowych i fan\u00f3w motoryzacji\" \/>\n<meta property=\"og:description\" content=\"Serdecznie zaprsazamy na nasz portal po\u015bwi\u0119cony mechanice samochodowej oraz motoryzacji i nasze forum: forum-mechaniczne.pl\" \/>\n<meta property=\"og:url\" content=\"https:\/\/forum-mechaniczne.pl\/portal\/\" \/>\n<meta property=\"og:site_name\" content=\"Portal mechaniczny - samochody, nowo\u015bci, mechanika pojazdowa\" \/>\n<meta property=\"article:modified_time\" content=\"2026-04-27T20:05:13+00:00\" \/>\n<meta name=\"twitter:card\" content=\"summary_large_image\" \/>\n<meta name=\"twitter:label1\" content=\"Szacowany czas czytania\" \/>\n\t<meta name=\"twitter:data1\" content=\"1 minuta\" \/>\n<script type=\"application\/ld+json\" class=\"yoast-schema-graph\">{\"@context\":\"https:\\\/\\\/schema.org\",\"@graph\":[{\"@type\":\"WebPage\",\"@id\":\"https:\\\/\\\/forum-mechaniczne.pl\\\/portal\\\/\",\"url\":\"https:\\\/\\\/forum-mechaniczne.pl\\\/portal\\\/\",\"name\":\"Portal mechanik\u00f3w samochodowych i fan\u00f3w motoryzacji\",\"isPartOf\":{\"@id\":\"https:\\\/\\\/forum-mechaniczne.pl\\\/portal\\\/#website\"},\"datePublished\":\"2024-02-08T15:45:43+00:00\",\"dateModified\":\"2026-04-27T20:05:13+00:00\",\"description\":\"Serdecznie zaprsazamy na nasz portal po\u015bwi\u0119cony mechanice samochodowej oraz motoryzacji i nasze forum: forum-mechaniczne.pl\",\"inLanguage\":\"pl-PL\",\"potentialAction\":[{\"@type\":\"ReadAction\",\"target\":[\"https:\\\/\\\/forum-mechaniczne.pl\\\/portal\\\/\"]}]},{\"@type\":\"WebSite\",\"@id\":\"https:\\\/\\\/forum-mechaniczne.pl\\\/portal\\\/#website\",\"url\":\"https:\\\/\\\/forum-mechaniczne.pl\\\/portal\\\/\",\"name\":\"Portal mechaniczny - samochody, nowo\u015bci, mechanika pojazdowa\",\"description\":\"Serdecznie zaprsazamy na nasz portal po\u015bwi\u0119cony mechanice samochodowej oraz motoryzacji i nasze forum: forum-mechaniczne.pl\",\"potentialAction\":[{\"@type\":\"SearchAction\",\"target\":{\"@type\":\"EntryPoint\",\"urlTemplate\":\"https:\\\/\\\/forum-mechaniczne.pl\\\/portal\\\/?s={search_term_string}\"},\"query-input\":{\"@type\":\"PropertyValueSpecification\",\"valueRequired\":true,\"valueName\":\"search_term_string\"}}],\"inLanguage\":\"pl-PL\"}]}<\/script>\n<!-- \/ Yoast SEO plugin. -->","yoast_head_json":{"title":"Portal mechanik\u00f3w samochodowych i fan\u00f3w motoryzacji","description":"Serdecznie zaprsazamy na nasz portal po\u015bwi\u0119cony mechanice samochodowej oraz motoryzacji i nasze forum: forum-mechaniczne.pl","robots":{"index":"index","follow":"follow","max-snippet":"max-snippet:-1","max-image-preview":"max-image-preview:large","max-video-preview":"max-video-preview:-1"},"canonical":"https:\/\/forum-mechaniczne.pl\/portal\/","og_locale":"pl_PL","og_type":"article","og_title":"Portal mechanik\u00f3w samochodowych i fan\u00f3w motoryzacji","og_description":"Serdecznie zaprsazamy na nasz portal po\u015bwi\u0119cony mechanice samochodowej oraz motoryzacji i nasze forum: forum-mechaniczne.pl","og_url":"https:\/\/forum-mechaniczne.pl\/portal\/","og_site_name":"Portal mechaniczny - samochody, nowo\u015bci, mechanika pojazdowa","article_modified_time":"2026-04-27T20:05:13+00:00","twitter_card":"summary_large_image","twitter_misc":{"Szacowany czas czytania":"1 minuta"},"schema":{"@context":"https:\/\/schema.org","@graph":[{"@type":"WebPage","@id":"https:\/\/forum-mechaniczne.pl\/portal\/","url":"https:\/\/forum-mechaniczne.pl\/portal\/","name":"Portal mechanik\u00f3w samochodowych i fan\u00f3w motoryzacji","isPartOf":{"@id":"https:\/\/forum-mechaniczne.pl\/portal\/#website"},"datePublished":"2024-02-08T15:45:43+00:00","dateModified":"2026-04-27T20:05:13+00:00","description":"Serdecznie zaprsazamy na nasz portal po\u015bwi\u0119cony mechanice samochodowej oraz motoryzacji i nasze forum: forum-mechaniczne.pl","inLanguage":"pl-PL","potentialAction":[{"@type":"ReadAction","target":["https:\/\/forum-mechaniczne.pl\/portal\/"]}]},{"@type":"WebSite","@id":"https:\/\/forum-mechaniczne.pl\/portal\/#website","url":"https:\/\/forum-mechaniczne.pl\/portal\/","name":"Portal mechaniczny - samochody, nowo\u015bci, mechanika pojazdowa","description":"Serdecznie zaprsazamy na nasz portal po\u015bwi\u0119cony mechanice samochodowej oraz motoryzacji i nasze forum: forum-mechaniczne.pl","potentialAction":[{"@type":"SearchAction","target":{"@type":"EntryPoint","urlTemplate":"https:\/\/forum-mechaniczne.pl\/portal\/?s={search_term_string}"},"query-input":{"@type":"PropertyValueSpecification","valueRequired":true,"valueName":"search_term_string"}}],"inLanguage":"pl-PL"}]}},"_links":{"self":[{"href":"https:\/\/forum-mechaniczne.pl\/portal\/wp-json\/wp\/v2\/pages\/2907","targetHints":{"allow":["GET"]}}],"collection":[{"href":"https:\/\/forum-mechaniczne.pl\/portal\/wp-json\/wp\/v2\/pages"}],"about":[{"href":"https:\/\/forum-mechaniczne.pl\/portal\/wp-json\/wp\/v2\/types\/page"}],"author":[{"embeddable":true,"href":"https:\/\/forum-mechaniczne.pl\/portal\/wp-json\/wp\/v2\/users\/1"}],"replies":[{"embeddable":true,"href":"https:\/\/forum-mechaniczne.pl\/portal\/wp-json\/wp\/v2\/comments?post=2907"}],"version-history":[{"count":18,"href":"https:\/\/forum-mechaniczne.pl\/portal\/wp-json\/wp\/v2\/pages\/2907\/revisions"}],"predecessor-version":[{"id":4181,"href":"https:\/\/forum-mechaniczne.pl\/portal\/wp-json\/wp\/v2\/pages\/2907\/revisions\/4181"}],"wp:attachment":[{"href":"https:\/\/forum-mechaniczne.pl\/portal\/wp-json\/wp\/v2\/media?parent=2907"}],"curies":[{"name":"wp","href":"https:\/\/api.w.org\/{rel}","templated":true}]}}